{"id":708,"date":"2025-07-05T07:26:00","date_gmt":"2025-07-05T07:26:00","guid":{"rendered":"https:\/\/www.neskagraphicdesigner.com\/?page_id=708"},"modified":"2025-07-09T20:36:27","modified_gmt":"2025-07-09T20:36:27","slug":"processus-graphiste-moselle","status":"publish","type":"page","link":"https:\/\/www.neskagraphicdesigner.com\/index.php\/processus-graphiste-moselle\/","title":{"rendered":"PROCESSUS CREATIF"},"content":{"rendered":"\t\t<div data-elementor-type=\"wp-page\" data-elementor-id=\"708\" class=\"elementor elementor-708\">\n\t\t\t\t<div class=\"aux-parallax-section elementor-element elementor-element-c683c98 e-flex e-con-boxed e-con e-parent\" data-id=\"c683c98\" data-element_type=\"container\" data-e-type=\"container\">\n\t\t\t\t\t<div class=\"e-con-inner\">\n\t\t\t\t<div class=\"elementor-element elementor-element-9d55e14 elementor-widget elementor-widget-spacer\" data-id=\"9d55e14\" data-element_type=\"widget\" data-e-type=\"widget\" data-widget_type=\"spacer.default\">\n\t\t\t\t<div class=\"elementor-widget-container\">\n\t\t\t\t\t\t\t<div class=\"elementor-spacer\">\n\t\t\t<div class=\"elementor-spacer-inner\"><\/div>\n\t\t<\/div>\n\t\t\t\t\t\t<\/div>\n\t\t\t\t<\/div>\n\t\t\t\t\t<\/div>\n\t\t\t\t<\/div>\n\t\t<div class=\"aux-parallax-section elementor-element elementor-element-4f44a13 e-flex e-con-boxed e-con e-parent\" data-id=\"4f44a13\" data-element_type=\"container\" data-e-type=\"container\">\n\t\t\t\t\t<div class=\"e-con-inner\">\n\t\t<div class=\"elementor-element elementor-element-467dedf e-con-full e-flex e-con e-child\" data-id=\"467dedf\" data-element_type=\"container\" data-e-type=\"container\">\n\t\t\t\t<div class=\"elementor-element elementor-element-310a4c6 elementor-widget-mobile__width-inherit elementor-widget elementor-widget-aux_modern_heading\" data-id=\"310a4c6\" data-element_type=\"widget\" data-e-type=\"widget\" data-widget_type=\"aux_modern_heading.default\">\n\t\t\t\t<div class=\"elementor-widget-container\">\n\t\t\t\t\t<section class=\"aux-widget-modern-heading\">\n            <div class=\"aux-widget-inner\"><h1 class=\"aux-modern-heading-primary\">Mon processus de cr\u00e9ation \u2013 Neska, graphiste en Moselle\n\n<\/h1><h2 class=\"aux-modern-heading-secondary\"><span class=\"aux-head-before\">Un processus clair et cr\u00e9atif<\/span><\/h2><div class=\"aux-modern-heading-divider\"><\/div><div class=\"aux-modern-heading-description\"><p data-start=\"472\" data-end=\"837\"><strong data-start=\"472\" data-end=\"516\">Pour commencer, le processus Neska, graphiste en Moselle<\/strong>, repose sur une approche claire, humaine et sur mesure.<br data-start=\"572\" data-end=\"575\" \/>Vous vous demandez comment se passe une collaboration avec moi ? Je vous explique ici <strong data-start=\"663\" data-end=\"689\">ma fa\u00e7on de travailler<\/strong>, pens\u00e9e pour vous offrir bien plus qu\u2019un simple visuel : une identit\u00e9 graphique forte, align\u00e9e avec vos valeurs, votre \u00e9nergie et votre ambition.<\/p><p data-start=\"844\" data-end=\"1088\">En tant que <strong data-start=\"856\" data-end=\"890\">graphiste freelance en Moselle<\/strong>, j\u2019accorde une grande importance \u00e0 l\u2019\u00e9coute, \u00e0 la fluidit\u00e9 des \u00e9changes et \u00e0 la compr\u00e9hension de votre univers. Donc pour moi, chaque projet est unique, et ma m\u00e9thode s\u2019adapte \u00e0 vous, avec exigence et cr\u00e9ativit\u00e9.<\/p><\/div><\/div>\n        <\/section>\t\t\t\t<\/div>\n\t\t\t\t<\/div>\n\t\t\t\t<\/div>\n\t\t<div class=\"elementor-element elementor-element-44b0dd4 e-con-full e-flex e-con e-child\" data-id=\"44b0dd4\" data-element_type=\"container\" data-e-type=\"container\">\n\t\t\t\t<div class=\"elementor-element elementor-element-76696bd elementor-widget elementor-widget-aux_image\" data-id=\"76696bd\" data-element_type=\"widget\" data-e-type=\"widget\" data-widget_type=\"aux_image.default\">\n\t\t\t\t<div class=\"elementor-widget-container\">\n\t\t\t\t\t<section class=\"widget-container aux-widget-image aux-alignnone aux-parent-au9e24e040\">\n    <div class=\"aux-media-hint-frame \">\n        <div class=\"aux-media-image \" >\n        \n            \n\n            \n            <img fetchpriority=\"high\" decoding=\"async\" width=\"1024\" height=\"1024\" src=\"https:\/\/www.neskagraphicdesigner.com\/wp-content\/uploads\/2025\/07\/512660655_717049204274236_6443363177655104805_n.jpg\" class=\"aux-attachment aux-featured-image aux-attachment-id-377\" alt=\"512660655_717049204274236_6443363177655104805_n\" srcset=\"https:\/\/www.neskagraphicdesigner.com\/wp-content\/uploads\/2025\/07\/512660655_717049204274236_6443363177655104805_n-150x150.jpg 150w,https:\/\/www.neskagraphicdesigner.com\/wp-content\/uploads\/2025\/07\/512660655_717049204274236_6443363177655104805_n-300x300.jpg 300w,https:\/\/www.neskagraphicdesigner.com\/wp-content\/uploads\/2025\/07\/512660655_717049204274236_6443363177655104805_n-768x768.jpg 768w,https:\/\/www.neskagraphicdesigner.com\/wp-content\/uploads\/2025\/07\/512660655_717049204274236_6443363177655104805_n.jpg 1024w\" data-ratio=\"1\" data-original-w=\"1024\" sizes=\"(max-width:479px) 480px,(max-width:767px) 768px,(max-width:1023px) 1024px,1024px\" \/>            \n                <\/div>\n    <\/div>\n\n<\/section><!-- widget-container -->\t\t\t\t<\/div>\n\t\t\t\t<\/div>\n\t\t\t\t<\/div>\n\t\t\t\t\t<\/div>\n\t\t\t\t<\/div>\n\t\t<div class=\"aux-parallax-section elementor-element elementor-element-216cfa1 e-flex e-con-boxed e-con e-parent\" data-id=\"216cfa1\" data-element_type=\"container\" data-e-type=\"container\">\n\t\t\t\t\t<div class=\"e-con-inner\">\n\t\t\t\t<div class=\"elementor-element elementor-element-2147b74 elementor-widget-mobile__width-inherit elementor-widget elementor-widget-aux_modern_heading\" data-id=\"2147b74\" data-element_type=\"widget\" data-e-type=\"widget\" data-widget_type=\"aux_modern_heading.default\">\n\t\t\t\t<div class=\"elementor-widget-container\">\n\t\t\t\t\t<section class=\"aux-widget-modern-heading\">\n            <div class=\"aux-widget-inner\"><h2 class=\"aux-modern-heading-primary\"><\/h2><h2 class=\"aux-modern-heading-secondary\"><span class=\"aux-head-before\">1. Prise de contact &amp; brief personnalis\u00e9<\/span><\/h2><div class=\"aux-modern-heading-divider\"><\/div><div class=\"aux-modern-heading-description\"><p style=\"text-align: center\">Premi\u00e8rement, tout commence par un \u00e9change humain. Vous m\u2019expliquez vos besoins, vos objectifs, vos inspirations. Je vous pose les bonnes questions pour comprendre votre univers. Ce premier contact me permet de cerner les fondations visuelles de votre projet.<\/p><\/div><\/div>\n        <\/section>\t\t\t\t<\/div>\n\t\t\t\t<\/div>\n\t\t\t\t\t<\/div>\n\t\t\t\t<\/div>\n\t\t<div class=\"aux-parallax-section elementor-element elementor-element-b4e668b e-flex e-con-boxed e-con e-parent\" data-id=\"b4e668b\" data-element_type=\"container\" data-e-type=\"container\">\n\t\t\t\t\t<div class=\"e-con-inner\">\n\t\t\t\t<div class=\"elementor-element elementor-element-cb1f067 elementor-view-default elementor-widget elementor-widget-aux_icon\" data-id=\"cb1f067\" data-element_type=\"widget\" data-e-type=\"widget\" data-widget_type=\"aux_icon.default\">\n\t\t\t\t<div class=\"elementor-widget-container\">\n\t\t\t\t\t        <div class=\"elementor-icon-wrapper\">\n            <div class=\"elementor-icon\"> \n                <i aria-hidden=\"true\" class=\"auxicon auxicon-comment-discussion\"><\/i>            <\/div>\n        <\/div>\n        \t\t\t\t<\/div>\n\t\t\t\t<\/div>\n\t\t\t\t\t<\/div>\n\t\t\t\t<\/div>\n\t\t<div class=\"aux-parallax-section elementor-element elementor-element-c8bbae5 e-con-full e-flex e-con e-parent\" data-id=\"c8bbae5\" data-element_type=\"container\" data-e-type=\"container\">\n\t\t\t\t<div class=\"elementor-element elementor-element-724b85d elementor-widget-mobile__width-inherit elementor-widget elementor-widget-aux_modern_heading\" data-id=\"724b85d\" data-element_type=\"widget\" data-e-type=\"widget\" data-widget_type=\"aux_modern_heading.default\">\n\t\t\t\t<div class=\"elementor-widget-container\">\n\t\t\t\t\t<section class=\"aux-widget-modern-heading\">\n            <div class=\"aux-widget-inner\"><h2 class=\"aux-modern-heading-primary\"><\/h2><h3 class=\"aux-modern-heading-secondary\"><span class=\"aux-head-before\">2. Devis sur-mesure &amp; validation<\/span><\/h3><div class=\"aux-modern-heading-divider\"><\/div><div class=\"aux-modern-heading-description\"><p style=\"text-align: center\">Deuxi\u00e8mement, je vous envoie un devis d\u00e9taill\u00e9, adapt\u00e9 \u00e0 vos attentes. Une fois le devis valid\u00e9 et sign\u00e9, notre collaboration d\u00e9marre. La transparence et l\u2019engagement sont au c\u0153ur de cette \u00e9tape.<\/p><\/div><\/div>\n        <\/section>\t\t\t\t<\/div>\n\t\t\t\t<\/div>\n\t\t\t\t<\/div>\n\t\t<div class=\"aux-parallax-section elementor-element elementor-element-4a44284 e-flex e-con-boxed e-con e-parent\" data-id=\"4a44284\" data-element_type=\"container\" data-e-type=\"container\">\n\t\t\t\t\t<div class=\"e-con-inner\">\n\t\t\t\t<div class=\"elementor-element elementor-element-dfb7775 elementor-view-default elementor-widget elementor-widget-aux_icon\" data-id=\"dfb7775\" data-element_type=\"widget\" data-e-type=\"widget\" data-widget_type=\"aux_icon.default\">\n\t\t\t\t<div class=\"elementor-widget-container\">\n\t\t\t\t\t        <div class=\"elementor-icon-wrapper\">\n            <div class=\"elementor-icon\"> \n                <i aria-hidden=\"true\" class=\"fas fa-pen-nib\"><\/i>            <\/div>\n        <\/div>\n        \t\t\t\t<\/div>\n\t\t\t\t<\/div>\n\t\t\t\t\t<\/div>\n\t\t\t\t<\/div>\n\t\t<div class=\"aux-parallax-section elementor-element elementor-element-158f9b2 e-flex e-con-boxed e-con e-parent\" data-id=\"158f9b2\" data-element_type=\"container\" data-e-type=\"container\">\n\t\t\t\t\t<div class=\"e-con-inner\">\n\t\t\t\t<div class=\"elementor-element elementor-element-336f81d elementor-widget-mobile__width-inherit elementor-widget elementor-widget-aux_modern_heading\" data-id=\"336f81d\" data-element_type=\"widget\" data-e-type=\"widget\" data-widget_type=\"aux_modern_heading.default\">\n\t\t\t\t<div class=\"elementor-widget-container\">\n\t\t\t\t\t<section class=\"aux-widget-modern-heading\">\n            <div class=\"aux-widget-inner\"><h2 class=\"aux-modern-heading-primary\"><\/h2><h3 class=\"aux-modern-heading-secondary\"><span class=\"aux-head-before\">3. Phase de recherche &amp; inspirations<\/span><\/h3><div class=\"aux-modern-heading-divider\"><\/div><div class=\"aux-modern-heading-description\"><p style=\"text-align: center\">Ensuite, c'est l\u00e0 que je me plonge dans votre monde. Moodboards, palettes couleurs, typographies, styles graphiques... Je vous pr\u00e9sente une ou plusieurs directions cr\u00e9atives selon la prestation choisie. L\u2019id\u00e9e : aligner vos go\u00fbts et vos objectifs.<\/p><\/div><\/div>\n        <\/section>\t\t\t\t<\/div>\n\t\t\t\t<\/div>\n\t\t\t\t\t<\/div>\n\t\t\t\t<\/div>\n\t\t<div class=\"aux-parallax-section elementor-element elementor-element-b4f387d e-flex e-con-boxed e-con e-parent\" data-id=\"b4f387d\" data-element_type=\"container\" data-e-type=\"container\">\n\t\t\t\t\t<div class=\"e-con-inner\">\n\t\t\t\t<div class=\"elementor-element elementor-element-78029f4 elementor-view-default elementor-widget elementor-widget-aux_icon\" data-id=\"78029f4\" data-element_type=\"widget\" data-e-type=\"widget\" data-widget_type=\"aux_icon.default\">\n\t\t\t\t<div class=\"elementor-widget-container\">\n\t\t\t\t\t        <div class=\"elementor-icon-wrapper\">\n            <div class=\"elementor-icon\"> \n                <i aria-hidden=\"true\" class=\"auxicon auxicon-magnifier\"><\/i>            <\/div>\n        <\/div>\n        \t\t\t\t<\/div>\n\t\t\t\t<\/div>\n\t\t\t\t\t<\/div>\n\t\t\t\t<\/div>\n\t\t<div class=\"aux-parallax-section elementor-element elementor-element-82bf459 e-flex e-con-boxed e-con e-parent\" data-id=\"82bf459\" data-element_type=\"container\" data-e-type=\"container\">\n\t\t\t\t\t<div class=\"e-con-inner\">\n\t\t\t\t<div class=\"elementor-element elementor-element-dc21f54 elementor-widget-mobile__width-inherit elementor-widget elementor-widget-aux_modern_heading\" data-id=\"dc21f54\" data-element_type=\"widget\" data-e-type=\"widget\" data-widget_type=\"aux_modern_heading.default\">\n\t\t\t\t<div class=\"elementor-widget-container\">\n\t\t\t\t\t<section class=\"aux-widget-modern-heading\">\n            <div class=\"aux-widget-inner\"><h2 class=\"aux-modern-heading-primary\"><\/h2><h3 class=\"aux-modern-heading-secondary\"><span class=\"aux-head-before\">4. Cr\u00e9ation &amp; ajustements<\/span><\/h3><div class=\"aux-modern-heading-divider\"><\/div><div class=\"aux-modern-heading-description\"><p style=\"text-align: center\">Puis, je r\u00e9alise le design et vous propose une premi\u00e8re version. On \u00e9change, on ajuste, on affine. Vous \u00eates pleinement impliqu\u00e9 dans ce processus cr\u00e9atif.<\/p><\/div><\/div>\n        <\/section>\t\t\t\t<\/div>\n\t\t\t\t<\/div>\n\t\t\t\t\t<\/div>\n\t\t\t\t<\/div>\n\t\t<div class=\"aux-parallax-section elementor-element elementor-element-f9948f8 e-flex e-con-boxed e-con e-parent\" data-id=\"f9948f8\" data-element_type=\"container\" data-e-type=\"container\">\n\t\t\t\t\t<div class=\"e-con-inner\">\n\t\t\t\t<div class=\"elementor-element elementor-element-0f888e6 elementor-view-default elementor-widget elementor-widget-aux_icon\" data-id=\"0f888e6\" data-element_type=\"widget\" data-e-type=\"widget\" data-widget_type=\"aux_icon.default\">\n\t\t\t\t<div class=\"elementor-widget-container\">\n\t\t\t\t\t        <div class=\"elementor-icon-wrapper\">\n            <div class=\"elementor-icon\"> \n                <i aria-hidden=\"true\" class=\"fas fa-ruler-combined\"><\/i>            <\/div>\n        <\/div>\n        \t\t\t\t<\/div>\n\t\t\t\t<\/div>\n\t\t\t\t\t<\/div>\n\t\t\t\t<\/div>\n\t\t<div class=\"aux-parallax-section elementor-element elementor-element-dc3559d e-flex e-con-boxed e-con e-parent\" data-id=\"dc3559d\" data-element_type=\"container\" data-e-type=\"container\">\n\t\t\t\t\t<div class=\"e-con-inner\">\n\t\t\t\t<div class=\"elementor-element elementor-element-96bbc10 elementor-widget-mobile__width-inherit elementor-widget elementor-widget-aux_modern_heading\" data-id=\"96bbc10\" data-element_type=\"widget\" data-e-type=\"widget\" data-widget_type=\"aux_modern_heading.default\">\n\t\t\t\t<div class=\"elementor-widget-container\">\n\t\t\t\t\t<section class=\"aux-widget-modern-heading\">\n            <div class=\"aux-widget-inner\"><h2 class=\"aux-modern-heading-primary\"><\/h2><h3 class=\"aux-modern-heading-secondary\"><span class=\"aux-head-before\">5. Finalisation &amp; livraison<\/span><\/h3><div class=\"aux-modern-heading-divider\"><\/div><div class=\"aux-modern-heading-description\"><p style=\"text-align: center\">Enfin, une fois la cr\u00e9ation valid\u00e9e et le paiement effectu\u00e9, je vous livre tous les fichiers dans les formats n\u00e9cessaires (web, print, vectoriel).<br data-start=\"2265\" data-end=\"2268\" \/>Votre identit\u00e9 visuelle est pr\u00eate \u00e0 rayonner.<\/p><\/div><\/div>\n        <\/section>\t\t\t\t<\/div>\n\t\t\t\t<\/div>\n\t\t\t\t\t<\/div>\n\t\t\t\t<\/div>\n\t\t<div class=\"aux-parallax-section elementor-element elementor-element-1800904 e-flex e-con-boxed e-con e-parent\" data-id=\"1800904\" data-element_type=\"container\" data-e-type=\"container\">\n\t\t\t\t\t<div class=\"e-con-inner\">\n\t\t\t\t<div class=\"elementor-element elementor-element-b7bf043 elementor-view-default elementor-widget elementor-widget-aux_icon\" data-id=\"b7bf043\" data-element_type=\"widget\" data-e-type=\"widget\" data-widget_type=\"aux_icon.default\">\n\t\t\t\t<div class=\"elementor-widget-container\">\n\t\t\t\t\t        <div class=\"elementor-icon-wrapper\">\n            <div class=\"elementor-icon\"> \n                <i aria-hidden=\"true\" class=\"fas fa-envelope\"><\/i>            <\/div>\n        <\/div>\n        \t\t\t\t<\/div>\n\t\t\t\t<\/div>\n\t\t\t\t\t<\/div>\n\t\t\t\t<\/div>\n\t\t<div class=\"aux-parallax-section elementor-element elementor-element-0d763f8 e-flex e-con-boxed e-con e-parent\" data-id=\"0d763f8\" data-element_type=\"container\" data-e-type=\"container\">\n\t\t\t\t\t<div class=\"e-con-inner\">\n\t\t\t\t\t<\/div>\n\t\t\t\t<\/div>\n\t\t<div class=\"aux-parallax-section elementor-element elementor-element-9f0dcde e-flex e-con-boxed e-con e-parent\" data-id=\"9f0dcde\" data-element_type=\"container\" data-e-type=\"container\">\n\t\t\t\t\t<div class=\"e-con-inner\">\n\t\t<div class=\"elementor-element elementor-element-a1f9273 e-con-full e-flex e-con e-child\" data-id=\"a1f9273\" data-element_type=\"container\" data-e-type=\"container\">\n\t\t\t\t<div class=\"elementor-element elementor-element-8088035 elementor-widget-mobile__width-inherit elementor-widget elementor-widget-aux_modern_heading\" data-id=\"8088035\" data-element_type=\"widget\" data-e-type=\"widget\" data-widget_type=\"aux_modern_heading.default\">\n\t\t\t\t<div class=\"elementor-widget-container\">\n\t\t\t\t\t<section class=\"aux-widget-modern-heading\">\n            <div class=\"aux-widget-inner\"><h2 class=\"aux-modern-heading-primary\">Pourquoi ce processus ?<\/h2><div class=\"aux-modern-heading-divider\"><\/div><div class=\"aux-modern-heading-description\"><p>D'abord, ce processus de graphiste Moselle me permet d\u2019allier rigueur professionnelle et cr\u00e9ativit\u00e9 au service de votre image. Ensuite,il garantit une collaboration fluide, humaine et inspirante.<\/p><\/div><\/div>\n        <\/section>\t\t\t\t<\/div>\n\t\t\t\t<\/div>\n\t\t\t\t<\/div>\n\t\t<div class=\"elementor-element elementor-element-beaf2b3 e-con-full e-flex e-con e-child\" data-id=\"beaf2b3\" data-element_type=\"container\" data-e-type=\"container\">\n\t\t\t\t<div class=\"elementor-element elementor-element-3e54900 elementor-widget elementor-widget-aux_image\" data-id=\"3e54900\" data-element_type=\"widget\" data-e-type=\"widget\" data-widget_type=\"aux_image.default\">\n\t\t\t\t<div class=\"elementor-widget-container\">\n\t\t\t\t\t<section class=\"widget-container aux-widget-image aux-alignnone aux-parent-au454145ed\">\n    <div class=\"aux-media-hint-frame \">\n        <div class=\"aux-media-image \" >\n        \n            \n\n            \n            <img decoding=\"async\" width=\"1024\" height=\"1024\" src=\"https:\/\/www.neskagraphicdesigner.com\/wp-content\/uploads\/2025\/06\/neskaia_Femme_en_hoodie_large_et_legging_marchant_dans_la_rue_e_854b3a2c-b27c-4c5a-b919-129dfc5c3b9c.png\" class=\"aux-attachment aux-featured-image aux-attachment-id-208\" alt=\"Illustration d&#039;une femme brune aux cheveux longs dans une rue, peut \u00eatre Neska graphiste en Moselle. Elle \u00e9coute de la musique avec un regard pensif.\" srcset=\"https:\/\/www.neskagraphicdesigner.com\/wp-content\/uploads\/2025\/06\/neskaia_Femme_en_hoodie_large_et_legging_marchant_dans_la_rue_e_854b3a2c-b27c-4c5a-b919-129dfc5c3b9c-150x150.png 150w,https:\/\/www.neskagraphicdesigner.com\/wp-content\/uploads\/2025\/06\/neskaia_Femme_en_hoodie_large_et_legging_marchant_dans_la_rue_e_854b3a2c-b27c-4c5a-b919-129dfc5c3b9c-300x300.png 300w,https:\/\/www.neskagraphicdesigner.com\/wp-content\/uploads\/2025\/06\/neskaia_Femme_en_hoodie_large_et_legging_marchant_dans_la_rue_e_854b3a2c-b27c-4c5a-b919-129dfc5c3b9c-768x768.png 768w,https:\/\/www.neskagraphicdesigner.com\/wp-content\/uploads\/2025\/06\/neskaia_Femme_en_hoodie_large_et_legging_marchant_dans_la_rue_e_854b3a2c-b27c-4c5a-b919-129dfc5c3b9c.png 1024w\" data-ratio=\"1\" data-original-w=\"1024\" sizes=\"(max-width:479px) 480px,(max-width:767px) 768px,(max-width:1023px) 1024px,1024px\" \/>            \n                <\/div>\n    <\/div>\n\n<\/section><!-- widget-container -->\t\t\t\t<\/div>\n\t\t\t\t<\/div>\n\t\t\t\t<\/div>\n\t\t\t\t\t<\/div>\n\t\t\t\t<\/div>\n\t\t<div class=\"aux-parallax-section elementor-element elementor-element-b4036b4 e-con-full e-flex e-con e-parent\" data-id=\"b4036b4\" data-element_type=\"container\" data-e-type=\"container\">\n\t\t\t\t<div class=\"elementor-element elementor-element-345a965 elementor-widget-mobile__width-inherit elementor-widget elementor-widget-aux_modern_heading\" data-id=\"345a965\" data-element_type=\"widget\" data-e-type=\"widget\" data-widget_type=\"aux_modern_heading.default\">\n\t\t\t\t<div class=\"elementor-widget-container\">\n\t\t\t\t\t<section class=\"aux-widget-modern-heading\">\n            <div class=\"aux-widget-inner\"><h2 class=\"aux-modern-heading-primary\">Pour aller plus loin,<\/h2><h3 class=\"aux-modern-heading-secondary\"><span class=\"aux-head-before\">Venez d\u00e9couvrir la liste des prestations propos\u00e9, ou laissez vous guid\u00e9 au travers de mon Portfolio num\u00e9rique <\/span><\/h3><div class=\"aux-modern-heading-divider\"><\/div><div class=\"aux-modern-heading-description\"><p>Pour r\u00e9sumer, vous avez une id\u00e9e, un projet ? Alors n'attendez plus et prenez contact avec moi directement.<\/p><\/div><\/div>\n        <\/section>\t\t\t\t<\/div>\n\t\t\t\t<\/div>\n\t\t\t\t<\/div>\n\t\t<div class=\"aux-parallax-section elementor-element elementor-element-9c21b94 e-flex e-con-boxed e-con e-parent\" data-id=\"9c21b94\" data-element_type=\"container\" data-e-type=\"container\">\n\t\t\t\t\t<div class=\"e-con-inner\">\n\t\t<div class=\"elementor-element elementor-element-eb2aef8 e-con-full e-flex e-con e-child\" data-id=\"eb2aef8\" data-element_type=\"container\" data-e-type=\"container\">\n\t\t\t\t<div class=\"elementor-element elementor-element-20810ad elementor-widget elementor-widget-aux_modern_button\" data-id=\"20810ad\" data-element_type=\"widget\" data-e-type=\"widget\" data-widget_type=\"aux_modern_button.default\">\n\t\t\t\t<div class=\"elementor-widget-container\">\n\t\t\t\t\t    <div class=\"aux-modern-button-wrapper aux-modern-button-align-left\" >\n                    <a class=\"aux-modern-button aux-caution aux-modern-button-lg aux-modern-button-round aux-modern-button-default aux-icon-\" href=\"https:\/\/www.neskagraphicdesigner.com\/index.php\/prestations-graphiste-professionnelle-en-moselle\/\">\n                <div class=\"aux-overlay\"><\/div>\n                                    <div class=\"aux-icon \">\n                                            <\/div>\n                                <div class=\"aux-text\">\n<span class=\"aux-text-before\">MES PRESTATIONS<\/span>                <\/div>\n            <\/a>\n            \n    <\/div>\n\n    \t\t\t\t<\/div>\n\t\t\t\t<\/div>\n\t\t\t\t<\/div>\n\t\t<div class=\"elementor-element elementor-element-51e976d e-con-full e-flex e-con e-child\" data-id=\"51e976d\" data-element_type=\"container\" data-e-type=\"container\">\n\t\t\t\t<div class=\"elementor-element elementor-element-7866224 elementor-widget-mobile__width-initial elementor-widget elementor-widget-aux_modern_button\" data-id=\"7866224\" data-element_type=\"widget\" data-e-type=\"widget\" data-widget_type=\"aux_modern_button.default\">\n\t\t\t\t<div class=\"elementor-widget-container\">\n\t\t\t\t\t    <div class=\"aux-modern-button-wrapper aux-modern-button-align-center\" >\n                    <a class=\"aux-modern-button aux-caution aux-modern-button-lg aux-modern-button-round aux-modern-button-default aux-icon-\" href=\"https:\/\/neskagraphicdesigner.myportfolio.com\/\">\n                <div class=\"aux-overlay\"><\/div>\n                                    <div class=\"aux-icon \">\n                                            <\/div>\n                                <div class=\"aux-text\">\n<span class=\"aux-text-before\">MON PORTFOLIO<\/span>                <\/div>\n            <\/a>\n            \n    <\/div>\n\n    \t\t\t\t<\/div>\n\t\t\t\t<\/div>\n\t\t\t\t<\/div>\n\t\t<div class=\"elementor-element elementor-element-320ccab e-con-full e-flex e-con e-child\" data-id=\"320ccab\" data-element_type=\"container\" data-e-type=\"container\">\n\t\t\t\t<div class=\"elementor-element elementor-element-d578fef elementor-widget elementor-widget-aux_modern_button\" data-id=\"d578fef\" data-element_type=\"widget\" data-e-type=\"widget\" data-widget_type=\"aux_modern_button.default\">\n\t\t\t\t<div class=\"elementor-widget-container\">\n\t\t\t\t\t    <div class=\"aux-modern-button-wrapper aux-modern-button-align-left\" >\n                    <a class=\"aux-modern-button aux-caution aux-modern-button-lg aux-modern-button-round aux-modern-button-default aux-icon-\" href=\"https:\/\/www.neskagraphicdesigner.com\/index.php\/contact-graphiste-moselle\/\">\n                <div class=\"aux-overlay\"><\/div>\n                                    <div class=\"aux-icon \">\n                                            <\/div>\n                                <div class=\"aux-text\">\n<span class=\"aux-text-before\">CONTACTEZ MOI<\/span>                <\/div>\n            <\/a>\n            \n    <\/div>\n\n    \t\t\t\t<\/div>\n\t\t\t\t<\/div>\n\t\t\t\t<\/div>\n\t\t\t\t\t<\/div>\n\t\t\t\t<\/div>\n\t\t\t\t<\/div>\n\t\t","protected":false},"excerpt":{"rendered":"<p>Mon processus de cr\u00e9ation \u2013 Neska, graphiste en Moselle Un processus clair et cr\u00e9atif Pour commencer, le processus Neska, graphiste en Moselle, repose sur une approche claire, humaine et sur mesure.Vous vous demandez comment se passe une collaboration avec moi ? Je vous explique ici ma fa\u00e7on de travailler, pens\u00e9e pour vous offrir bien plus [&hellip;]<\/p>\n","protected":false},"author":1,"featured_media":0,"parent":0,"menu_order":0,"comment_status":"closed","ping_status":"closed","template":"elementor_theme","meta":{"footnotes":""},"class_list":["post-708","page","type-page","status-publish","hentry"],"yoast_head":"<!-- This site is optimized with the Yoast SEO plugin v27.4 - https:\/\/yoast.com\/product\/yoast-seo-wordpress\/ -->\n<title>Processus Neska Graphiste en Moselle | Ma fa\u00e7on de travailler<\/title>\n<meta name=\"description\" content=\"D\u00e9couvrez le processus de Neska, graphiste en Moselle : m\u00e9thode claire, cr\u00e9ative et humaine pour vos projets sur-mesure\" \/>\n<meta name=\"robots\" content=\"index, follow, max-snippet:-1, max-image-preview:large, max-video-preview:-1\" \/>\n<link rel=\"canonical\" href=\"https:\/\/www.neskagraphicdesigner.com\/index.php\/processus-graphiste-moselle\/\" \/>\n<meta property=\"og:locale\" content=\"fr_FR\" \/>\n<meta property=\"og:type\" content=\"article\" \/>\n<meta property=\"og:title\" content=\"Processus Neska Graphiste en Moselle | Ma fa\u00e7on de travailler\" \/>\n<meta property=\"og:description\" content=\"D\u00e9couvrez le processus de Neska, graphiste en Moselle : m\u00e9thode claire, cr\u00e9ative et humaine pour vos projets sur-mesure\" \/>\n<meta property=\"og:url\" content=\"https:\/\/www.neskagraphicdesigner.com\/index.php\/processus-graphiste-moselle\/\" \/>\n<meta property=\"og:site_name\" content=\"Neska Graphic Designer\" \/>\n<meta property=\"article:modified_time\" content=\"2025-07-09T20:36:27+00:00\" \/>\n<meta property=\"og:image\" content=\"https:\/\/www.neskagraphicdesigner.com\/wp-content\/uploads\/2025\/07\/512660655_717049204274236_6443363177655104805_n.jpg\" \/>\n<meta name=\"twitter:card\" content=\"summary_large_image\" \/>\n<meta name=\"twitter:label1\" content=\"Dur\u00e9e de lecture estim\u00e9e\" \/>\n\t<meta name=\"twitter:data1\" content=\"3 minutes\" \/>\n<script type=\"application\/ld+json\" class=\"yoast-schema-graph\">{\"@context\":\"https:\\\/\\\/schema.org\",\"@graph\":[{\"@type\":\"WebPage\",\"@id\":\"https:\\\/\\\/www.neskagraphicdesigner.com\\\/index.php\\\/processus-graphiste-moselle\\\/\",\"url\":\"https:\\\/\\\/www.neskagraphicdesigner.com\\\/index.php\\\/processus-graphiste-moselle\\\/\",\"name\":\"Processus Neska Graphiste en Moselle | Ma fa\u00e7on de travailler\",\"isPartOf\":{\"@id\":\"https:\\\/\\\/www.neskagraphicdesigner.com\\\/#website\"},\"primaryImageOfPage\":{\"@id\":\"https:\\\/\\\/www.neskagraphicdesigner.com\\\/index.php\\\/processus-graphiste-moselle\\\/#primaryimage\"},\"image\":{\"@id\":\"https:\\\/\\\/www.neskagraphicdesigner.com\\\/index.php\\\/processus-graphiste-moselle\\\/#primaryimage\"},\"thumbnailUrl\":\"https:\\\/\\\/www.neskagraphicdesigner.com\\\/wp-content\\\/uploads\\\/2025\\\/07\\\/512660655_717049204274236_6443363177655104805_n.jpg\",\"datePublished\":\"2025-07-05T07:26:00+00:00\",\"dateModified\":\"2025-07-09T20:36:27+00:00\",\"description\":\"D\u00e9couvrez le processus de Neska, graphiste en Moselle : m\u00e9thode claire, cr\u00e9ative et humaine pour vos projets sur-mesure\",\"breadcrumb\":{\"@id\":\"https:\\\/\\\/www.neskagraphicdesigner.com\\\/index.php\\\/processus-graphiste-moselle\\\/#breadcrumb\"},\"inLanguage\":\"fr-FR\",\"potentialAction\":[{\"@type\":\"ReadAction\",\"target\":[\"https:\\\/\\\/www.neskagraphicdesigner.com\\\/index.php\\\/processus-graphiste-moselle\\\/\"]}]},{\"@type\":\"ImageObject\",\"inLanguage\":\"fr-FR\",\"@id\":\"https:\\\/\\\/www.neskagraphicdesigner.com\\\/index.php\\\/processus-graphiste-moselle\\\/#primaryimage\",\"url\":\"https:\\\/\\\/www.neskagraphicdesigner.com\\\/wp-content\\\/uploads\\\/2025\\\/07\\\/512660655_717049204274236_6443363177655104805_n.jpg\",\"contentUrl\":\"https:\\\/\\\/www.neskagraphicdesigner.com\\\/wp-content\\\/uploads\\\/2025\\\/07\\\/512660655_717049204274236_6443363177655104805_n.jpg\",\"width\":1024,\"height\":1024},{\"@type\":\"BreadcrumbList\",\"@id\":\"https:\\\/\\\/www.neskagraphicdesigner.com\\\/index.php\\\/processus-graphiste-moselle\\\/#breadcrumb\",\"itemListElement\":[{\"@type\":\"ListItem\",\"position\":1,\"name\":\"Accueil\",\"item\":\"https:\\\/\\\/www.neskagraphicdesigner.com\\\/\"},{\"@type\":\"ListItem\",\"position\":2,\"name\":\"PROCESSUS CREATIF\"}]},{\"@type\":\"WebSite\",\"@id\":\"https:\\\/\\\/www.neskagraphicdesigner.com\\\/#website\",\"url\":\"https:\\\/\\\/www.neskagraphicdesigner.com\\\/\",\"name\":\"Neska Graphic Designer\",\"description\":\"Cr\u00e9ations puissantes pour marques audacieuses\",\"publisher\":{\"@id\":\"https:\\\/\\\/www.neskagraphicdesigner.com\\\/#organization\"},\"potentialAction\":[{\"@type\":\"SearchAction\",\"target\":{\"@type\":\"EntryPoint\",\"urlTemplate\":\"https:\\\/\\\/www.neskagraphicdesigner.com\\\/?s={search_term_string}\"},\"query-input\":{\"@type\":\"PropertyValueSpecification\",\"valueRequired\":true,\"valueName\":\"search_term_string\"}}],\"inLanguage\":\"fr-FR\"},{\"@type\":\"Organization\",\"@id\":\"https:\\\/\\\/www.neskagraphicdesigner.com\\\/#organization\",\"name\":\"Neska Graphic Designer\",\"url\":\"https:\\\/\\\/www.neskagraphicdesigner.com\\\/\",\"logo\":{\"@type\":\"ImageObject\",\"inLanguage\":\"fr-FR\",\"@id\":\"https:\\\/\\\/www.neskagraphicdesigner.com\\\/#\\\/schema\\\/logo\\\/image\\\/\",\"url\":\"https:\\\/\\\/www.neskagraphicdesigner.com\\\/wp-content\\\/uploads\\\/2025\\\/07\\\/514469777_1430193564887611_8918043362756778719_n.jpg\",\"contentUrl\":\"https:\\\/\\\/www.neskagraphicdesigner.com\\\/wp-content\\\/uploads\\\/2025\\\/07\\\/514469777_1430193564887611_8918043362756778719_n.jpg\",\"width\":800,\"height\":400,\"caption\":\"Neska Graphic Designer\"},\"image\":{\"@id\":\"https:\\\/\\\/www.neskagraphicdesigner.com\\\/#\\\/schema\\\/logo\\\/image\\\/\"}}]}<\/script>\n<!-- \/ Yoast SEO plugin. -->","yoast_head_json":{"title":"Processus Neska Graphiste en Moselle | Ma fa\u00e7on de travailler","description":"D\u00e9couvrez le processus de Neska, graphiste en Moselle : m\u00e9thode claire, cr\u00e9ative et humaine pour vos projets sur-mesure","robots":{"index":"index","follow":"follow","max-snippet":"max-snippet:-1","max-image-preview":"max-image-preview:large","max-video-preview":"max-video-preview:-1"},"canonical":"https:\/\/www.neskagraphicdesigner.com\/index.php\/processus-graphiste-moselle\/","og_locale":"fr_FR","og_type":"article","og_title":"Processus Neska Graphiste en Moselle | Ma fa\u00e7on de travailler","og_description":"D\u00e9couvrez le processus de Neska, graphiste en Moselle : m\u00e9thode claire, cr\u00e9ative et humaine pour vos projets sur-mesure","og_url":"https:\/\/www.neskagraphicdesigner.com\/index.php\/processus-graphiste-moselle\/","og_site_name":"Neska Graphic Designer","article_modified_time":"2025-07-09T20:36:27+00:00","og_image":[{"url":"https:\/\/www.neskagraphicdesigner.com\/wp-content\/uploads\/2025\/07\/512660655_717049204274236_6443363177655104805_n.jpg","type":"","width":"","height":""}],"twitter_card":"summary_large_image","twitter_misc":{"Dur\u00e9e de lecture estim\u00e9e":"3 minutes"},"schema":{"@context":"https:\/\/schema.org","@graph":[{"@type":"WebPage","@id":"https:\/\/www.neskagraphicdesigner.com\/index.php\/processus-graphiste-moselle\/","url":"https:\/\/www.neskagraphicdesigner.com\/index.php\/processus-graphiste-moselle\/","name":"Processus Neska Graphiste en Moselle | Ma fa\u00e7on de travailler","isPartOf":{"@id":"https:\/\/www.neskagraphicdesigner.com\/#website"},"primaryImageOfPage":{"@id":"https:\/\/www.neskagraphicdesigner.com\/index.php\/processus-graphiste-moselle\/#primaryimage"},"image":{"@id":"https:\/\/www.neskagraphicdesigner.com\/index.php\/processus-graphiste-moselle\/#primaryimage"},"thumbnailUrl":"https:\/\/www.neskagraphicdesigner.com\/wp-content\/uploads\/2025\/07\/512660655_717049204274236_6443363177655104805_n.jpg","datePublished":"2025-07-05T07:26:00+00:00","dateModified":"2025-07-09T20:36:27+00:00","description":"D\u00e9couvrez le processus de Neska, graphiste en Moselle : m\u00e9thode claire, cr\u00e9ative et humaine pour vos projets sur-mesure","breadcrumb":{"@id":"https:\/\/www.neskagraphicdesigner.com\/index.php\/processus-graphiste-moselle\/#breadcrumb"},"inLanguage":"fr-FR","potentialAction":[{"@type":"ReadAction","target":["https:\/\/www.neskagraphicdesigner.com\/index.php\/processus-graphiste-moselle\/"]}]},{"@type":"ImageObject","inLanguage":"fr-FR","@id":"https:\/\/www.neskagraphicdesigner.com\/index.php\/processus-graphiste-moselle\/#primaryimage","url":"https:\/\/www.neskagraphicdesigner.com\/wp-content\/uploads\/2025\/07\/512660655_717049204274236_6443363177655104805_n.jpg","contentUrl":"https:\/\/www.neskagraphicdesigner.com\/wp-content\/uploads\/2025\/07\/512660655_717049204274236_6443363177655104805_n.jpg","width":1024,"height":1024},{"@type":"BreadcrumbList","@id":"https:\/\/www.neskagraphicdesigner.com\/index.php\/processus-graphiste-moselle\/#breadcrumb","itemListElement":[{"@type":"ListItem","position":1,"name":"Accueil","item":"https:\/\/www.neskagraphicdesigner.com\/"},{"@type":"ListItem","position":2,"name":"PROCESSUS CREATIF"}]},{"@type":"WebSite","@id":"https:\/\/www.neskagraphicdesigner.com\/#website","url":"https:\/\/www.neskagraphicdesigner.com\/","name":"Neska Graphic Designer","description":"Cr\u00e9ations puissantes pour marques audacieuses","publisher":{"@id":"https:\/\/www.neskagraphicdesigner.com\/#organization"},"potentialAction":[{"@type":"SearchAction","target":{"@type":"EntryPoint","urlTemplate":"https:\/\/www.neskagraphicdesigner.com\/?s={search_term_string}"},"query-input":{"@type":"PropertyValueSpecification","valueRequired":true,"valueName":"search_term_string"}}],"inLanguage":"fr-FR"},{"@type":"Organization","@id":"https:\/\/www.neskagraphicdesigner.com\/#organization","name":"Neska Graphic Designer","url":"https:\/\/www.neskagraphicdesigner.com\/","logo":{"@type":"ImageObject","inLanguage":"fr-FR","@id":"https:\/\/www.neskagraphicdesigner.com\/#\/schema\/logo\/image\/","url":"https:\/\/www.neskagraphicdesigner.com\/wp-content\/uploads\/2025\/07\/514469777_1430193564887611_8918043362756778719_n.jpg","contentUrl":"https:\/\/www.neskagraphicdesigner.com\/wp-content\/uploads\/2025\/07\/514469777_1430193564887611_8918043362756778719_n.jpg","width":800,"height":400,"caption":"Neska Graphic Designer"},"image":{"@id":"https:\/\/www.neskagraphicdesigner.com\/#\/schema\/logo\/image\/"}}]}},"_links":{"self":[{"href":"https:\/\/www.neskagraphicdesigner.com\/index.php\/wp-json\/wp\/v2\/pages\/708","targetHints":{"allow":["GET"]}}],"collection":[{"href":"https:\/\/www.neskagraphicdesigner.com\/index.php\/wp-json\/wp\/v2\/pages"}],"about":[{"href":"https:\/\/www.neskagraphicdesigner.com\/index.php\/wp-json\/wp\/v2\/types\/page"}],"author":[{"embeddable":true,"href":"https:\/\/www.neskagraphicdesigner.com\/index.php\/wp-json\/wp\/v2\/users\/1"}],"replies":[{"embeddable":true,"href":"https:\/\/www.neskagraphicdesigner.com\/index.php\/wp-json\/wp\/v2\/comments?post=708"}],"version-history":[{"count":87,"href":"https:\/\/www.neskagraphicdesigner.com\/index.php\/wp-json\/wp\/v2\/pages\/708\/revisions"}],"predecessor-version":[{"id":1694,"href":"https:\/\/www.neskagraphicdesigner.com\/index.php\/wp-json\/wp\/v2\/pages\/708\/revisions\/1694"}],"wp:attachment":[{"href":"https:\/\/www.neskagraphicdesigner.com\/index.php\/wp-json\/wp\/v2\/media?parent=708"}],"curies":[{"name":"wp","href":"https:\/\/api.w.org\/{rel}","templated":true}]}}