{"id":574,"date":"2025-07-04T06:49:21","date_gmt":"2025-07-04T06:49:21","guid":{"rendered":"https:\/\/www.neskagraphicdesigner.com\/?page_id=574"},"modified":"2025-07-09T16:58:33","modified_gmt":"2025-07-09T16:58:33","slug":"faq-graphiste-en-moselle","status":"publish","type":"page","link":"https:\/\/www.neskagraphicdesigner.com\/index.php\/faq-graphiste-en-moselle\/","title":{"rendered":"FAQ"},"content":{"rendered":"\t\t<div data-elementor-type=\"wp-page\" data-elementor-id=\"574\" class=\"elementor elementor-574\">\n\t\t\t\t<div class=\"aux-parallax-section elementor-element elementor-element-6caa5f5 e-flex e-con-boxed e-con e-parent\" data-id=\"6caa5f5\" data-element_type=\"container\" data-e-type=\"container\">\n\t\t\t\t\t<div class=\"e-con-inner\">\n\t\t\t\t<div class=\"elementor-element elementor-element-c631bdf elementor-widget elementor-widget-spacer\" data-id=\"c631bdf\" data-element_type=\"widget\" data-e-type=\"widget\" data-widget_type=\"spacer.default\">\n\t\t\t\t<div class=\"elementor-widget-container\">\n\t\t\t\t\t\t\t<div class=\"elementor-spacer\">\n\t\t\t<div class=\"elementor-spacer-inner\"><\/div>\n\t\t<\/div>\n\t\t\t\t\t\t<\/div>\n\t\t\t\t<\/div>\n\t\t\t\t<div class=\"elementor-element elementor-element-a3298ac elementor-widget-mobile__width-inherit elementor-widget elementor-widget-aux_modern_heading\" data-id=\"a3298ac\" data-element_type=\"widget\" data-e-type=\"widget\" data-widget_type=\"aux_modern_heading.default\">\n\t\t\t\t<div class=\"elementor-widget-container\">\n\t\t\t\t\t<section class=\"aux-widget-modern-heading\">\n            <div class=\"aux-widget-inner\"><h1 class=\"aux-modern-heading-primary\">Vous \u00eates au bon endroit !<\/h1><div class=\"aux-modern-heading-divider\"><\/div><div class=\"aux-modern-heading-description\"><p>D'abord, j'ai con\u00e7u cette <strong data-start=\"276\" data-end=\"304\">FAQ Graphiste en Moselle<\/strong>\u00a0 pour r\u00e9pondre avec clart\u00e9 \u00e0 toutes les questions que vous vous posez sur mon m\u00e9tier, mes services et ma mani\u00e8re de travailler. Donc, que vous soyez entrepreneur, commer\u00e7ant, artisan ou simplement curieux, vous trouverez ici des r\u00e9ponses concr\u00e8tes pour mieux comprendre l\u2019univers du design graphique \u2013 le tout, avec p\u00e9dagogie et simplicit\u00e9.<\/p><\/div><\/div>\n        <\/section>\t\t\t\t<\/div>\n\t\t\t\t<\/div>\n\t\t\t\t<div class=\"elementor-element elementor-element-0aa01dc elementor-widget elementor-widget-spacer\" data-id=\"0aa01dc\" data-element_type=\"widget\" data-e-type=\"widget\" data-widget_type=\"spacer.default\">\n\t\t\t\t<div class=\"elementor-widget-container\">\n\t\t\t\t\t\t\t<div class=\"elementor-spacer\">\n\t\t\t<div class=\"elementor-spacer-inner\"><\/div>\n\t\t<\/div>\n\t\t\t\t\t\t<\/div>\n\t\t\t\t<\/div>\n\t\t\t\t<div class=\"elementor-element elementor-element-8bd92db elementor-widget elementor-widget-aux_modern_heading\" data-id=\"8bd92db\" data-element_type=\"widget\" data-e-type=\"widget\" data-widget_type=\"aux_modern_heading.default\">\n\t\t\t\t<div class=\"elementor-widget-container\">\n\t\t\t\t\t<section class=\"aux-widget-modern-heading\">\n            <div class=\"aux-widget-inner\"><h2 class=\"aux-modern-heading-primary\">FOIRE AUX QUESTIONS<\/h2><div class=\"aux-modern-heading-divider\"><\/div><\/div>\n        <\/section>\t\t\t\t<\/div>\n\t\t\t\t<\/div>\n\t\t\t\t\t<\/div>\n\t\t\t\t<\/div>\n\t\t<div class=\"aux-parallax-section elementor-element elementor-element-0594287 e-flex e-con-boxed e-con e-parent\" data-id=\"0594287\" data-element_type=\"container\" data-e-type=\"container\">\n\t\t\t\t\t<div class=\"e-con-inner\">\n\t\t<div class=\"elementor-element elementor-element-3db9de3 e-con-full e-flex e-con e-child\" data-id=\"3db9de3\" data-element_type=\"container\" data-e-type=\"container\">\n\t\t\t\t<div class=\"elementor-element elementor-element-e11157f elementor-widget__width-initial elementor-widget elementor-widget-bdt-accordion\" data-id=\"e11157f\" data-element_type=\"widget\" data-e-type=\"widget\" data-widget_type=\"bdt-accordion.default\">\n\t\t\t\t<div class=\"elementor-widget-container\">\n\t\t\t\t\t\t\t<div class=\"bdt-ep-accordion-container\">\n\t\t\t<div id=\"bdt-ep-accordion-e11157f\" class=\"bdt-ep-accordion bdt-accordion\" data-bdt-accordion=\"{&quot;collapsible&quot;:true,&quot;multiple&quot;:false,&quot;transition&quot;:&quot;ease-in-out&quot;}\" \t\tdata-settings=\"{&quot;id&quot;:&quot;bdt-ep-accordion-e11157f&quot;,&quot;activeHash&quot;:&quot;no&quot;,&quot;activeScrollspy&quot;:null,&quot;hashTopOffset&quot;:false,&quot;hashScrollspyTime&quot;:false}\">\n\t\t\t\t\t\t\t\t\t<div class=\"bdt-ep-accordion-item\">\n\t\t\t\t\t\t<h3\t\t\t\t\t\t\tclass=\"bdt-ep-accordion-title bdt-accordion-title bdt-flex bdt-flex-middle bdt-flex-between\" id=\"\n\t\t\t\t\t\t\tbdt-ep-accordion-quest-ce-quune-charte-graphique\"\n\t\t\t\t\t\t\tdata-accordion-index=\"0\" data-title=\"qu-est-ce-qu-une-charte-graphique\">\n\n\t\t\t\t\t\t\t\t\t\t\t\t\t\t\t<span class=\"bdt-ep-accordion-icon bdt-flex-align-right\"\n\t\t\t\t\t\t\t\t\taria-hidden=\"true\">\n\n\t\t\t\t\t\t\t\t\t\t\t\t\t\t\t\t\t\t\t<span class=\"bdt-ep-accordion-icon-closed\">\n\t\t\t\t\t\t\t\t\t\t\t<i aria-hidden=\"true\" class=\"fa-fw fas fa-chevron-down\"><\/i>\t\t\t\t\t\t\t\t\t\t<\/span>\n\t\t\t\t\t\t\t\t\t\n\t\t\t\t\t\t\t\t\t\t\t\t\t\t\t\t\t\t\t<span class=\"bdt-ep-accordion-icon-opened\">\n\t\t\t\t\t\t\t\t\t\t\t<i aria-hidden=\"true\" class=\"fa-fw fas fa-chevron-up\"><\/i>\t\t\t\t\t\t\t\t\t\t<\/span>\n\t\t\t\t\t\t\t\t\t\n\t\t\t\t\t\t\t\t<\/span>\n\t\t\t\t\t\t\t\n\t\t\t\t\t\t\t<span role=\"heading\" class=\"bdt-ep-title-text bdt-display-inline-block\" >\n\n\t\t\t\t\t\t\t\t\t\t\t\t\t\t\t\tQu\u2019est-ce qu\u2019une charte graphique ?\t\t\t\t\t\t\t<\/span>\n\n\t\t\t\t\t\t<\/h3>\n\t\t\t\t\t\t<div class=\"bdt-ep-accordion-content bdt-accordion-content\">\n\t\t\t\t\t\t\t<div class=\"aux-faq-item aux-iso-item aux-iso-visible active\"><div class=\"acc-content-wrap\"><div class=\"aux-faq-item-content toggle-content\"><p>D&rsquo;abord, il s\u2019agit d\u2019un document qui rassemble tous les \u00e9l\u00e9ments de votre identit\u00e9 visuelle (logos, couleurs, typographies, r\u00e8gles d\u2019utilisation). Ensuite, elle garantit une coh\u00e9rence sur l\u2019ensemble de vos supports de communication.<\/p><\/div><\/div><\/div>\t\t\t\t\t\t<\/div>\n\t\t\t\t\t<\/div>\n\t\t\t\t\t\t\t\t\t<div class=\"bdt-ep-accordion-item\">\n\t\t\t\t\t\t<h3\t\t\t\t\t\t\tclass=\"bdt-ep-accordion-title bdt-accordion-title bdt-flex bdt-flex-middle bdt-flex-between\" id=\"\n\t\t\t\t\t\t\tbdt-ep-accordion-pourquoi-la-typographie-est-elle-si-importante\"\n\t\t\t\t\t\t\tdata-accordion-index=\"1\" data-title=\"pourquoi-la-typographie-est-elle-si-importante\">\n\n\t\t\t\t\t\t\t\t\t\t\t\t\t\t\t<span class=\"bdt-ep-accordion-icon bdt-flex-align-right\"\n\t\t\t\t\t\t\t\t\taria-hidden=\"true\">\n\n\t\t\t\t\t\t\t\t\t\t\t\t\t\t\t\t\t\t\t<span class=\"bdt-ep-accordion-icon-closed\">\n\t\t\t\t\t\t\t\t\t\t\t<i aria-hidden=\"true\" class=\"fa-fw fas fa-chevron-down\"><\/i>\t\t\t\t\t\t\t\t\t\t<\/span>\n\t\t\t\t\t\t\t\t\t\n\t\t\t\t\t\t\t\t\t\t\t\t\t\t\t\t\t\t\t<span class=\"bdt-ep-accordion-icon-opened\">\n\t\t\t\t\t\t\t\t\t\t\t<i aria-hidden=\"true\" class=\"fa-fw fas fa-chevron-up\"><\/i>\t\t\t\t\t\t\t\t\t\t<\/span>\n\t\t\t\t\t\t\t\t\t\n\t\t\t\t\t\t\t\t<\/span>\n\t\t\t\t\t\t\t\n\t\t\t\t\t\t\t<span role=\"heading\" class=\"bdt-ep-title-text bdt-display-inline-block\" >\n\n\t\t\t\t\t\t\t\t\t\t\t\t\t\t\t\tPourquoi la typographie est-elle si importante ?\t\t\t\t\t\t\t<\/span>\n\n\t\t\t\t\t\t<\/h3>\n\t\t\t\t\t\t<div class=\"bdt-ep-accordion-content bdt-accordion-content\">\n\t\t\t\t\t\t\t<div class=\"aux-faq-item aux-iso-item aux-iso-visible active\"><div class=\"acc-content-wrap\"><div class=\"aux-faq-item-content toggle-content\"><p>Pour commencer, la typographie structure l\u2019information, guide le regard, et incarne la personnalit\u00e9 de votre marque. Et, le choix de la bonne police transforme un visuel et renforce sa lisibilit\u00e9 et son impact.<\/p><\/div><\/div><\/div>\t\t\t\t\t\t<\/div>\n\t\t\t\t\t<\/div>\n\t\t\t\t\t\t\t\t\t<div class=\"bdt-ep-accordion-item\">\n\t\t\t\t\t\t<h3\t\t\t\t\t\t\tclass=\"bdt-ep-accordion-title bdt-accordion-title bdt-flex bdt-flex-middle bdt-flex-between\" id=\"\n\t\t\t\t\t\t\tbdt-ep-accordion-quest-ce-quune-maquette-ou-mockup\"\n\t\t\t\t\t\t\tdata-accordion-index=\"2\" data-title=\"qu-est-ce-qu-une-maquette-ou-mockup\">\n\n\t\t\t\t\t\t\t\t\t\t\t\t\t\t\t<span class=\"bdt-ep-accordion-icon bdt-flex-align-right\"\n\t\t\t\t\t\t\t\t\taria-hidden=\"true\">\n\n\t\t\t\t\t\t\t\t\t\t\t\t\t\t\t\t\t\t\t<span class=\"bdt-ep-accordion-icon-closed\">\n\t\t\t\t\t\t\t\t\t\t\t<i aria-hidden=\"true\" class=\"fa-fw fas fa-chevron-down\"><\/i>\t\t\t\t\t\t\t\t\t\t<\/span>\n\t\t\t\t\t\t\t\t\t\n\t\t\t\t\t\t\t\t\t\t\t\t\t\t\t\t\t\t\t<span class=\"bdt-ep-accordion-icon-opened\">\n\t\t\t\t\t\t\t\t\t\t\t<i aria-hidden=\"true\" class=\"fa-fw fas fa-chevron-up\"><\/i>\t\t\t\t\t\t\t\t\t\t<\/span>\n\t\t\t\t\t\t\t\t\t\n\t\t\t\t\t\t\t\t<\/span>\n\t\t\t\t\t\t\t\n\t\t\t\t\t\t\t<span role=\"heading\" class=\"bdt-ep-title-text bdt-display-inline-block\" >\n\n\t\t\t\t\t\t\t\t\t\t\t\t\t\t\t\tQu\u2019est-ce qu\u2019une maquette ou mockup ?\t\t\t\t\t\t\t<\/span>\n\n\t\t\t\t\t\t<\/h3>\n\t\t\t\t\t\t<div class=\"bdt-ep-accordion-content bdt-accordion-content\">\n\t\t\t\t\t\t\t<div class=\"aux-faq-item aux-iso-item aux-iso-visible active\"><div class=\"acc-content-wrap\"><div class=\"aux-faq-item-content toggle-content\"><p>Premi\u00e8rement, une maquette est une simulation visuelle qui permet de voir \u00e0 quoi ressemblera votre projet une fois finalis\u00e9 : carte de visite, packaging, affichage sur mobile\u2026 Deuxi\u00e8mement, elle aide \u00e0 mieux se projeter dans le rendu final.<\/p><\/div><\/div><\/div>\t\t\t\t\t\t<\/div>\n\t\t\t\t\t<\/div>\n\t\t\t\t\t\t\t\t\t<div class=\"bdt-ep-accordion-item\">\n\t\t\t\t\t\t<h3\t\t\t\t\t\t\tclass=\"bdt-ep-accordion-title bdt-accordion-title bdt-flex bdt-flex-middle bdt-flex-between\" id=\"\n\t\t\t\t\t\t\tbdt-ep-accordion-quel-est-le-dlai-moyen-pour-une-cration-graphique\"\n\t\t\t\t\t\t\tdata-accordion-index=\"3\" data-title=\"quel-est-le-d-lai-moyen-pour-une-cr-ation-graphique\">\n\n\t\t\t\t\t\t\t\t\t\t\t\t\t\t\t<span class=\"bdt-ep-accordion-icon bdt-flex-align-right\"\n\t\t\t\t\t\t\t\t\taria-hidden=\"true\">\n\n\t\t\t\t\t\t\t\t\t\t\t\t\t\t\t\t\t\t\t<span class=\"bdt-ep-accordion-icon-closed\">\n\t\t\t\t\t\t\t\t\t\t\t<i aria-hidden=\"true\" class=\"fa-fw fas fa-chevron-down\"><\/i>\t\t\t\t\t\t\t\t\t\t<\/span>\n\t\t\t\t\t\t\t\t\t\n\t\t\t\t\t\t\t\t\t\t\t\t\t\t\t\t\t\t\t<span class=\"bdt-ep-accordion-icon-opened\">\n\t\t\t\t\t\t\t\t\t\t\t<i aria-hidden=\"true\" class=\"fa-fw fas fa-chevron-up\"><\/i>\t\t\t\t\t\t\t\t\t\t<\/span>\n\t\t\t\t\t\t\t\t\t\n\t\t\t\t\t\t\t\t<\/span>\n\t\t\t\t\t\t\t\n\t\t\t\t\t\t\t<span role=\"heading\" class=\"bdt-ep-title-text bdt-display-inline-block\" >\n\n\t\t\t\t\t\t\t\t\t\t\t\t\t\t\t\tQuel est le d\u00e9lai moyen pour une cr\u00e9ation graphique ?\t\t\t\t\t\t\t<\/span>\n\n\t\t\t\t\t\t<\/h3>\n\t\t\t\t\t\t<div class=\"bdt-ep-accordion-content bdt-accordion-content\">\n\t\t\t\t\t\t\t<div class=\"aux-faq-item aux-iso-item aux-iso-visible active\"><div class=\"acc-content-wrap\"><div class=\"aux-faq-item-content toggle-content\"><p>Les d\u00e9lais varient selon la nature du projet. Un visuel simple peut \u00eatre livr\u00e9 sous 48h, tandis qu\u2019une identit\u00e9 visuelle compl\u00e8te n\u00e9cessite g\u00e9n\u00e9ralement entre 2 et 4 semaines. Par cons\u00e9quent, un planning clair est \u00e9tabli d\u00e8s le d\u00e9but.<\/p><\/div><\/div><\/div>\t\t\t\t\t\t<\/div>\n\t\t\t\t\t<\/div>\n\t\t\t\t\t\t\t\t\t<div class=\"bdt-ep-accordion-item\">\n\t\t\t\t\t\t<h3\t\t\t\t\t\t\tclass=\"bdt-ep-accordion-title bdt-accordion-title bdt-flex bdt-flex-middle bdt-flex-between\" id=\"\n\t\t\t\t\t\t\tbdt-ep-accordion-quest-ce-quun-brief-cratif\"\n\t\t\t\t\t\t\tdata-accordion-index=\"4\" data-title=\"qu-est-ce-qu-un-brief-cr-atif\">\n\n\t\t\t\t\t\t\t\t\t\t\t\t\t\t\t<span class=\"bdt-ep-accordion-icon bdt-flex-align-right\"\n\t\t\t\t\t\t\t\t\taria-hidden=\"true\">\n\n\t\t\t\t\t\t\t\t\t\t\t\t\t\t\t\t\t\t\t<span class=\"bdt-ep-accordion-icon-closed\">\n\t\t\t\t\t\t\t\t\t\t\t<i aria-hidden=\"true\" class=\"fa-fw fas fa-chevron-down\"><\/i>\t\t\t\t\t\t\t\t\t\t<\/span>\n\t\t\t\t\t\t\t\t\t\n\t\t\t\t\t\t\t\t\t\t\t\t\t\t\t\t\t\t\t<span class=\"bdt-ep-accordion-icon-opened\">\n\t\t\t\t\t\t\t\t\t\t\t<i aria-hidden=\"true\" class=\"fa-fw fas fa-chevron-up\"><\/i>\t\t\t\t\t\t\t\t\t\t<\/span>\n\t\t\t\t\t\t\t\t\t\n\t\t\t\t\t\t\t\t<\/span>\n\t\t\t\t\t\t\t\n\t\t\t\t\t\t\t<span role=\"heading\" class=\"bdt-ep-title-text bdt-display-inline-block\" >\n\n\t\t\t\t\t\t\t\t\t\t\t\t\t\t\t\tQu\u2019est-ce qu\u2019un brief cr\u00e9atif ?\t\t\t\t\t\t\t<\/span>\n\n\t\t\t\t\t\t<\/h3>\n\t\t\t\t\t\t<div class=\"bdt-ep-accordion-content bdt-accordion-content\">\n\t\t\t\t\t\t\t<div class=\"aux-faq-item aux-iso-item aux-iso-visible active\"><div class=\"acc-content-wrap\"><div class=\"aux-faq-item-content toggle-content\"><p>Le brief cr\u00e9atif est un document de r\u00e9f\u00e9rence r\u00e9dig\u00e9 au d\u00e9but du projet. Il d\u00e9taille les objectifs, la cible, les contraintes et les attentes du client. En bref, C\u2019est une base essentielle pour une cr\u00e9ation coh\u00e9rente et efficace.<\/p><\/div><\/div><\/div>\t\t\t\t\t\t<\/div>\n\t\t\t\t\t<\/div>\n\t\t\t\t\t\t\t<\/div>\n\t\t<\/div>\n\t\t\t\t\t\t<\/div>\n\t\t\t\t<\/div>\n\t\t\t\t<\/div>\n\t\t<div class=\"elementor-element elementor-element-f3ab792 e-con-full e-flex e-con e-child\" data-id=\"f3ab792\" data-element_type=\"container\" data-e-type=\"container\">\n\t\t\t\t<div class=\"elementor-element elementor-element-8ca7b7f elementor-widget__width-initial elementor-widget elementor-widget-bdt-accordion\" data-id=\"8ca7b7f\" data-element_type=\"widget\" data-e-type=\"widget\" data-widget_type=\"bdt-accordion.default\">\n\t\t\t\t<div class=\"elementor-widget-container\">\n\t\t\t\t\t\t\t<div class=\"bdt-ep-accordion-container\">\n\t\t\t<div id=\"bdt-ep-accordion-8ca7b7f\" class=\"bdt-ep-accordion bdt-accordion\" data-bdt-accordion=\"{&quot;collapsible&quot;:true,&quot;multiple&quot;:false,&quot;transition&quot;:&quot;ease-in-out&quot;}\" \t\tdata-settings=\"{&quot;id&quot;:&quot;bdt-ep-accordion-8ca7b7f&quot;,&quot;activeHash&quot;:&quot;no&quot;,&quot;activeScrollspy&quot;:null,&quot;hashTopOffset&quot;:false,&quot;hashScrollspyTime&quot;:false}\">\n\t\t\t\t\t\t\t\t\t<div class=\"bdt-ep-accordion-item\">\n\t\t\t\t\t\t<h3\t\t\t\t\t\t\tclass=\"bdt-ep-accordion-title bdt-accordion-title bdt-flex bdt-flex-middle bdt-flex-between\" id=\"\n\t\t\t\t\t\t\tbdt-ep-accordion-quelles-sont-les-comptences-essentielles-dun-bon-graphiste\"\n\t\t\t\t\t\t\tdata-accordion-index=\"0\" data-title=\"quelles-sont-les-comp-tences-essentielles-d-un-bon-graphiste\">\n\n\t\t\t\t\t\t\t\t\t\t\t\t\t\t\t<span class=\"bdt-ep-accordion-icon bdt-flex-align-right\"\n\t\t\t\t\t\t\t\t\taria-hidden=\"true\">\n\n\t\t\t\t\t\t\t\t\t\t\t\t\t\t\t\t\t\t\t<span class=\"bdt-ep-accordion-icon-closed\">\n\t\t\t\t\t\t\t\t\t\t\t<i aria-hidden=\"true\" class=\"fa-fw fas fa-chevron-down\"><\/i>\t\t\t\t\t\t\t\t\t\t<\/span>\n\t\t\t\t\t\t\t\t\t\n\t\t\t\t\t\t\t\t\t\t\t\t\t\t\t\t\t\t\t<span class=\"bdt-ep-accordion-icon-opened\">\n\t\t\t\t\t\t\t\t\t\t\t<i aria-hidden=\"true\" class=\"fa-fw fas fa-chevron-up\"><\/i>\t\t\t\t\t\t\t\t\t\t<\/span>\n\t\t\t\t\t\t\t\t\t\n\t\t\t\t\t\t\t\t<\/span>\n\t\t\t\t\t\t\t\n\t\t\t\t\t\t\t<span role=\"heading\" class=\"bdt-ep-title-text bdt-display-inline-block\" >\n\n\t\t\t\t\t\t\t\t\t\t\t\t\t\t\t\tQuelles sont les comp\u00e9tences essentielles d\u2019un bon graphiste ?\t\t\t\t\t\t\t<\/span>\n\n\t\t\t\t\t\t<\/h3>\n\t\t\t\t\t\t<div class=\"bdt-ep-accordion-content bdt-accordion-content\">\n\t\t\t\t\t\t\t<div class=\"aux-faq-item aux-iso-item aux-iso-visible active\"><div class=\"acc-content-wrap\"><div class=\"aux-faq-item-content toggle-content\"><p>Avant tout, cr\u00e9ativit\u00e9, ma\u00eetrise technique, sens de l\u2019\u00e9coute, compr\u00e9hension des enjeux client, rigueur et culture visuelle sont les piliers d\u2019un bon graphiste.<\/p><\/div><\/div><\/div>\t\t\t\t\t\t<\/div>\n\t\t\t\t\t<\/div>\n\t\t\t\t\t\t\t\t\t<div class=\"bdt-ep-accordion-item\">\n\t\t\t\t\t\t<h3\t\t\t\t\t\t\tclass=\"bdt-ep-accordion-title bdt-accordion-title bdt-flex bdt-flex-middle bdt-flex-between\" id=\"\n\t\t\t\t\t\t\tbdt-ep-accordion-quelle-est-la-diffrence-entre-design-graphique-et-design-web\"\n\t\t\t\t\t\t\tdata-accordion-index=\"1\" data-title=\"quelle-est-la-diff-rence-entre-design-graphique-et-design-web\">\n\n\t\t\t\t\t\t\t\t\t\t\t\t\t\t\t<span class=\"bdt-ep-accordion-icon bdt-flex-align-right\"\n\t\t\t\t\t\t\t\t\taria-hidden=\"true\">\n\n\t\t\t\t\t\t\t\t\t\t\t\t\t\t\t\t\t\t\t<span class=\"bdt-ep-accordion-icon-closed\">\n\t\t\t\t\t\t\t\t\t\t\t<i aria-hidden=\"true\" class=\"fa-fw fas fa-chevron-down\"><\/i>\t\t\t\t\t\t\t\t\t\t<\/span>\n\t\t\t\t\t\t\t\t\t\n\t\t\t\t\t\t\t\t\t\t\t\t\t\t\t\t\t\t\t<span class=\"bdt-ep-accordion-icon-opened\">\n\t\t\t\t\t\t\t\t\t\t\t<i aria-hidden=\"true\" class=\"fa-fw fas fa-chevron-up\"><\/i>\t\t\t\t\t\t\t\t\t\t<\/span>\n\t\t\t\t\t\t\t\t\t\n\t\t\t\t\t\t\t\t<\/span>\n\t\t\t\t\t\t\t\n\t\t\t\t\t\t\t<span role=\"heading\" class=\"bdt-ep-title-text bdt-display-inline-block\" >\n\n\t\t\t\t\t\t\t\t\t\t\t\t\t\t\t\tQuelle est la diff\u00e9rence entre design graphique et design web ?\t\t\t\t\t\t\t<\/span>\n\n\t\t\t\t\t\t<\/h3>\n\t\t\t\t\t\t<div class=\"bdt-ep-accordion-content bdt-accordion-content\">\n\t\t\t\t\t\t\t<div class=\"aux-faq-item aux-iso-item aux-iso-visible active\"><div class=\"acc-content-wrap\"><div class=\"aux-faq-item-content toggle-content\"><p>En premier lieu, le design graphique est centr\u00e9 sur la cr\u00e9ation de visuels statiques (affiches, logos, brochures\u2026), tandis que le design web concerne la cr\u00e9ation d\u2019interfaces interactives et ergonomiques pour les sites et applications.<\/p><\/div><\/div><\/div>\t\t\t\t\t\t<\/div>\n\t\t\t\t\t<\/div>\n\t\t\t\t\t\t\t\t\t<div class=\"bdt-ep-accordion-item\">\n\t\t\t\t\t\t<h3\t\t\t\t\t\t\tclass=\"bdt-ep-accordion-title bdt-accordion-title bdt-flex bdt-flex-middle bdt-flex-between\" id=\"\n\t\t\t\t\t\t\tbdt-ep-accordion-quelle-est-la-diffrence-entre-un-graphiste-et-un-designer-graphique\"\n\t\t\t\t\t\t\tdata-accordion-index=\"2\" data-title=\"quelle-est-la-diff-rence-entre-un-graphiste-et-un-designer-graphique\">\n\n\t\t\t\t\t\t\t\t\t\t\t\t\t\t\t<span class=\"bdt-ep-accordion-icon bdt-flex-align-right\"\n\t\t\t\t\t\t\t\t\taria-hidden=\"true\">\n\n\t\t\t\t\t\t\t\t\t\t\t\t\t\t\t\t\t\t\t<span class=\"bdt-ep-accordion-icon-closed\">\n\t\t\t\t\t\t\t\t\t\t\t<i aria-hidden=\"true\" class=\"fa-fw fas fa-chevron-down\"><\/i>\t\t\t\t\t\t\t\t\t\t<\/span>\n\t\t\t\t\t\t\t\t\t\n\t\t\t\t\t\t\t\t\t\t\t\t\t\t\t\t\t\t\t<span class=\"bdt-ep-accordion-icon-opened\">\n\t\t\t\t\t\t\t\t\t\t\t<i aria-hidden=\"true\" class=\"fa-fw fas fa-chevron-up\"><\/i>\t\t\t\t\t\t\t\t\t\t<\/span>\n\t\t\t\t\t\t\t\t\t\n\t\t\t\t\t\t\t\t<\/span>\n\t\t\t\t\t\t\t\n\t\t\t\t\t\t\t<span role=\"heading\" class=\"bdt-ep-title-text bdt-display-inline-block\" >\n\n\t\t\t\t\t\t\t\t\t\t\t\t\t\t\t\tQuelle est la diff\u00e9rence entre un graphiste et un designer graphique ?\t\t\t\t\t\t\t<\/span>\n\n\t\t\t\t\t\t<\/h3>\n\t\t\t\t\t\t<div class=\"bdt-ep-accordion-content bdt-accordion-content\">\n\t\t\t\t\t\t\t<div class=\"aux-faq-item aux-iso-item aux-iso-visible active\"><div class=\"acc-content-wrap\"><div class=\"aux-faq-item-content toggle-content\"><p>Il faut dire que ces deux termes sont souvent utilis\u00e9s de mani\u00e8re interchangeable. Toutefois, le designer graphique a une approche plus globale : il con\u00e7oit l\u2019univers visuel d\u2019une marque en prenant en compte sa strat\u00e9gie, ses valeurs et son positionnement, l\u00e0 o\u00f9 le graphiste peut se concentrer uniquement sur l\u2019ex\u00e9cution visuelle.<\/p><\/div><\/div><\/div>\t\t\t\t\t\t<\/div>\n\t\t\t\t\t<\/div>\n\t\t\t\t\t\t\t\t\t<div class=\"bdt-ep-accordion-item\">\n\t\t\t\t\t\t<h3\t\t\t\t\t\t\tclass=\"bdt-ep-accordion-title bdt-accordion-title bdt-flex bdt-flex-middle bdt-flex-between\" id=\"\n\t\t\t\t\t\t\tbdt-ep-accordion-quels-logiciels-utilisez-vous\"\n\t\t\t\t\t\t\tdata-accordion-index=\"3\" data-title=\"quels-logiciels-utilisez-vous\">\n\n\t\t\t\t\t\t\t\t\t\t\t\t\t\t\t<span class=\"bdt-ep-accordion-icon bdt-flex-align-right\"\n\t\t\t\t\t\t\t\t\taria-hidden=\"true\">\n\n\t\t\t\t\t\t\t\t\t\t\t\t\t\t\t\t\t\t\t<span class=\"bdt-ep-accordion-icon-closed\">\n\t\t\t\t\t\t\t\t\t\t\t<i aria-hidden=\"true\" class=\"fa-fw fas fa-chevron-down\"><\/i>\t\t\t\t\t\t\t\t\t\t<\/span>\n\t\t\t\t\t\t\t\t\t\n\t\t\t\t\t\t\t\t\t\t\t\t\t\t\t\t\t\t\t<span class=\"bdt-ep-accordion-icon-opened\">\n\t\t\t\t\t\t\t\t\t\t\t<i aria-hidden=\"true\" class=\"fa-fw fas fa-chevron-up\"><\/i>\t\t\t\t\t\t\t\t\t\t<\/span>\n\t\t\t\t\t\t\t\t\t\n\t\t\t\t\t\t\t\t<\/span>\n\t\t\t\t\t\t\t\n\t\t\t\t\t\t\t<span role=\"heading\" class=\"bdt-ep-title-text bdt-display-inline-block\" >\n\n\t\t\t\t\t\t\t\t\t\t\t\t\t\t\t\tQuels logiciels utilisez-vous ?\t\t\t\t\t\t\t<\/span>\n\n\t\t\t\t\t\t<\/h3>\n\t\t\t\t\t\t<div class=\"bdt-ep-accordion-content bdt-accordion-content\">\n\t\t\t\t\t\t\t<div class=\"aux-faq-item aux-iso-item aux-iso-visible active\"><div class=\"acc-content-wrap\"><div class=\"aux-faq-item-content toggle-content\"><p>En un mot, je travaille principalement avec la suite Adobe (Photoshop, Illustrator, InDesign), ainsi que d\u2019autres outils professionnels adapt\u00e9s \u00e0 chaque type de projet.<\/p><\/div><\/div><\/div>\t\t\t\t\t\t<\/div>\n\t\t\t\t\t<\/div>\n\t\t\t\t\t\t\t\t\t<div class=\"bdt-ep-accordion-item\">\n\t\t\t\t\t\t<h3\t\t\t\t\t\t\tclass=\"bdt-ep-accordion-title bdt-accordion-title bdt-flex bdt-flex-middle bdt-flex-between\" id=\"\n\t\t\t\t\t\t\tbdt-ep-accordion-quest-ce-que-la-cration-graphique\"\n\t\t\t\t\t\t\tdata-accordion-index=\"4\" data-title=\"qu-est-ce-que-la-cr-ation-graphique\">\n\n\t\t\t\t\t\t\t\t\t\t\t\t\t\t\t<span class=\"bdt-ep-accordion-icon bdt-flex-align-right\"\n\t\t\t\t\t\t\t\t\taria-hidden=\"true\">\n\n\t\t\t\t\t\t\t\t\t\t\t\t\t\t\t\t\t\t\t<span class=\"bdt-ep-accordion-icon-closed\">\n\t\t\t\t\t\t\t\t\t\t\t<i aria-hidden=\"true\" class=\"fa-fw fas fa-chevron-down\"><\/i>\t\t\t\t\t\t\t\t\t\t<\/span>\n\t\t\t\t\t\t\t\t\t\n\t\t\t\t\t\t\t\t\t\t\t\t\t\t\t\t\t\t\t<span class=\"bdt-ep-accordion-icon-opened\">\n\t\t\t\t\t\t\t\t\t\t\t<i aria-hidden=\"true\" class=\"fa-fw fas fa-chevron-up\"><\/i>\t\t\t\t\t\t\t\t\t\t<\/span>\n\t\t\t\t\t\t\t\t\t\n\t\t\t\t\t\t\t\t<\/span>\n\t\t\t\t\t\t\t\n\t\t\t\t\t\t\t<span role=\"heading\" class=\"bdt-ep-title-text bdt-display-inline-block\" >\n\n\t\t\t\t\t\t\t\t\t\t\t\t\t\t\t\tQu\u2019est-ce que la cr\u00e9ation graphique ?\t\t\t\t\t\t\t<\/span>\n\n\t\t\t\t\t\t<\/h3>\n\t\t\t\t\t\t<div class=\"bdt-ep-accordion-content bdt-accordion-content\">\n\t\t\t\t\t\t\t<div class=\"aux-faq-item aux-iso-item aux-iso-visible active\"><div class=\"acc-content-wrap\"><div class=\"aux-faq-item-content toggle-content\"><p>La cr\u00e9ation graphique consiste \u00e0 concevoir des visuels impactants et harmonieux, destin\u00e9s \u00e0 diff\u00e9rents supports : web, print, r\u00e9seaux sociaux, packaging, etc. Elle permet de valoriser l\u2019image d\u2019une marque et de transmettre un message clair.<\/p><\/div><\/div><\/div>\t\t\t\t\t\t<\/div>\n\t\t\t\t\t<\/div>\n\t\t\t\t\t\t\t<\/div>\n\t\t<\/div>\n\t\t\t\t\t\t<\/div>\n\t\t\t\t<\/div>\n\t\t\t\t<\/div>\n\t\t\t\t\t<\/div>\n\t\t\t\t<\/div>\n\t\t<div class=\"aux-parallax-section elementor-element elementor-element-fb4198f e-flex e-con-boxed e-con e-parent\" data-id=\"fb4198f\" data-element_type=\"container\" data-e-type=\"container\">\n\t\t\t\t\t<div class=\"e-con-inner\">\n\t\t<div class=\"elementor-element elementor-element-fd62132 e-con-full e-flex e-con e-child\" data-id=\"fd62132\" data-element_type=\"container\" data-e-type=\"container\">\n\t\t\t\t<div class=\"elementor-element elementor-element-939c46e elementor-widget-mobile__width-inherit elementor-widget elementor-widget-aux_modern_heading\" data-id=\"939c46e\" data-element_type=\"widget\" data-e-type=\"widget\" data-widget_type=\"aux_modern_heading.default\">\n\t\t\t\t<div class=\"elementor-widget-container\">\n\t\t\t\t\t<section class=\"aux-widget-modern-heading\">\n            <div class=\"aux-widget-inner\"><h2 class=\"aux-modern-heading-primary\">Une Question ? <\/h2><h3 class=\"aux-modern-heading-secondary\"><span class=\"aux-head-before\">N'h\u00e9sitez pas \u00e0 me contacter d\u00e8s maintenant <\/span><\/h3><div class=\"aux-modern-heading-divider\"><\/div><div class=\"aux-modern-heading-description\"><p>Avant tout, je me ferais un plaisir de vous r\u00e9pondre. Finalement, un simple \u00e9change suffit \u00e0 d\u00e9bloquer un projet ou \u00e0 clarifier une id\u00e9e !<\/p><\/div><\/div>\n        <\/section>\t\t\t\t<\/div>\n\t\t\t\t<\/div>\n\t\t\t\t<div class=\"elementor-element elementor-element-e7dfdcf elementor-widget__width-auto aux-appear-watch-animation aux-slide-from-left elementor-widget elementor-widget-aux_modern_button\" data-id=\"e7dfdcf\" data-element_type=\"widget\" data-e-type=\"widget\" data-widget_type=\"aux_modern_button.default\">\n\t\t\t\t<div class=\"elementor-widget-container\">\n\t\t\t\t\t    <div class=\"aux-modern-button-wrapper aux-modern-button-align-left\" >\n                    <a class=\"aux-modern-button aux-black aux-modern-button-md aux-modern-button-normal aux-modern-button-default aux-icon-\" href=\"https:\/\/www.neskagraphicdesigner.com\/index.php\/contact-graphiste-moselle\/\">\n                <div class=\"aux-overlay\"><\/div>\n                                    <div class=\"aux-icon \">\n                                            <\/div>\n                                <div class=\"aux-text\">\n<span class=\"aux-text-before\">Contactez Moi<\/span>                <\/div>\n            <\/a>\n            \n    <\/div>\n\n    \t\t\t\t<\/div>\n\t\t\t\t<\/div>\n\t\t\t\t<div class=\"elementor-element elementor-element-a0e256c elementor-widget__width-auto aux-appear-watch-animation aux-slide-from-left elementor-widget elementor-widget-aux_modern_button\" data-id=\"a0e256c\" data-element_type=\"widget\" data-e-type=\"widget\" data-widget_type=\"aux_modern_button.default\">\n\t\t\t\t<div class=\"elementor-widget-container\">\n\t\t\t\t\t    <div class=\"aux-modern-button-wrapper aux-modern-button-align-left\" >\n                    <a class=\"aux-modern-button aux-black aux-modern-button-md aux-modern-button-normal aux-modern-button-default aux-icon-\" href=\"https:\/\/neskagraphicdesigner.myportfolio.com\/\">\n                <div class=\"aux-overlay\"><\/div>\n                                    <div class=\"aux-icon \">\n                                            <\/div>\n                                <div class=\"aux-text\">\n<span class=\"aux-text-before\">Portfolio<\/span>                <\/div>\n            <\/a>\n            \n    <\/div>\n\n    \t\t\t\t<\/div>\n\t\t\t\t<\/div>\n\t\t\t\t<\/div>\n\t\t<div class=\"elementor-element elementor-element-1fedd43 e-con-full e-flex e-con e-child\" data-id=\"1fedd43\" data-element_type=\"container\" data-e-type=\"container\">\n\t\t\t\t<div class=\"elementor-element elementor-element-ba14475 elementor-widget elementor-widget-aux_image\" data-id=\"ba14475\" data-element_type=\"widget\" data-e-type=\"widget\" data-widget_type=\"aux_image.default\">\n\t\t\t\t<div class=\"elementor-widget-container\">\n\t\t\t\t\t<section class=\"widget-container aux-widget-image aux-alignnone aux-parent-aub3884f84\">\n    <div class=\"aux-media-hint-frame \">\n        <div class=\"aux-media-image \" >\n        \n            \n\n            \n            <img fetchpriority=\"high\" decoding=\"async\" width=\"1024\" height=\"896\" src=\"https:\/\/www.neskagraphicdesigner.com\/wp-content\/uploads\/2025\/07\/515106479_697456939851806_2733776122202908920_n-1024x896.jpg\" class=\"aux-attachment aux-featured-image aux-attachment-id-357\" alt=\"Illustrations d&#039;une femme, concentr\u00e9 et r\u00e9fl\u00e9chissant \u00e0 une questions concernant la FAQ Graphiste en Moselle\" srcset=\"https:\/\/www.neskagraphicdesigner.com\/wp-content\/uploads\/2025\/07\/515106479_697456939851806_2733776122202908920_n-150x150.jpg 150w,https:\/\/www.neskagraphicdesigner.com\/wp-content\/uploads\/2025\/07\/515106479_697456939851806_2733776122202908920_n-300x300.jpg 300w,https:\/\/www.neskagraphicdesigner.com\/wp-content\/uploads\/2025\/07\/515106479_697456939851806_2733776122202908920_n-768x768.jpg 768w,https:\/\/www.neskagraphicdesigner.com\/wp-content\/uploads\/2025\/07\/515106479_697456939851806_2733776122202908920_n-1024x896.jpg 1024w,https:\/\/www.neskagraphicdesigner.com\/wp-content\/uploads\/2025\/07\/515106479_697456939851806_2733776122202908920_n-1024x896.jpg 1024w\" data-ratio=\"1\" data-original-w=\"1344\" sizes=\"(max-width:479px) 480px,(max-width:767px) 768px,(max-width:1023px) 1024px,1024px\" \/>            \n                <\/div>\n    <\/div>\n\n<\/section><!-- widget-container -->\t\t\t\t<\/div>\n\t\t\t\t<\/div>\n\t\t\t\t<\/div>\n\t\t\t\t\t<\/div>\n\t\t\t\t<\/div>\n\t\t<div class=\"aux-parallax-section elementor-element elementor-element-e149e81 e-flex e-con-boxed e-con e-parent\" data-id=\"e149e81\" data-element_type=\"container\" data-e-type=\"container\">\n\t\t\t\t\t<div class=\"e-con-inner\">\n\t\t\t\t<div class=\"elementor-element elementor-element-e56c7fe elementor-widget elementor-widget-aux_modern_heading\" data-id=\"e56c7fe\" data-element_type=\"widget\" data-e-type=\"widget\" data-widget_type=\"aux_modern_heading.default\">\n\t\t\t\t<div class=\"elementor-widget-container\">\n\t\t\t\t\t<section class=\"aux-widget-modern-heading\">\n            <div class=\"aux-widget-inner\"><h2 class=\"aux-modern-heading-primary\"><\/h2><div class=\"aux-modern-heading-divider\"><\/div><div class=\"aux-modern-heading-description\"><p>FAQ Graphiste en Moselle<\/p><\/div><\/div>\n        <\/section>\t\t\t\t<\/div>\n\t\t\t\t<\/div>\n\t\t\t\t\t<\/div>\n\t\t\t\t<\/div>\n\t\t\t\t<\/div>\n\t\t","protected":false},"excerpt":{"rendered":"<p>Vous \u00eates au bon endroit ! D&rsquo;abord, j&rsquo;ai con\u00e7u cette FAQ Graphiste en Moselle\u00a0 pour r\u00e9pondre avec clart\u00e9 \u00e0 toutes les questions que vous vous posez sur mon m\u00e9tier, mes services et ma mani\u00e8re de travailler. Donc, que vous soyez entrepreneur, commer\u00e7ant, artisan ou simplement curieux, vous trouverez ici des r\u00e9ponses concr\u00e8tes pour mieux comprendre [&hellip;]<\/p>\n","protected":false},"author":1,"featured_media":0,"parent":0,"menu_order":0,"comment_status":"closed","ping_status":"closed","template":"elementor_theme","meta":{"footnotes":""},"class_list":["post-574","page","type-page","status-publish","hentry"],"yoast_head":"<!-- This site is optimized with the Yoast SEO plugin v27.4 - https:\/\/yoast.com\/product\/yoast-seo-wordpress\/ -->\n<title>FAQ Graphiste en Moselle \u2013 Neska Graphic Designer<\/title>\n<meta name=\"description\" content=\"FAQ Graphiste en Moselle : toutes les r\u00e9ponses sur mes services, mon fonctionnement et mes tarifs. Une ressource utile, claire et locale.\" \/>\n<meta name=\"robots\" content=\"index, follow, max-snippet:-1, max-image-preview:large, max-video-preview:-1\" \/>\n<link rel=\"canonical\" href=\"https:\/\/www.neskagraphicdesigner.com\/index.php\/faq-graphiste-en-moselle\/\" \/>\n<meta property=\"og:locale\" content=\"fr_FR\" \/>\n<meta property=\"og:type\" content=\"article\" \/>\n<meta property=\"og:title\" content=\"FAQ Graphiste en Moselle \u2013 Neska Graphic Designer\" \/>\n<meta property=\"og:description\" content=\"FAQ Graphiste en Moselle : toutes les r\u00e9ponses sur mes services, mon fonctionnement et mes tarifs. Une ressource utile, claire et locale.\" \/>\n<meta property=\"og:url\" content=\"https:\/\/www.neskagraphicdesigner.com\/index.php\/faq-graphiste-en-moselle\/\" \/>\n<meta property=\"og:site_name\" content=\"Neska Graphic Designer\" \/>\n<meta property=\"article:modified_time\" content=\"2025-07-09T16:58:33+00:00\" \/>\n<meta property=\"og:image\" content=\"https:\/\/www.neskagraphicdesigner.com\/wp-content\/uploads\/2025\/07\/515106479_697456939851806_2733776122202908920_n-1024x896.jpg\" \/>\n<meta name=\"twitter:card\" content=\"summary_large_image\" \/>\n<meta name=\"twitter:label1\" content=\"Dur\u00e9e de lecture estim\u00e9e\" \/>\n\t<meta name=\"twitter:data1\" content=\"3 minutes\" \/>\n<script type=\"application\/ld+json\" class=\"yoast-schema-graph\">{\"@context\":\"https:\\\/\\\/schema.org\",\"@graph\":[{\"@type\":\"WebPage\",\"@id\":\"https:\\\/\\\/www.neskagraphicdesigner.com\\\/index.php\\\/faq-graphiste-en-moselle\\\/\",\"url\":\"https:\\\/\\\/www.neskagraphicdesigner.com\\\/index.php\\\/faq-graphiste-en-moselle\\\/\",\"name\":\"FAQ Graphiste en Moselle \u2013 Neska Graphic Designer\",\"isPartOf\":{\"@id\":\"https:\\\/\\\/www.neskagraphicdesigner.com\\\/#website\"},\"primaryImageOfPage\":{\"@id\":\"https:\\\/\\\/www.neskagraphicdesigner.com\\\/index.php\\\/faq-graphiste-en-moselle\\\/#primaryimage\"},\"image\":{\"@id\":\"https:\\\/\\\/www.neskagraphicdesigner.com\\\/index.php\\\/faq-graphiste-en-moselle\\\/#primaryimage\"},\"thumbnailUrl\":\"https:\\\/\\\/www.neskagraphicdesigner.com\\\/wp-content\\\/uploads\\\/2025\\\/07\\\/515106479_697456939851806_2733776122202908920_n-1024x896.jpg\",\"datePublished\":\"2025-07-04T06:49:21+00:00\",\"dateModified\":\"2025-07-09T16:58:33+00:00\",\"description\":\"FAQ Graphiste en Moselle : toutes les r\u00e9ponses sur mes services, mon fonctionnement et mes tarifs. Une ressource utile, claire et locale.\",\"breadcrumb\":{\"@id\":\"https:\\\/\\\/www.neskagraphicdesigner.com\\\/index.php\\\/faq-graphiste-en-moselle\\\/#breadcrumb\"},\"inLanguage\":\"fr-FR\",\"potentialAction\":[{\"@type\":\"ReadAction\",\"target\":[\"https:\\\/\\\/www.neskagraphicdesigner.com\\\/index.php\\\/faq-graphiste-en-moselle\\\/\"]}]},{\"@type\":\"ImageObject\",\"inLanguage\":\"fr-FR\",\"@id\":\"https:\\\/\\\/www.neskagraphicdesigner.com\\\/index.php\\\/faq-graphiste-en-moselle\\\/#primaryimage\",\"url\":\"https:\\\/\\\/www.neskagraphicdesigner.com\\\/wp-content\\\/uploads\\\/2025\\\/07\\\/515106479_697456939851806_2733776122202908920_n.jpg\",\"contentUrl\":\"https:\\\/\\\/www.neskagraphicdesigner.com\\\/wp-content\\\/uploads\\\/2025\\\/07\\\/515106479_697456939851806_2733776122202908920_n.jpg\",\"width\":1344,\"height\":896,\"caption\":\"Illustrations d'une femme, concentr\u00e9 et r\u00e9fl\u00e9chissant \u00e0 une questions concernant la FAQ Graphiste en Moselle\"},{\"@type\":\"BreadcrumbList\",\"@id\":\"https:\\\/\\\/www.neskagraphicdesigner.com\\\/index.php\\\/faq-graphiste-en-moselle\\\/#breadcrumb\",\"itemListElement\":[{\"@type\":\"ListItem\",\"position\":1,\"name\":\"Accueil\",\"item\":\"https:\\\/\\\/www.neskagraphicdesigner.com\\\/\"},{\"@type\":\"ListItem\",\"position\":2,\"name\":\"FAQ\"}]},{\"@type\":\"WebSite\",\"@id\":\"https:\\\/\\\/www.neskagraphicdesigner.com\\\/#website\",\"url\":\"https:\\\/\\\/www.neskagraphicdesigner.com\\\/\",\"name\":\"Neska Graphic Designer\",\"description\":\"Cr\u00e9ations puissantes pour marques audacieuses\",\"publisher\":{\"@id\":\"https:\\\/\\\/www.neskagraphicdesigner.com\\\/#organization\"},\"potentialAction\":[{\"@type\":\"SearchAction\",\"target\":{\"@type\":\"EntryPoint\",\"urlTemplate\":\"https:\\\/\\\/www.neskagraphicdesigner.com\\\/?s={search_term_string}\"},\"query-input\":{\"@type\":\"PropertyValueSpecification\",\"valueRequired\":true,\"valueName\":\"search_term_string\"}}],\"inLanguage\":\"fr-FR\"},{\"@type\":\"Organization\",\"@id\":\"https:\\\/\\\/www.neskagraphicdesigner.com\\\/#organization\",\"name\":\"Neska Graphic Designer\",\"url\":\"https:\\\/\\\/www.neskagraphicdesigner.com\\\/\",\"logo\":{\"@type\":\"ImageObject\",\"inLanguage\":\"fr-FR\",\"@id\":\"https:\\\/\\\/www.neskagraphicdesigner.com\\\/#\\\/schema\\\/logo\\\/image\\\/\",\"url\":\"https:\\\/\\\/www.neskagraphicdesigner.com\\\/wp-content\\\/uploads\\\/2025\\\/07\\\/514469777_1430193564887611_8918043362756778719_n.jpg\",\"contentUrl\":\"https:\\\/\\\/www.neskagraphicdesigner.com\\\/wp-content\\\/uploads\\\/2025\\\/07\\\/514469777_1430193564887611_8918043362756778719_n.jpg\",\"width\":800,\"height\":400,\"caption\":\"Neska Graphic Designer\"},\"image\":{\"@id\":\"https:\\\/\\\/www.neskagraphicdesigner.com\\\/#\\\/schema\\\/logo\\\/image\\\/\"}}]}<\/script>\n<!-- \/ Yoast SEO plugin. -->","yoast_head_json":{"title":"FAQ Graphiste en Moselle \u2013 Neska Graphic Designer","description":"FAQ Graphiste en Moselle : toutes les r\u00e9ponses sur mes services, mon fonctionnement et mes tarifs. Une ressource utile, claire et locale.","robots":{"index":"index","follow":"follow","max-snippet":"max-snippet:-1","max-image-preview":"max-image-preview:large","max-video-preview":"max-video-preview:-1"},"canonical":"https:\/\/www.neskagraphicdesigner.com\/index.php\/faq-graphiste-en-moselle\/","og_locale":"fr_FR","og_type":"article","og_title":"FAQ Graphiste en Moselle \u2013 Neska Graphic Designer","og_description":"FAQ Graphiste en Moselle : toutes les r\u00e9ponses sur mes services, mon fonctionnement et mes tarifs. Une ressource utile, claire et locale.","og_url":"https:\/\/www.neskagraphicdesigner.com\/index.php\/faq-graphiste-en-moselle\/","og_site_name":"Neska Graphic Designer","article_modified_time":"2025-07-09T16:58:33+00:00","og_image":[{"url":"https:\/\/www.neskagraphicdesigner.com\/wp-content\/uploads\/2025\/07\/515106479_697456939851806_2733776122202908920_n-1024x896.jpg","type":"","width":"","height":""}],"twitter_card":"summary_large_image","twitter_misc":{"Dur\u00e9e de lecture estim\u00e9e":"3 minutes"},"schema":{"@context":"https:\/\/schema.org","@graph":[{"@type":"WebPage","@id":"https:\/\/www.neskagraphicdesigner.com\/index.php\/faq-graphiste-en-moselle\/","url":"https:\/\/www.neskagraphicdesigner.com\/index.php\/faq-graphiste-en-moselle\/","name":"FAQ Graphiste en Moselle \u2013 Neska Graphic Designer","isPartOf":{"@id":"https:\/\/www.neskagraphicdesigner.com\/#website"},"primaryImageOfPage":{"@id":"https:\/\/www.neskagraphicdesigner.com\/index.php\/faq-graphiste-en-moselle\/#primaryimage"},"image":{"@id":"https:\/\/www.neskagraphicdesigner.com\/index.php\/faq-graphiste-en-moselle\/#primaryimage"},"thumbnailUrl":"https:\/\/www.neskagraphicdesigner.com\/wp-content\/uploads\/2025\/07\/515106479_697456939851806_2733776122202908920_n-1024x896.jpg","datePublished":"2025-07-04T06:49:21+00:00","dateModified":"2025-07-09T16:58:33+00:00","description":"FAQ Graphiste en Moselle : toutes les r\u00e9ponses sur mes services, mon fonctionnement et mes tarifs. Une ressource utile, claire et locale.","breadcrumb":{"@id":"https:\/\/www.neskagraphicdesigner.com\/index.php\/faq-graphiste-en-moselle\/#breadcrumb"},"inLanguage":"fr-FR","potentialAction":[{"@type":"ReadAction","target":["https:\/\/www.neskagraphicdesigner.com\/index.php\/faq-graphiste-en-moselle\/"]}]},{"@type":"ImageObject","inLanguage":"fr-FR","@id":"https:\/\/www.neskagraphicdesigner.com\/index.php\/faq-graphiste-en-moselle\/#primaryimage","url":"https:\/\/www.neskagraphicdesigner.com\/wp-content\/uploads\/2025\/07\/515106479_697456939851806_2733776122202908920_n.jpg","contentUrl":"https:\/\/www.neskagraphicdesigner.com\/wp-content\/uploads\/2025\/07\/515106479_697456939851806_2733776122202908920_n.jpg","width":1344,"height":896,"caption":"Illustrations d'une femme, concentr\u00e9 et r\u00e9fl\u00e9chissant \u00e0 une questions concernant la FAQ Graphiste en Moselle"},{"@type":"BreadcrumbList","@id":"https:\/\/www.neskagraphicdesigner.com\/index.php\/faq-graphiste-en-moselle\/#breadcrumb","itemListElement":[{"@type":"ListItem","position":1,"name":"Accueil","item":"https:\/\/www.neskagraphicdesigner.com\/"},{"@type":"ListItem","position":2,"name":"FAQ"}]},{"@type":"WebSite","@id":"https:\/\/www.neskagraphicdesigner.com\/#website","url":"https:\/\/www.neskagraphicdesigner.com\/","name":"Neska Graphic Designer","description":"Cr\u00e9ations puissantes pour marques audacieuses","publisher":{"@id":"https:\/\/www.neskagraphicdesigner.com\/#organization"},"potentialAction":[{"@type":"SearchAction","target":{"@type":"EntryPoint","urlTemplate":"https:\/\/www.neskagraphicdesigner.com\/?s={search_term_string}"},"query-input":{"@type":"PropertyValueSpecification","valueRequired":true,"valueName":"search_term_string"}}],"inLanguage":"fr-FR"},{"@type":"Organization","@id":"https:\/\/www.neskagraphicdesigner.com\/#organization","name":"Neska Graphic Designer","url":"https:\/\/www.neskagraphicdesigner.com\/","logo":{"@type":"ImageObject","inLanguage":"fr-FR","@id":"https:\/\/www.neskagraphicdesigner.com\/#\/schema\/logo\/image\/","url":"https:\/\/www.neskagraphicdesigner.com\/wp-content\/uploads\/2025\/07\/514469777_1430193564887611_8918043362756778719_n.jpg","contentUrl":"https:\/\/www.neskagraphicdesigner.com\/wp-content\/uploads\/2025\/07\/514469777_1430193564887611_8918043362756778719_n.jpg","width":800,"height":400,"caption":"Neska Graphic Designer"},"image":{"@id":"https:\/\/www.neskagraphicdesigner.com\/#\/schema\/logo\/image\/"}}]}},"_links":{"self":[{"href":"https:\/\/www.neskagraphicdesigner.com\/index.php\/wp-json\/wp\/v2\/pages\/574","targetHints":{"allow":["GET"]}}],"collection":[{"href":"https:\/\/www.neskagraphicdesigner.com\/index.php\/wp-json\/wp\/v2\/pages"}],"about":[{"href":"https:\/\/www.neskagraphicdesigner.com\/index.php\/wp-json\/wp\/v2\/types\/page"}],"author":[{"embeddable":true,"href":"https:\/\/www.neskagraphicdesigner.com\/index.php\/wp-json\/wp\/v2\/users\/1"}],"replies":[{"embeddable":true,"href":"https:\/\/www.neskagraphicdesigner.com\/index.php\/wp-json\/wp\/v2\/comments?post=574"}],"version-history":[{"count":106,"href":"https:\/\/www.neskagraphicdesigner.com\/index.php\/wp-json\/wp\/v2\/pages\/574\/revisions"}],"predecessor-version":[{"id":1614,"href":"https:\/\/www.neskagraphicdesigner.com\/index.php\/wp-json\/wp\/v2\/pages\/574\/revisions\/1614"}],"wp:attachment":[{"href":"https:\/\/www.neskagraphicdesigner.com\/index.php\/wp-json\/wp\/v2\/media?parent=574"}],"curies":[{"name":"wp","href":"https:\/\/api.w.org\/{rel}","templated":true}]}}