{"id":561,"date":"2025-07-03T22:24:28","date_gmt":"2025-07-03T22:24:28","guid":{"rendered":"https:\/\/www.neskagraphicdesigner.com\/?page_id=561"},"modified":"2025-07-09T16:54:44","modified_gmt":"2025-07-09T16:54:44","slug":"imprimeurs-du-nord-est","status":"publish","type":"page","link":"https:\/\/www.neskagraphicdesigner.com\/index.php\/imprimeurs-du-nord-est\/","title":{"rendered":"IMPRESSION"},"content":{"rendered":"\t\t<div data-elementor-type=\"wp-page\" data-elementor-id=\"561\" class=\"elementor elementor-561\">\n\t\t\t\t<div class=\"aux-parallax-section elementor-element elementor-element-f133fec e-con-full e-flex e-con e-parent\" data-id=\"f133fec\" data-element_type=\"container\" data-e-type=\"container\" data-settings=\"{&quot;background_background&quot;:&quot;classic&quot;}\">\n\t\t\t\t<\/div>\n\t\t<div class=\"aux-parallax-section elementor-element elementor-element-c9080d9 e-flex e-con-boxed e-con e-parent\" data-id=\"c9080d9\" data-element_type=\"container\" data-e-type=\"container\">\n\t\t\t\t\t<div class=\"e-con-inner\">\n\t\t<div class=\"elementor-element elementor-element-4579ee2 e-con-full e-flex e-con e-child\" data-id=\"4579ee2\" data-element_type=\"container\" data-e-type=\"container\">\n\t\t\t\t<div class=\"elementor-element elementor-element-4309e26 elementor-widget-mobile__width-inherit elementor-widget elementor-widget-aux_modern_heading\" data-id=\"4309e26\" data-element_type=\"widget\" data-e-type=\"widget\" data-widget_type=\"aux_modern_heading.default\">\n\t\t\t\t<div class=\"elementor-widget-container\">\n\t\t\t\t\t<section class=\"aux-widget-modern-heading\">\n            <div class=\"aux-widget-inner\"><h1 class=\"aux-modern-heading-primary\">Impression locale Grand Est \u2013 Graphiste &amp; Partenaire imprimeur<\/h1><div class=\"aux-modern-heading-divider\"><\/div><div class=\"aux-modern-heading-description\"><p><strong data-start=\"610\" data-end=\"641\">Vous cherchez des imprimeurs du Nord Est<\/strong><strong data-start=\"680\" data-end=\"726\">, \u00e0 la fois rapide, fiable et de qualit\u00e9 ?<\/strong><br \/>Mon processus ne s\u2019arr\u00eate pas au design : je vous accompagne jusqu\u2019au produit final. Gr\u00e2ce \u00e0 mes partenariats avec des imprimeurs locaux dans le Grand Est, je vous propose un service cl\u00e9 en main, sans stress ni mauvaise surprise.<\/p><\/div><\/div>\n        <\/section>\t\t\t\t<\/div>\n\t\t\t\t<\/div>\n\t\t\t\t<\/div>\n\t\t<div class=\"elementor-element elementor-element-b824ec6 e-con-full e-flex e-con e-child\" data-id=\"b824ec6\" data-element_type=\"container\" data-e-type=\"container\">\n\t\t\t\t<div class=\"elementor-element elementor-element-f788776 elementor-widget elementor-widget-aux_image\" data-id=\"f788776\" data-element_type=\"widget\" data-e-type=\"widget\" data-widget_type=\"aux_image.default\">\n\t\t\t\t<div class=\"elementor-widget-container\">\n\t\t\t\t\t<section class=\"widget-container aux-widget-image aux-alignnone aux-parent-aud4eb9a16\">\n    <div class=\"aux-media-hint-frame \">\n        <div class=\"aux-media-image \" >\n        \n            \n\n            \n            <img fetchpriority=\"high\" decoding=\"async\" width=\"1024\" height=\"1024\" src=\"https:\/\/www.neskagraphicdesigner.com\/wp-content\/uploads\/2025\/07\/514558207_1237583177766390_5667801336583503463_n-1024x1024.jpg\" class=\"aux-attachment aux-featured-image aux-attachment-id-564\" alt=\"La main d&#039;un homme qui pourrait \u00eatre un des imprimeurs du Nord Est, celui ci est appuy\u00e9 sur une imprimante,\" srcset=\"https:\/\/www.neskagraphicdesigner.com\/wp-content\/uploads\/2025\/07\/514558207_1237583177766390_5667801336583503463_n-150x150.jpg 150w,https:\/\/www.neskagraphicdesigner.com\/wp-content\/uploads\/2025\/07\/514558207_1237583177766390_5667801336583503463_n-300x300.jpg 300w,https:\/\/www.neskagraphicdesigner.com\/wp-content\/uploads\/2025\/07\/514558207_1237583177766390_5667801336583503463_n-768x768.jpg 768w,https:\/\/www.neskagraphicdesigner.com\/wp-content\/uploads\/2025\/07\/514558207_1237583177766390_5667801336583503463_n-1024x1024.jpg 1024w\" data-ratio=\"1\" data-original-w=\"1024\" sizes=\"(max-width:479px) 480px,(max-width:767px) 768px,(max-width:1023px) 1024px,1024px\" \/>            \n                <\/div>\n    <\/div>\n\n<\/section><!-- widget-container -->\t\t\t\t<\/div>\n\t\t\t\t<\/div>\n\t\t\t\t<\/div>\n\t\t<div class=\"elementor-element elementor-element-a012c6b e-con-full e-flex e-con e-child\" data-id=\"a012c6b\" data-element_type=\"container\" data-e-type=\"container\">\n\t\t\t\t<div class=\"elementor-element elementor-element-eaaf345 elementor-widget elementor-widget-aux_image\" data-id=\"eaaf345\" data-element_type=\"widget\" data-e-type=\"widget\" data-widget_type=\"aux_image.default\">\n\t\t\t\t<div class=\"elementor-widget-container\">\n\t\t\t\t\t<section class=\"widget-container aux-widget-image aux-alignnone aux-parent-auf37659bf\">\n    <div class=\"aux-media-hint-frame \">\n        <div class=\"aux-media-image \" >\n        \n            \n\n            \n            <img decoding=\"async\" width=\"1024\" height=\"1024\" src=\"https:\/\/www.neskagraphicdesigner.com\/wp-content\/uploads\/2025\/07\/511545470_1262691465409948_6097883979751708789_n-1024x1024.jpg\" class=\"aux-attachment aux-featured-image aux-attachment-id-565\" alt=\"La main d&#039;un homme qui pourrait \u00eatre un des imprimeurs du Nord Est. Celui ci lis une notice devant ce qui semble \u00eatre une imprimante.\" srcset=\"https:\/\/www.neskagraphicdesigner.com\/wp-content\/uploads\/2025\/07\/511545470_1262691465409948_6097883979751708789_n-150x150.jpg 150w,https:\/\/www.neskagraphicdesigner.com\/wp-content\/uploads\/2025\/07\/511545470_1262691465409948_6097883979751708789_n-300x300.jpg 300w,https:\/\/www.neskagraphicdesigner.com\/wp-content\/uploads\/2025\/07\/511545470_1262691465409948_6097883979751708789_n-768x768.jpg 768w,https:\/\/www.neskagraphicdesigner.com\/wp-content\/uploads\/2025\/07\/511545470_1262691465409948_6097883979751708789_n-1024x1024.jpg 1024w\" data-ratio=\"1\" data-original-w=\"1024\" sizes=\"(max-width:479px) 480px,(max-width:767px) 768px,(max-width:1023px) 1024px,1024px\" \/>            \n                <\/div>\n    <\/div>\n\n<\/section><!-- widget-container -->\t\t\t\t<\/div>\n\t\t\t\t<\/div>\n\t\t\t\t<\/div>\n\t\t<div class=\"elementor-element elementor-element-e2a835f e-con-full e-flex e-con e-child\" data-id=\"e2a835f\" data-element_type=\"container\" data-e-type=\"container\">\n\t\t\t\t<div class=\"elementor-element elementor-element-9e325dd elementor-widget-mobile__width-inherit elementor-widget elementor-widget-aux_modern_heading\" data-id=\"9e325dd\" data-element_type=\"widget\" data-e-type=\"widget\" data-widget_type=\"aux_modern_heading.default\">\n\t\t\t\t<div class=\"elementor-widget-container\">\n\t\t\t\t\t<section class=\"aux-widget-modern-heading\">\n            <div class=\"aux-widget-inner\"><h2 class=\"aux-modern-heading-primary\">Pourquoi faire appel \u00e0 un imprimeur local ?<\/h2><h3 class=\"aux-modern-heading-secondary\"><span class=\"aux-head-before\">Faire appel \u00e0 un imprimeur local, c\u2019est choisir :<\/span><\/h3><div class=\"aux-modern-heading-divider\"><\/div><div class=\"aux-modern-heading-description\"><p>Pour commencer, des d\u00e9lais plus courts, une communication fluide, un meilleur suivi qualit\u00e9. En effet, travailler avec un acteur local permet de v\u00e9rifier les fichiers, d\u2019ajuster les supports si besoin, et de s\u2019assurer que l\u2019impression soit fid\u00e8le \u00e0 votre charte graphique. Par ailleurs, en favorisant un imprimeur de Moselle, vous soutenez une \u00e9conomie de proximit\u00e9 tout en profitant de tarifs comp\u00e9titifs. C\u2019est donc un choix \u00e0 la fois pratique et responsable.<\/p><\/div><\/div>\n        <\/section>\t\t\t\t<\/div>\n\t\t\t\t<\/div>\n\t\t\t\t<\/div>\n\t\t\t\t\t<\/div>\n\t\t\t\t<\/div>\n\t\t<div class=\"aux-parallax-section elementor-element elementor-element-f63928e e-flex e-con-boxed e-con e-parent\" data-id=\"f63928e\" data-element_type=\"container\" data-e-type=\"container\">\n\t\t\t\t\t<div class=\"e-con-inner\">\n\t\t\t\t<div class=\"elementor-element elementor-element-b02e287 elementor-widget-mobile__width-inherit elementor-widget elementor-widget-aux_modern_heading\" data-id=\"b02e287\" data-element_type=\"widget\" data-e-type=\"widget\" data-widget_type=\"aux_modern_heading.default\">\n\t\t\t\t<div class=\"elementor-widget-container\">\n\t\t\t\t\t<section class=\"aux-widget-modern-heading\">\n            <div class=\"aux-widget-inner\"><h2 class=\"aux-modern-heading-primary\"><\/h2><h2 class=\"aux-modern-heading-secondary\"><span class=\"aux-head-before\">Un accompagnement complet du design \u00e0 l\u2019impression<\/span><span class=\"aux-head-highlight\">au cot\u00e9s de nos imprimeurs du Nord Est<\/span><\/h2><div class=\"aux-modern-heading-divider\"><\/div><div class=\"aux-modern-heading-description\"><p data-start=\"1288\" data-end=\"1503\">En tant que <strong data-start=\"1300\" data-end=\"1334\">graphiste freelance en Moselle<\/strong>, je collabore avec des imprimeurs de confiance \u00e0 Thionville.<\/p><p data-start=\"1505\" data-end=\"1880\">D\u00e8s la cr\u00e9ation de vos supports (flyers, cartes de visite, affiches, menus, etc.), j\u2019anticipe les contraintes techniques d\u2019impression : marges, couleurs, fonds perdus, formats optimis\u00e9s\u2026<br data-start=\"1691\" data-end=\"1694\" \/>Ensuite, je transmets directement les fichiers \u00e0 l\u2019imprimeur, en veillant \u00e0 chaque \u00e9tape. Vous gagnez du temps, et surtout, vous obtenez un r\u00e9sultat parfaitement conforme \u00e0 vos attentes.<\/p><p data-start=\"1882\" data-end=\"2009\">De plus, je reste disponible pour toute v\u00e9rification ou ajustement en cas d\u2019impr\u00e9vu. Vous n\u2019\u00eates jamais seul dans votre projet.<\/p><p data-start=\"1882\" data-end=\"2009\">Pour finir, Je veille personnellement \u00e0 chaque \u00e9tape avec les <strong data-start=\"1227\" data-end=\"1248\">imprimeurs du Nord Est<\/strong>, ici m\u00eame en <strong data-start=\"1262\" data-end=\"1273\">Moselle<\/strong>.<\/p><\/div><\/div>\n        <\/section>\t\t\t\t<\/div>\n\t\t\t\t<\/div>\n\t\t\t\t\t<\/div>\n\t\t\t\t<\/div>\n\t\t<div class=\"aux-parallax-section elementor-element elementor-element-c87b69d e-flex e-con-boxed e-con e-parent\" data-id=\"c87b69d\" data-element_type=\"container\" data-e-type=\"container\" data-settings=\"{&quot;background_background&quot;:&quot;classic&quot;}\">\n\t\t\t\t\t<div class=\"e-con-inner\">\n\t\t<div class=\"elementor-element elementor-element-6b57b91 e-con-full e-flex e-con e-child\" data-id=\"6b57b91\" data-element_type=\"container\" data-e-type=\"container\">\n\t\t\t\t<div class=\"elementor-element elementor-element-ee029e5 elementor-widget-mobile__width-inherit elementor-widget elementor-widget-aux_modern_heading\" data-id=\"ee029e5\" data-element_type=\"widget\" data-e-type=\"widget\" data-widget_type=\"aux_modern_heading.default\">\n\t\t\t\t<div class=\"elementor-widget-container\">\n\t\t\t\t\t<section class=\"aux-widget-modern-heading\">\n            <div class=\"aux-widget-inner\"><h2 class=\"aux-modern-heading-primary\">Un partenariat de confiance, au service du rendu final<\/h2><div class=\"aux-modern-heading-divider\"><\/div><div class=\"aux-modern-heading-description\"><p>Pour garantir une qualit\u00e9 d\u2019impression irr\u00e9prochable, je collabore avec Solar Film Protect, un imprimeur local fiable, r\u00e9actif et soucieux du d\u00e9tail. Ensemble, nous donnons vie \u00e0 vos projets graphiques avec pr\u00e9cision et exigence.<\/p><\/div><\/div>\n        <\/section>\t\t\t\t<\/div>\n\t\t\t\t<\/div>\n\t\t\t\t<\/div>\n\t\t<div class=\"elementor-element elementor-element-0a55097 e-con-full e-flex e-con e-child\" data-id=\"0a55097\" data-element_type=\"container\" data-e-type=\"container\">\n\t\t\t\t<div class=\"elementor-element elementor-element-a80bcd1 elementor-widget elementor-widget-aux_image\" data-id=\"a80bcd1\" data-element_type=\"widget\" data-e-type=\"widget\" data-widget_type=\"aux_image.default\">\n\t\t\t\t<div class=\"elementor-widget-container\">\n\t\t\t\t\t<section class=\"widget-container aux-widget-image aux-alignnone aux-parent-au62c0c644\">\n    <div class=\"aux-media-hint-frame \">\n        <div class=\"aux-media-image \" >\n        \n            \n\n            \n            <img decoding=\"async\" width=\"1024\" height=\"1024\" src=\"https:\/\/www.neskagraphicdesigner.com\/wp-content\/uploads\/2025\/07\/515018190_759402326421727_6848609418033475075_n-1024x1024.jpg\" class=\"aux-attachment aux-featured-image aux-attachment-id-1128\" alt=\"Solar Film Protect \u00e0 Thionville et Luxembourg\" srcset=\"https:\/\/www.neskagraphicdesigner.com\/wp-content\/uploads\/2025\/07\/515018190_759402326421727_6848609418033475075_n-150x150.jpg 150w,https:\/\/www.neskagraphicdesigner.com\/wp-content\/uploads\/2025\/07\/515018190_759402326421727_6848609418033475075_n-300x300.jpg 300w,https:\/\/www.neskagraphicdesigner.com\/wp-content\/uploads\/2025\/07\/515018190_759402326421727_6848609418033475075_n-768x768.jpg 768w,https:\/\/www.neskagraphicdesigner.com\/wp-content\/uploads\/2025\/07\/515018190_759402326421727_6848609418033475075_n-1024x1024.jpg 1024w,https:\/\/www.neskagraphicdesigner.com\/wp-content\/uploads\/2025\/07\/515018190_759402326421727_6848609418033475075_n-1024x1024.jpg 1024w\" data-ratio=\"1\" data-original-w=\"1080\" sizes=\"(max-width:479px) 480px,(max-width:767px) 768px,(max-width:1023px) 1024px,1024px\" \/>            \n                <\/div>\n    <\/div>\n\n<\/section><!-- widget-container -->\t\t\t\t<\/div>\n\t\t\t\t<\/div>\n\t\t\t\t<\/div>\n\t\t<div class=\"elementor-element elementor-element-7b1cc23 e-con-full e-flex e-con e-child\" data-id=\"7b1cc23\" data-element_type=\"container\" data-e-type=\"container\">\n\t\t\t\t<div class=\"elementor-element elementor-element-5f0af91 elementor-widget__width-initial elementor-widget elementor-widget-aux_image\" data-id=\"5f0af91\" data-element_type=\"widget\" data-e-type=\"widget\" data-widget_type=\"aux_image.default\">\n\t\t\t\t<div class=\"elementor-widget-container\">\n\t\t\t\t\t<section class=\"widget-container aux-widget-image aux-alignnone aux-parent-au67b2ad3c\">\n    <div class=\"aux-media-hint-frame \">\n        <div class=\"aux-media-image aux-hover-active\" >\n                    <a class=\"\" href=\"https:\/\/www.solarfilmprotect.com\/?fbclid=IwY2xjawLXczxleHRuA2FlbQIxMQABHmn9VvbGFMPp8nxJxU4phGGAhJhCcMxyGayeWER4LAM9KDEdnDnbdB7FNKiB_aem_b-Iww6shgL75tGfOZl6pKQ\" data-elementor-open-lightbox=\"no\" data-original-width=\"2048\" data-original-height=\"882\" data-caption=\"514721241_1502482234095596_3651451246486962691_n\" target=\"_blank\"  >\n        \n            \n\n            \n            <img loading=\"lazy\" decoding=\"async\" width=\"2048\" height=\"882\" src=\"https:\/\/www.neskagraphicdesigner.com\/wp-content\/uploads\/2025\/07\/514721241_1502482234095596_3651451246486962691_n.png\" class=\"aux-attachment aux-featured-image aux-attachment-id-1129\" alt=\"Logo Solar film Portect\" data-ratio=\"2.32\" data-original-w=\"2048\" \/>            \n                    <\/a>\n                <\/div>\n    <\/div>\n\n<\/section><!-- widget-container -->\t\t\t\t<\/div>\n\t\t\t\t<\/div>\n\t\t\t\t<\/div>\n\t\t\t\t\t<\/div>\n\t\t\t\t<\/div>\n\t\t<div class=\"aux-parallax-section elementor-element elementor-element-0b672c2 e-flex e-con-boxed e-con e-parent\" data-id=\"0b672c2\" data-element_type=\"container\" data-e-type=\"container\">\n\t\t\t\t\t<div class=\"e-con-inner\">\n\t\t\t\t<div class=\"elementor-element elementor-element-a7f6605 elementor-widget-mobile__width-inherit elementor-widget elementor-widget-aux_modern_heading\" data-id=\"a7f6605\" data-element_type=\"widget\" data-e-type=\"widget\" data-widget_type=\"aux_modern_heading.default\">\n\t\t\t\t<div class=\"elementor-widget-container\">\n\t\t\t\t\t<section class=\"aux-widget-modern-heading\">\n            <div class=\"aux-widget-inner\"><h2 class=\"aux-modern-heading-primary\"><\/h2><div class=\"aux-modern-heading-divider\"><\/div><div class=\"aux-modern-heading-description\"><p>En r\u00e9sum\u00e9, je vous propose une solution compl\u00e8te, locale et professionnelle pour l\u2019ensemble de vos besoins en design et en impression. Ainsi, je travaille main dans la main avec des imprimeurs du Grand Est pour garantir un rendu final \u00e0 la hauteur de vos attentes.<\/p><\/div><\/div>\n        <\/section>\t\t\t\t<\/div>\n\t\t\t\t<\/div>\n\t\t<div class=\"elementor-element elementor-element-fd1dbd8 e-con-full e-flex e-con e-child\" data-id=\"fd1dbd8\" data-element_type=\"container\" data-e-type=\"container\">\n\t\t<div class=\"elementor-element elementor-element-cd56269 e-con-full e-flex e-con e-child\" data-id=\"cd56269\" data-element_type=\"container\" data-e-type=\"container\">\n\t\t\t\t<div class=\"elementor-element elementor-element-3b34461 elementor-widget-mobile__width-inherit elementor-widget elementor-widget-aux_modern_heading\" data-id=\"3b34461\" data-element_type=\"widget\" data-e-type=\"widget\" data-widget_type=\"aux_modern_heading.default\">\n\t\t\t\t<div class=\"elementor-widget-container\">\n\t\t\t\t\t<section class=\"aux-widget-modern-heading\">\n            <div class=\"aux-widget-inner\"><h2 class=\"aux-modern-heading-primary\">Laissez vous guid\u00e9 dans mon Univers Graphique<\/h2><div class=\"aux-modern-heading-divider\"><\/div><\/div>\n        <\/section>\t\t\t\t<\/div>\n\t\t\t\t<\/div>\n\t\t\t\t<\/div>\n\t\t\t\t<\/div>\n\t\t\t\t\t<\/div>\n\t\t\t\t<\/div>\n\t\t<div class=\"aux-parallax-section elementor-element elementor-element-cc1f33a e-flex e-con-boxed e-con e-parent\" data-id=\"cc1f33a\" data-element_type=\"container\" data-e-type=\"container\">\n\t\t\t\t\t<div class=\"e-con-inner\">\n\t\t<div class=\"elementor-element elementor-element-b748821 e-con-full e-flex e-con e-child\" data-id=\"b748821\" data-element_type=\"container\" data-e-type=\"container\">\n\t\t<div class=\"elementor-element elementor-element-145ead2 e-con-full e-flex e-con e-child\" data-id=\"145ead2\" data-element_type=\"container\" data-e-type=\"container\">\n\t\t\t\t<div class=\"elementor-element elementor-element-a5ab4c0 elementor-widget elementor-widget-aux_modern_button\" data-id=\"a5ab4c0\" data-element_type=\"widget\" data-e-type=\"widget\" data-widget_type=\"aux_modern_button.default\">\n\t\t\t\t<div class=\"elementor-widget-container\">\n\t\t\t\t\t    <div class=\"aux-modern-button-wrapper aux-modern-button-align-left\" >\n                    <a class=\"aux-modern-button aux-caution aux-modern-button-lg aux-modern-button-round aux-modern-button-default aux-icon-\" href=\"https:\/\/www.neskagraphicdesigner.com\/index.php\/prestations-graphiste-professionnelle-en-moselle\/\">\n                <div class=\"aux-overlay\"><\/div>\n                                    <div class=\"aux-icon \">\n                                            <\/div>\n                                <div class=\"aux-text\">\n<span class=\"aux-text-before\">MES PRESTATIONS<\/span>                <\/div>\n            <\/a>\n            \n    <\/div>\n\n    \t\t\t\t<\/div>\n\t\t\t\t<\/div>\n\t\t\t\t<\/div>\n\t\t<div class=\"elementor-element elementor-element-663245a e-con-full e-flex e-con e-child\" data-id=\"663245a\" data-element_type=\"container\" data-e-type=\"container\">\n\t\t\t\t<div class=\"elementor-element elementor-element-2f8333d elementor-widget-mobile__width-initial elementor-widget elementor-widget-aux_modern_button\" data-id=\"2f8333d\" data-element_type=\"widget\" data-e-type=\"widget\" data-widget_type=\"aux_modern_button.default\">\n\t\t\t\t<div class=\"elementor-widget-container\">\n\t\t\t\t\t    <div class=\"aux-modern-button-wrapper aux-modern-button-align-center\" >\n                    <a class=\"aux-modern-button aux-caution aux-modern-button-lg aux-modern-button-round aux-modern-button-default aux-icon-\" href=\"https:\/\/neskagraphicdesigner.myportfolio.com\/\">\n                <div class=\"aux-overlay\"><\/div>\n                                    <div class=\"aux-icon \">\n                                            <\/div>\n                                <div class=\"aux-text\">\n<span class=\"aux-text-before\">MON PORTFOLIO<\/span>                <\/div>\n            <\/a>\n            \n    <\/div>\n\n    \t\t\t\t<\/div>\n\t\t\t\t<\/div>\n\t\t\t\t<\/div>\n\t\t<div class=\"elementor-element elementor-element-433eba1 e-con-full e-flex e-con e-child\" data-id=\"433eba1\" data-element_type=\"container\" data-e-type=\"container\">\n\t\t\t\t<div class=\"elementor-element elementor-element-e41abb1 elementor-widget elementor-widget-aux_modern_button\" data-id=\"e41abb1\" data-element_type=\"widget\" data-e-type=\"widget\" data-widget_type=\"aux_modern_button.default\">\n\t\t\t\t<div class=\"elementor-widget-container\">\n\t\t\t\t\t    <div class=\"aux-modern-button-wrapper aux-modern-button-align-left\" >\n                    <a class=\"aux-modern-button aux-caution aux-modern-button-lg aux-modern-button-round aux-modern-button-default aux-icon-\" href=\"https:\/\/www.neskagraphicdesigner.com\/index.php\/contact-graphiste-moselle\/\">\n                <div class=\"aux-overlay\"><\/div>\n                                    <div class=\"aux-icon \">\n                                            <\/div>\n                                <div class=\"aux-text\">\n<span class=\"aux-text-before\">CONTACTEZ MOI<\/span>                <\/div>\n            <\/a>\n            \n    <\/div>\n\n    \t\t\t\t<\/div>\n\t\t\t\t<\/div>\n\t\t\t\t<\/div>\n\t\t\t\t<\/div>\n\t\t\t\t\t<\/div>\n\t\t\t\t<\/div>\n\t\t\t\t<\/div>\n\t\t","protected":false},"excerpt":{"rendered":"<p>Impression locale Grand Est \u2013 Graphiste &amp; Partenaire imprimeur Vous cherchez des imprimeurs du Nord Est, \u00e0 la fois rapide, fiable et de qualit\u00e9 ?Mon processus ne s\u2019arr\u00eate pas au design : je vous accompagne jusqu\u2019au produit final. Gr\u00e2ce \u00e0 mes partenariats avec des imprimeurs locaux dans le Grand Est, je vous propose un service [&hellip;]<\/p>\n","protected":false},"author":1,"featured_media":0,"parent":0,"menu_order":0,"comment_status":"closed","ping_status":"closed","template":"","meta":{"footnotes":""},"class_list":["post-561","page","type-page","status-publish","hentry"],"yoast_head":"<!-- This site is optimized with the Yoast SEO plugin v27.4 - https:\/\/yoast.com\/product\/yoast-seo-wordpress\/ -->\n<title>Imprimeurs du Nord Est \u2013 Les Partenaires pro de Neska<\/title>\n<meta name=\"description\" content=\"Neska collabore avec des imprimeurs du Nord Est pour vous garantir une impression professionnelle, rapide et de qualit\u00e9.\" \/>\n<meta name=\"robots\" content=\"index, follow, max-snippet:-1, max-image-preview:large, max-video-preview:-1\" \/>\n<link rel=\"canonical\" href=\"https:\/\/www.neskagraphicdesigner.com\/index.php\/imprimeurs-du-nord-est\/\" \/>\n<meta property=\"og:locale\" content=\"fr_FR\" \/>\n<meta property=\"og:type\" content=\"article\" \/>\n<meta property=\"og:title\" content=\"Imprimeurs du Nord Est \u2013 Les Partenaires pro de Neska\" \/>\n<meta property=\"og:description\" content=\"Neska collabore avec des imprimeurs du Nord Est pour vous garantir une impression professionnelle, rapide et de qualit\u00e9.\" \/>\n<meta property=\"og:url\" content=\"https:\/\/www.neskagraphicdesigner.com\/index.php\/imprimeurs-du-nord-est\/\" \/>\n<meta property=\"og:site_name\" content=\"Neska Graphic Designer\" \/>\n<meta property=\"article:modified_time\" content=\"2025-07-09T16:54:44+00:00\" \/>\n<meta property=\"og:image\" content=\"https:\/\/www.neskagraphicdesigner.com\/wp-content\/uploads\/2025\/07\/514558207_1237583177766390_5667801336583503463_n-1024x1024.jpg\" \/>\n<meta name=\"twitter:card\" content=\"summary_large_image\" \/>\n<meta name=\"twitter:label1\" content=\"Dur\u00e9e de lecture estim\u00e9e\" \/>\n\t<meta name=\"twitter:data1\" content=\"3 minutes\" \/>\n<script type=\"application\/ld+json\" class=\"yoast-schema-graph\">{\"@context\":\"https:\\\/\\\/schema.org\",\"@graph\":[{\"@type\":\"WebPage\",\"@id\":\"https:\\\/\\\/www.neskagraphicdesigner.com\\\/index.php\\\/imprimeurs-du-nord-est\\\/\",\"url\":\"https:\\\/\\\/www.neskagraphicdesigner.com\\\/index.php\\\/imprimeurs-du-nord-est\\\/\",\"name\":\"Imprimeurs du Nord Est \u2013 Les Partenaires pro de Neska\",\"isPartOf\":{\"@id\":\"https:\\\/\\\/www.neskagraphicdesigner.com\\\/#website\"},\"primaryImageOfPage\":{\"@id\":\"https:\\\/\\\/www.neskagraphicdesigner.com\\\/index.php\\\/imprimeurs-du-nord-est\\\/#primaryimage\"},\"image\":{\"@id\":\"https:\\\/\\\/www.neskagraphicdesigner.com\\\/index.php\\\/imprimeurs-du-nord-est\\\/#primaryimage\"},\"thumbnailUrl\":\"https:\\\/\\\/www.neskagraphicdesigner.com\\\/wp-content\\\/uploads\\\/2025\\\/07\\\/514558207_1237583177766390_5667801336583503463_n-1024x1024.jpg\",\"datePublished\":\"2025-07-03T22:24:28+00:00\",\"dateModified\":\"2025-07-09T16:54:44+00:00\",\"description\":\"Neska collabore avec des imprimeurs du Nord Est pour vous garantir une impression professionnelle, rapide et de qualit\u00e9.\",\"breadcrumb\":{\"@id\":\"https:\\\/\\\/www.neskagraphicdesigner.com\\\/index.php\\\/imprimeurs-du-nord-est\\\/#breadcrumb\"},\"inLanguage\":\"fr-FR\",\"potentialAction\":[{\"@type\":\"ReadAction\",\"target\":[\"https:\\\/\\\/www.neskagraphicdesigner.com\\\/index.php\\\/imprimeurs-du-nord-est\\\/\"]}]},{\"@type\":\"ImageObject\",\"inLanguage\":\"fr-FR\",\"@id\":\"https:\\\/\\\/www.neskagraphicdesigner.com\\\/index.php\\\/imprimeurs-du-nord-est\\\/#primaryimage\",\"url\":\"https:\\\/\\\/www.neskagraphicdesigner.com\\\/wp-content\\\/uploads\\\/2025\\\/07\\\/514558207_1237583177766390_5667801336583503463_n.jpg\",\"contentUrl\":\"https:\\\/\\\/www.neskagraphicdesigner.com\\\/wp-content\\\/uploads\\\/2025\\\/07\\\/514558207_1237583177766390_5667801336583503463_n.jpg\",\"width\":1024,\"height\":1024,\"caption\":\"La main d'un homme qui pourrait \u00eatre un des imprimeurs du Nord Est, celui ci est appuy\u00e9 sur une imprimante,\"},{\"@type\":\"BreadcrumbList\",\"@id\":\"https:\\\/\\\/www.neskagraphicdesigner.com\\\/index.php\\\/imprimeurs-du-nord-est\\\/#breadcrumb\",\"itemListElement\":[{\"@type\":\"ListItem\",\"position\":1,\"name\":\"Accueil\",\"item\":\"https:\\\/\\\/www.neskagraphicdesigner.com\\\/\"},{\"@type\":\"ListItem\",\"position\":2,\"name\":\"IMPRESSION\"}]},{\"@type\":\"WebSite\",\"@id\":\"https:\\\/\\\/www.neskagraphicdesigner.com\\\/#website\",\"url\":\"https:\\\/\\\/www.neskagraphicdesigner.com\\\/\",\"name\":\"Neska Graphic Designer\",\"description\":\"Cr\u00e9ations puissantes pour marques audacieuses\",\"publisher\":{\"@id\":\"https:\\\/\\\/www.neskagraphicdesigner.com\\\/#organization\"},\"potentialAction\":[{\"@type\":\"SearchAction\",\"target\":{\"@type\":\"EntryPoint\",\"urlTemplate\":\"https:\\\/\\\/www.neskagraphicdesigner.com\\\/?s={search_term_string}\"},\"query-input\":{\"@type\":\"PropertyValueSpecification\",\"valueRequired\":true,\"valueName\":\"search_term_string\"}}],\"inLanguage\":\"fr-FR\"},{\"@type\":\"Organization\",\"@id\":\"https:\\\/\\\/www.neskagraphicdesigner.com\\\/#organization\",\"name\":\"Neska Graphic Designer\",\"url\":\"https:\\\/\\\/www.neskagraphicdesigner.com\\\/\",\"logo\":{\"@type\":\"ImageObject\",\"inLanguage\":\"fr-FR\",\"@id\":\"https:\\\/\\\/www.neskagraphicdesigner.com\\\/#\\\/schema\\\/logo\\\/image\\\/\",\"url\":\"https:\\\/\\\/www.neskagraphicdesigner.com\\\/wp-content\\\/uploads\\\/2025\\\/07\\\/514469777_1430193564887611_8918043362756778719_n.jpg\",\"contentUrl\":\"https:\\\/\\\/www.neskagraphicdesigner.com\\\/wp-content\\\/uploads\\\/2025\\\/07\\\/514469777_1430193564887611_8918043362756778719_n.jpg\",\"width\":800,\"height\":400,\"caption\":\"Neska Graphic Designer\"},\"image\":{\"@id\":\"https:\\\/\\\/www.neskagraphicdesigner.com\\\/#\\\/schema\\\/logo\\\/image\\\/\"}}]}<\/script>\n<!-- \/ Yoast SEO plugin. -->","yoast_head_json":{"title":"Imprimeurs du Nord Est \u2013 Les Partenaires pro de Neska","description":"Neska collabore avec des imprimeurs du Nord Est pour vous garantir une impression professionnelle, rapide et de qualit\u00e9.","robots":{"index":"index","follow":"follow","max-snippet":"max-snippet:-1","max-image-preview":"max-image-preview:large","max-video-preview":"max-video-preview:-1"},"canonical":"https:\/\/www.neskagraphicdesigner.com\/index.php\/imprimeurs-du-nord-est\/","og_locale":"fr_FR","og_type":"article","og_title":"Imprimeurs du Nord Est \u2013 Les Partenaires pro de Neska","og_description":"Neska collabore avec des imprimeurs du Nord Est pour vous garantir une impression professionnelle, rapide et de qualit\u00e9.","og_url":"https:\/\/www.neskagraphicdesigner.com\/index.php\/imprimeurs-du-nord-est\/","og_site_name":"Neska Graphic Designer","article_modified_time":"2025-07-09T16:54:44+00:00","og_image":[{"url":"https:\/\/www.neskagraphicdesigner.com\/wp-content\/uploads\/2025\/07\/514558207_1237583177766390_5667801336583503463_n-1024x1024.jpg","type":"","width":"","height":""}],"twitter_card":"summary_large_image","twitter_misc":{"Dur\u00e9e de lecture estim\u00e9e":"3 minutes"},"schema":{"@context":"https:\/\/schema.org","@graph":[{"@type":"WebPage","@id":"https:\/\/www.neskagraphicdesigner.com\/index.php\/imprimeurs-du-nord-est\/","url":"https:\/\/www.neskagraphicdesigner.com\/index.php\/imprimeurs-du-nord-est\/","name":"Imprimeurs du Nord Est \u2013 Les Partenaires pro de Neska","isPartOf":{"@id":"https:\/\/www.neskagraphicdesigner.com\/#website"},"primaryImageOfPage":{"@id":"https:\/\/www.neskagraphicdesigner.com\/index.php\/imprimeurs-du-nord-est\/#primaryimage"},"image":{"@id":"https:\/\/www.neskagraphicdesigner.com\/index.php\/imprimeurs-du-nord-est\/#primaryimage"},"thumbnailUrl":"https:\/\/www.neskagraphicdesigner.com\/wp-content\/uploads\/2025\/07\/514558207_1237583177766390_5667801336583503463_n-1024x1024.jpg","datePublished":"2025-07-03T22:24:28+00:00","dateModified":"2025-07-09T16:54:44+00:00","description":"Neska collabore avec des imprimeurs du Nord Est pour vous garantir une impression professionnelle, rapide et de qualit\u00e9.","breadcrumb":{"@id":"https:\/\/www.neskagraphicdesigner.com\/index.php\/imprimeurs-du-nord-est\/#breadcrumb"},"inLanguage":"fr-FR","potentialAction":[{"@type":"ReadAction","target":["https:\/\/www.neskagraphicdesigner.com\/index.php\/imprimeurs-du-nord-est\/"]}]},{"@type":"ImageObject","inLanguage":"fr-FR","@id":"https:\/\/www.neskagraphicdesigner.com\/index.php\/imprimeurs-du-nord-est\/#primaryimage","url":"https:\/\/www.neskagraphicdesigner.com\/wp-content\/uploads\/2025\/07\/514558207_1237583177766390_5667801336583503463_n.jpg","contentUrl":"https:\/\/www.neskagraphicdesigner.com\/wp-content\/uploads\/2025\/07\/514558207_1237583177766390_5667801336583503463_n.jpg","width":1024,"height":1024,"caption":"La main d'un homme qui pourrait \u00eatre un des imprimeurs du Nord Est, celui ci est appuy\u00e9 sur une imprimante,"},{"@type":"BreadcrumbList","@id":"https:\/\/www.neskagraphicdesigner.com\/index.php\/imprimeurs-du-nord-est\/#breadcrumb","itemListElement":[{"@type":"ListItem","position":1,"name":"Accueil","item":"https:\/\/www.neskagraphicdesigner.com\/"},{"@type":"ListItem","position":2,"name":"IMPRESSION"}]},{"@type":"WebSite","@id":"https:\/\/www.neskagraphicdesigner.com\/#website","url":"https:\/\/www.neskagraphicdesigner.com\/","name":"Neska Graphic Designer","description":"Cr\u00e9ations puissantes pour marques audacieuses","publisher":{"@id":"https:\/\/www.neskagraphicdesigner.com\/#organization"},"potentialAction":[{"@type":"SearchAction","target":{"@type":"EntryPoint","urlTemplate":"https:\/\/www.neskagraphicdesigner.com\/?s={search_term_string}"},"query-input":{"@type":"PropertyValueSpecification","valueRequired":true,"valueName":"search_term_string"}}],"inLanguage":"fr-FR"},{"@type":"Organization","@id":"https:\/\/www.neskagraphicdesigner.com\/#organization","name":"Neska Graphic Designer","url":"https:\/\/www.neskagraphicdesigner.com\/","logo":{"@type":"ImageObject","inLanguage":"fr-FR","@id":"https:\/\/www.neskagraphicdesigner.com\/#\/schema\/logo\/image\/","url":"https:\/\/www.neskagraphicdesigner.com\/wp-content\/uploads\/2025\/07\/514469777_1430193564887611_8918043362756778719_n.jpg","contentUrl":"https:\/\/www.neskagraphicdesigner.com\/wp-content\/uploads\/2025\/07\/514469777_1430193564887611_8918043362756778719_n.jpg","width":800,"height":400,"caption":"Neska Graphic Designer"},"image":{"@id":"https:\/\/www.neskagraphicdesigner.com\/#\/schema\/logo\/image\/"}}]}},"_links":{"self":[{"href":"https:\/\/www.neskagraphicdesigner.com\/index.php\/wp-json\/wp\/v2\/pages\/561","targetHints":{"allow":["GET"]}}],"collection":[{"href":"https:\/\/www.neskagraphicdesigner.com\/index.php\/wp-json\/wp\/v2\/pages"}],"about":[{"href":"https:\/\/www.neskagraphicdesigner.com\/index.php\/wp-json\/wp\/v2\/types\/page"}],"author":[{"embeddable":true,"href":"https:\/\/www.neskagraphicdesigner.com\/index.php\/wp-json\/wp\/v2\/users\/1"}],"replies":[{"embeddable":true,"href":"https:\/\/www.neskagraphicdesigner.com\/index.php\/wp-json\/wp\/v2\/comments?post=561"}],"version-history":[{"count":76,"href":"https:\/\/www.neskagraphicdesigner.com\/index.php\/wp-json\/wp\/v2\/pages\/561\/revisions"}],"predecessor-version":[{"id":1604,"href":"https:\/\/www.neskagraphicdesigner.com\/index.php\/wp-json\/wp\/v2\/pages\/561\/revisions\/1604"}],"wp:attachment":[{"href":"https:\/\/www.neskagraphicdesigner.com\/index.php\/wp-json\/wp\/v2\/media?parent=561"}],"curies":[{"name":"wp","href":"https:\/\/api.w.org\/{rel}","templated":true}]}}