{"id":426,"date":"2025-07-03T19:30:01","date_gmt":"2025-07-03T19:30:01","guid":{"rendered":"https:\/\/www.neskagraphicdesigner.com\/?page_id=426"},"modified":"2025-07-09T20:26:41","modified_gmt":"2025-07-09T20:26:41","slug":"prestations-graphiste-professionnelle-en-moselle","status":"publish","type":"page","link":"https:\/\/www.neskagraphicdesigner.com\/index.php\/prestations-graphiste-professionnelle-en-moselle\/","title":{"rendered":"PRESTATIONS"},"content":{"rendered":"\t\t<div data-elementor-type=\"wp-page\" data-elementor-id=\"426\" class=\"elementor elementor-426\">\n\t\t\t\t<div class=\"aux-parallax-section elementor-element elementor-element-27ee494 e-flex e-con-boxed e-con e-parent\" data-id=\"27ee494\" data-element_type=\"container\" data-e-type=\"container\" data-settings=\"{&quot;background_background&quot;:&quot;classic&quot;}\">\n\t\t\t\t\t<div class=\"e-con-inner\">\n\t\t<div class=\"elementor-element elementor-element-4d85df1 e-con-full e-flex e-con e-child\" data-id=\"4d85df1\" data-element_type=\"container\" data-e-type=\"container\">\n\t\t\t\t<div class=\"elementor-element elementor-element-b6887d0 aux-appear-watch-animation aux-slide-from-top elementor-widget__width-initial elementor-widget elementor-widget-aux_modern_heading\" data-id=\"b6887d0\" data-element_type=\"widget\" data-e-type=\"widget\" data-widget_type=\"aux_modern_heading.default\">\n\t\t\t\t<div class=\"elementor-widget-container\">\n\t\t\t\t\t<section class=\"aux-widget-modern-heading\">\n            <div class=\"aux-widget-inner\"><h2 class=\"aux-modern-heading-primary\">D'une id\u00e9e jusqu'\u00e0 l'impression laissez vous guider.<\/h2><\/div>\n        <\/section>\t\t\t\t<\/div>\n\t\t\t\t<\/div>\n\t\t\t\t<\/div>\n\t\t<div class=\"elementor-element elementor-element-4712387 e-con-full e-flex e-con e-child\" data-id=\"4712387\" data-element_type=\"container\" data-e-type=\"container\" data-settings=\"{&quot;background_background&quot;:&quot;classic&quot;}\">\n\t\t\t\t<\/div>\n\t\t\t\t<div class=\"elementor-element elementor-element-28df919 elementor-widget__width-auto aux-appear-watch-animation aux-fade-in-right-1 elementor-widget elementor-widget-aux_icon_list\" data-id=\"28df919\" data-element_type=\"widget\" data-e-type=\"widget\" data-widget_type=\"aux_icon_list.default\">\n\t\t\t\t<div class=\"elementor-widget-container\">\n\t\t\t\t\t<section class=\"widget-container aux-widget-icon-list aux-parent-au17a17886\"><div class=\"widget-inner\"><div class=\"aux-widget-icon-list-inner\"><ul class=\"aux-icon-list-items aux-direction-horizontal\"><li class=\"aux-icon-list-item aux-list-item-has-icon aux-icon-list-item-baaf2db elementor-repeater-item-baaf2db\"><a class=\"aux-icon-list-link\" href=\"https:\/\/www.linkedin.com\/in\/constance-duch%C3%AAne-661606312?utm_source=share&#038;utm_campaign=share_via&#038;utm_content=profile&#038;utm_medium=ios_app&#038;fbclid=IwY2xjawLP3yNleHRuA2FlbQIxMQABHktcaNkyznFNjHWGQSfRio1Hn7OWqKrV8GBY0bEhvkxy8guEgb_DtZzOJx6B_aem_RnPrMLAzIu6Mk-JAtEzBDw\"><i aria-hidden=\"true\" class=\"aux-icon-list-icon fab fa-linkedin\"><\/i><span class=\"aux-icon-list-text\">Linkedin<\/span><\/a><\/li><li class=\"aux-icon-list-item aux-list-item-has-icon aux-icon-list-item-f329162 elementor-repeater-item-f329162\"><a class=\"aux-icon-list-link\" href=\"https:\/\/www.instagram.com\/neska_tattoo\/\"><i aria-hidden=\"true\" class=\"aux-icon-list-icon fab fa-instagram\"><\/i><span class=\"aux-icon-list-text\">Instagram<\/span><\/a><\/li><li class=\"aux-icon-list-item aux-list-item-has-icon aux-icon-list-item-3a0e188 elementor-repeater-item-3a0e188\"><a class=\"aux-icon-list-link\" href=\"https:\/\/www.behance.net\/neskatattoo?fbclid=IwY2xjawLP39dleHRuA2FlbQIxMQABHhT55-QtsAuWxhj-ILSwhWjwOr_LkUJCvK_GlR3NqW84q6-eSIVTDT1nUD2N_aem_pZq0gXpMlPU6XBG4Zr5F3A\"><i aria-hidden=\"true\" class=\"aux-icon-list-icon fab fa-behance-square\"><\/i><span class=\"aux-icon-list-text\">Behance<\/span><\/a><\/li><\/ul><\/div><\/div><\/section><!-- widget-container -->\t\t\t\t<\/div>\n\t\t\t\t<\/div>\n\t\t\t\t\t<\/div>\n\t\t\t\t<\/div>\n\t\t<div class=\"aux-parallax-section elementor-element elementor-element-eac7ffd e-flex e-con-boxed e-con e-parent\" data-id=\"eac7ffd\" data-element_type=\"container\" data-e-type=\"container\">\n\t\t\t\t\t<div class=\"e-con-inner\">\n\t\t\t\t<div class=\"elementor-element elementor-element-d8821b0 elementor-widget-mobile__width-inherit elementor-widget__width-inherit elementor-widget elementor-widget-aux_modern_heading\" data-id=\"d8821b0\" data-element_type=\"widget\" data-e-type=\"widget\" data-widget_type=\"aux_modern_heading.default\">\n\t\t\t\t<div class=\"elementor-widget-container\">\n\t\t\t\t\t<section class=\"aux-widget-modern-heading\">\n            <div class=\"aux-widget-inner\"><h1 class=\"aux-modern-heading-primary\">Prestations \u2013 Graphiste professionnelle en Moselle | Neska Graphic Designer<\/h1><div class=\"aux-modern-heading-divider\"><\/div><div class=\"aux-modern-heading-description\"><p>Vous cherchez une graphiste professionnelle en Moselle pour vous accompagner dans la cr\u00e9ation de votre identit\u00e9 visuelle et de tous vos supports de communication ? Je vous propose des prestations sur-mesure, pens\u00e9es pour r\u00e9v\u00e9ler votre image de marque avec coh\u00e9rence, impact et cr\u00e9ativit\u00e9.<\/p><\/div><\/div>\n        <\/section>\t\t\t\t<\/div>\n\t\t\t\t<\/div>\n\t\t\t\t\t<\/div>\n\t\t\t\t<\/div>\n\t\t<div class=\"aux-parallax-section elementor-element elementor-element-0cbf75f e-flex e-con-boxed e-con e-parent\" data-id=\"0cbf75f\" data-element_type=\"container\" data-e-type=\"container\">\n\t\t\t\t\t<div class=\"e-con-inner\">\n\t\t\t\t<div class=\"elementor-element elementor-element-8bb7a69 elementor-widget elementor-widget-spacer\" data-id=\"8bb7a69\" data-element_type=\"widget\" data-e-type=\"widget\" data-widget_type=\"spacer.default\">\n\t\t\t\t<div class=\"elementor-widget-container\">\n\t\t\t\t\t\t\t<div class=\"elementor-spacer\">\n\t\t\t<div class=\"elementor-spacer-inner\"><\/div>\n\t\t<\/div>\n\t\t\t\t\t\t<\/div>\n\t\t\t\t<\/div>\n\t\t\t\t<div class=\"elementor-element elementor-element-d89ffaa elementor-widget-mobile__width-initial elementor-widget elementor-widget-aux_modern_heading\" data-id=\"d89ffaa\" data-element_type=\"widget\" data-e-type=\"widget\" data-widget_type=\"aux_modern_heading.default\">\n\t\t\t\t<div class=\"elementor-widget-container\">\n\t\t\t\t\t<section class=\"aux-widget-modern-heading\">\n            <div class=\"aux-widget-inner\"><h2 class=\"aux-modern-heading-primary\"><\/h2><h3 class=\"aux-modern-heading-secondary\"><span class=\"aux-head-before\">Bien s\u00fbr, cette liste n\u2019est pas exhaustive :<\/span><span class=\"aux-head-highlight\">chaque projet est unique, et je m\u2019adapte \u00e0 vos besoins sp\u00e9cifiques.<\/span><\/h3><div class=\"aux-modern-heading-divider\"><\/div><\/div>\n        <\/section>\t\t\t\t<\/div>\n\t\t\t\t<\/div>\n\t\t\t\t\t<\/div>\n\t\t\t\t<\/div>\n\t\t<div class=\"aux-parallax-section elementor-element elementor-element-f46f283 e-con-full e-flex e-con e-parent\" data-id=\"f46f283\" data-element_type=\"container\" data-e-type=\"container\">\n\t\t\t\t<div class=\"elementor-element elementor-element-b94beaf elementor-widget-mobile__width-initial elementor-widget__width-initial elementor-widget elementor-widget-aux_modern_heading\" data-id=\"b94beaf\" data-element_type=\"widget\" data-e-type=\"widget\" data-widget_type=\"aux_modern_heading.default\">\n\t\t\t\t<div class=\"elementor-widget-container\">\n\t\t\t\t\t<section class=\"aux-widget-modern-heading\">\n            <div class=\"aux-widget-inner\"><h2 class=\"aux-modern-heading-primary\">Identit\u00e9 visuelle &amp; branding<\/h2><div class=\"aux-modern-heading-divider\"><\/div><div class=\"aux-modern-heading-description\"><blockquote><ul><li data-start=\"868\" data-end=\"874\"><p style=\"text-align: left\" data-start=\"870\" data-end=\"874\">Logo<\/p><\/li><li style=\"text-align: left\" data-start=\"875\" data-end=\"893\"><p data-start=\"877\" data-end=\"893\">Charte graphique<\/p><\/li><li style=\"text-align: left\" data-start=\"894\" data-end=\"913\"><p data-start=\"896\" data-end=\"913\">Identit\u00e9 visuelle<\/p><\/li><li style=\"text-align: left\" data-start=\"957\" data-end=\"976\"><p data-start=\"959\" data-end=\"976\">En-t\u00eates de mails<\/p><\/li><li style=\"text-align: left\" data-start=\"977\" data-end=\"1006\"><p data-start=\"979\" data-end=\"1006\">Mod\u00e8les de devis \/ factures<\/p><\/li><li style=\"text-align: left\" data-start=\"1007\" data-end=\"1037\"><p data-start=\"1009\" data-end=\"1037\">Illustrations personnalis\u00e9es<\/p><\/li><li data-start=\"1007\" data-end=\"1037\"><p style=\"text-align: left\" data-start=\"1009\" data-end=\"1037\">Stickers &amp; d\u00e9clinaisons<\/p><\/li><\/ul><\/blockquote><\/div><\/div>\n        <\/section>\t\t\t\t<\/div>\n\t\t\t\t<\/div>\n\t\t\t\t<div class=\"elementor-element elementor-element-6fe108e elementor-widget-mobile__width-initial elementor-widget__width-initial elementor-widget elementor-widget-aux_modern_heading\" data-id=\"6fe108e\" data-element_type=\"widget\" data-e-type=\"widget\" data-widget_type=\"aux_modern_heading.default\">\n\t\t\t\t<div class=\"elementor-widget-container\">\n\t\t\t\t\t<section class=\"aux-widget-modern-heading\">\n            <div class=\"aux-widget-inner\"><h2 class=\"aux-modern-heading-primary\">Supports imprim\u00e9s &amp; signal\u00e9tique<\/h2><div class=\"aux-modern-heading-divider\"><\/div><div class=\"aux-modern-heading-description\"><blockquote><ul><li data-start=\"1177\" data-end=\"1195\"><p style=\"text-align: left\" data-start=\"1179\" data-end=\"1195\">Cartes de visite<\/p><\/li><li style=\"text-align: left\" data-start=\"1196\" data-end=\"1215\"><p data-start=\"1198\" data-end=\"1215\">Flyers &amp; affiches<\/p><\/li><li style=\"text-align: left\" data-start=\"1216\" data-end=\"1240\"><p data-start=\"1218\" data-end=\"1240\">Panneaux publicitaires<\/p><\/li><li style=\"text-align: left\" data-start=\"1241\" data-end=\"1253\"><p data-start=\"1243\" data-end=\"1253\">Banderoles<\/p><\/li><li style=\"text-align: left\" data-start=\"1254\" data-end=\"1263\"><p data-start=\"1256\" data-end=\"1263\">Roll-Up<\/p><\/li><li style=\"text-align: left\" data-start=\"1273\" data-end=\"1284\"><p data-start=\"1275\" data-end=\"1284\">Enseignes<\/p><\/li><li style=\"text-align: left\" data-start=\"1285\" data-end=\"1298\"><p data-start=\"1287\" data-end=\"1298\">Vitrophanie<\/p><\/li><li style=\"text-align: left\" data-start=\"1299\" data-end=\"1313\"><p data-start=\"1301\" data-end=\"1313\">Signal\u00e9tique<\/p><\/li><li data-start=\"1314\" data-end=\"1333\"><p style=\"text-align: left\" data-start=\"1316\" data-end=\"1333\">Covering v\u00e9hicule<\/p><\/li><\/ul><\/blockquote><\/div><\/div>\n        <\/section>\t\t\t\t<\/div>\n\t\t\t\t<\/div>\n\t\t\t\t<div class=\"elementor-element elementor-element-6694d7a elementor-widget-mobile__width-initial elementor-widget__width-initial elementor-widget elementor-widget-aux_modern_heading\" data-id=\"6694d7a\" data-element_type=\"widget\" data-e-type=\"widget\" data-widget_type=\"aux_modern_heading.default\">\n\t\t\t\t<div class=\"elementor-widget-container\">\n\t\t\t\t\t<section class=\"aux-widget-modern-heading\">\n            <div class=\"aux-widget-inner\"><h2 class=\"aux-modern-heading-primary\">Communication digitale &amp; r\u00e9seaux sociaux<\/h2><div class=\"aux-modern-heading-divider\"><\/div><div class=\"aux-modern-heading-description\"><blockquote><ul data-start=\"1458\" data-end=\"1653\"><li data-start=\"1458\" data-end=\"1482\"><p style=\"text-align: left\" data-start=\"1460\" data-end=\"1482\">Design r\u00e9seaux sociaux<\/p><\/li><li style=\"text-align: left\" data-start=\"1483\" data-end=\"1522\"><p data-start=\"1485\" data-end=\"1522\">Banni\u00e8res (web \/ Facebook \/ YouTube\u2026)<\/p><\/li><li style=\"text-align: left\" data-start=\"1523\" data-end=\"1559\"><p data-start=\"1525\" data-end=\"1559\">Cr\u00e9ation de contenu visuel digital<\/p><\/li><li style=\"text-align: left\" data-start=\"1560\" data-end=\"1597\"><p data-start=\"1562\" data-end=\"1597\">Strat\u00e9gie de communication digitale<\/p><\/li><li style=\"text-align: left\" data-start=\"1598\" data-end=\"1630\"><p data-start=\"1600\" data-end=\"1630\">Accompagnement r\u00e9seaux sociaux<\/p><\/li><li data-start=\"1631\" data-end=\"1653\"><p style=\"text-align: left\" data-start=\"1633\" data-end=\"1653\">Strat\u00e9gies marketing<\/p><\/li><\/ul><\/blockquote><\/div><\/div>\n        <\/section>\t\t\t\t<\/div>\n\t\t\t\t<\/div>\n\t\t\t\t<div class=\"elementor-element elementor-element-d7d8276 elementor-widget-mobile__width-initial elementor-widget__width-initial elementor-widget-tablet__width-initial elementor-widget elementor-widget-aux_modern_heading\" data-id=\"d7d8276\" data-element_type=\"widget\" data-e-type=\"widget\" data-widget_type=\"aux_modern_heading.default\">\n\t\t\t\t<div class=\"elementor-widget-container\">\n\t\t\t\t\t<section class=\"aux-widget-modern-heading\">\n            <div class=\"aux-widget-inner\"><h2 class=\"aux-modern-heading-primary\">Projets personnalis\u00e9s &amp; sur mesure<\/h2><div class=\"aux-modern-heading-divider\"><\/div><div class=\"aux-modern-heading-description\"><blockquote><ul data-start=\"1745\" data-end=\"1897\"><li data-start=\"1745\" data-end=\"1791\"><p style=\"text-align: left\" data-start=\"1747\" data-end=\"1791\">Faire-part (bapt\u00eame, mariage, anniversaire\u2026)<\/p><\/li><li style=\"text-align: left\" data-start=\"1792\" data-end=\"1823\"><p data-start=\"1794\" data-end=\"1823\">Design textiles &amp; accessoires<\/p><\/li><li style=\"text-align: left\" data-start=\"1824\" data-end=\"1852\"><p data-start=\"1826\" data-end=\"1852\">CV &amp; lettres de motivation<\/p><\/li><li data-start=\"1853\" data-end=\"1897\"><p style=\"text-align: left\" data-start=\"1855\" data-end=\"1897\">Visuels num\u00e9riques &amp; imprim\u00e9s selon projet<\/p><\/li><\/ul><\/blockquote><\/div><\/div>\n        <\/section>\t\t\t\t<\/div>\n\t\t\t\t<\/div>\n\t\t<div class=\"elementor-element elementor-element-d31930a e-con-full e-flex e-con e-child\" data-id=\"d31930a\" data-element_type=\"container\" data-e-type=\"container\">\n\t\t\t\t<div class=\"elementor-element elementor-element-ae06f2e elementor-widget elementor-widget-aux_image\" data-id=\"ae06f2e\" data-element_type=\"widget\" data-e-type=\"widget\" data-widget_type=\"aux_image.default\">\n\t\t\t\t<div class=\"elementor-widget-container\">\n\t\t\t\t\t<section class=\"widget-container aux-widget-image aux-alignnone aux-parent-au0a563376\">\n    <div class=\"aux-media-hint-frame \">\n        <div class=\"aux-media-image \" >\n        \n            \n\n            \n            <img fetchpriority=\"high\" decoding=\"async\" width=\"2000\" height=\"1448\" src=\"https:\/\/www.neskagraphicdesigner.com\/wp-content\/uploads\/2025\/07\/510312922_595625173207063_1073984546081805178_n.jpg\" class=\"aux-attachment aux-featured-image aux-attachment-id-391\" alt=\"Ceci est un Roll-up r\u00e9alis\u00e9 par Neska, graphiste professionnelle en Moselle\" data-ratio=\"1.38\" data-original-w=\"2000\" \/>            \n                <\/div>\n    <\/div>\n\n<\/section><!-- widget-container -->\t\t\t\t<\/div>\n\t\t\t\t<\/div>\n\t\t\t\t<\/div>\n\t\t\t\t<\/div>\n\t\t<div class=\"aux-parallax-section elementor-element elementor-element-74c9d66 e-flex e-con-boxed e-con e-parent\" data-id=\"74c9d66\" data-element_type=\"container\" data-e-type=\"container\">\n\t\t\t\t\t<div class=\"e-con-inner\">\n\t\t<div class=\"elementor-element elementor-element-31021a5 e-con-full e-flex e-con e-child\" data-id=\"31021a5\" data-element_type=\"container\" data-e-type=\"container\">\n\t\t\t\t<div class=\"elementor-element elementor-element-5d61932 elementor-widget-mobile__width-inherit elementor-widget elementor-widget-aux_modern_heading\" data-id=\"5d61932\" data-element_type=\"widget\" data-e-type=\"widget\" data-widget_type=\"aux_modern_heading.default\">\n\t\t\t\t<div class=\"elementor-widget-container\">\n\t\t\t\t\t<section class=\"aux-widget-modern-heading\">\n            <div class=\"aux-widget-inner\"><h2 class=\"aux-modern-heading-primary\">Identit\u00e9 visuelle &amp; branding<\/h2><div class=\"aux-modern-heading-divider\"><\/div><div class=\"aux-modern-heading-description\"><p>Tout commence par une identit\u00e9 forte.<br \/>Je con\u00e7ois votre logo, votre charte graphique compl\u00e8te et leurs d\u00e9clinaisons (mod\u00e8les de devis, cartes de visite, signatures d\u2019email\u2026). Ensuite, je veille \u00e0 ce que chaque visuel refl\u00e8te parfaitement votre univers. En effet, une bonne premi\u00e8re impression passe toujours par une identit\u00e9 claire et professionnelle.<\/p><\/div><\/div>\n        <\/section>\t\t\t\t<\/div>\n\t\t\t\t<\/div>\n\t\t\t\t<\/div>\n\t\t<div class=\"elementor-element elementor-element-b83a128 e-con-full e-flex e-con e-child\" data-id=\"b83a128\" data-element_type=\"container\" data-e-type=\"container\">\n\t\t\t\t<div class=\"elementor-element elementor-element-45789eb elementor-widget elementor-widget-aux_image\" data-id=\"45789eb\" data-element_type=\"widget\" data-e-type=\"widget\" data-widget_type=\"aux_image.default\">\n\t\t\t\t<div class=\"elementor-widget-container\">\n\t\t\t\t\t<section class=\"widget-container aux-widget-image aux-alignnone aux-parent-au229a3e10\">\n    <div class=\"aux-media-hint-frame \">\n        <div class=\"aux-media-image aux-hover-active aux-media-frame aux-lightbox-frame\" >\n                    <a class=\"aux-lightbox-btn\" href=\"https:\/\/www.neskagraphicdesigner.com\/wp-content\/uploads\/2025\/07\/A4_Flyer_Mockup_1-copie-scaled.jpg\" data-elementor-open-lightbox=\"no\" data-original-width=\"2560\" data-original-height=\"1920\" data-caption=\"A4_Flyer_Mockup_1 copie\" target=\"_self\"  >\n        \n            \n\n                            <div class='aux-hover-scale-circle-plus'>\n                    <span class='aux-symbol-plus'><\/span>\n                    <span class='aux-symbol-circle'><\/span>\n                <\/div>\n            \n                                <div class=\"aux-frame-mask aux-frame-darken\">\n                        <img decoding=\"async\" width=\"1024\" height=\"1024\" src=\"https:\/\/www.neskagraphicdesigner.com\/wp-content\/uploads\/2025\/07\/A4_Flyer_Mockup_1-copie-1024x1024.jpg\" class=\"aux-attachment aux-featured-image aux-attachment-id-897\" alt=\"A4_Flyer_Mockup_1 copie\" srcset=\"https:\/\/www.neskagraphicdesigner.com\/wp-content\/uploads\/2025\/07\/A4_Flyer_Mockup_1-copie-150x150.jpg 150w,https:\/\/www.neskagraphicdesigner.com\/wp-content\/uploads\/2025\/07\/A4_Flyer_Mockup_1-copie-300x300.jpg 300w,https:\/\/www.neskagraphicdesigner.com\/wp-content\/uploads\/2025\/07\/A4_Flyer_Mockup_1-copie-768x768.jpg 768w,https:\/\/www.neskagraphicdesigner.com\/wp-content\/uploads\/2025\/07\/A4_Flyer_Mockup_1-copie-1024x1024.jpg 1024w,https:\/\/www.neskagraphicdesigner.com\/wp-content\/uploads\/2025\/07\/A4_Flyer_Mockup_1-copie-1024x1024.jpg 1024w\" data-ratio=\"1\" data-original-w=\"2560\" sizes=\"(max-width:479px) 480px,(max-width:767px) 768px,(max-width:1023px) 1024px,1024px\" \/>                    <\/div>\n                            \n                    <\/a>\n                <\/div>\n    <\/div>\n\n<\/section><!-- widget-container -->\t\t\t\t<\/div>\n\t\t\t\t<\/div>\n\t\t\t\t<\/div>\n\t\t<div class=\"elementor-element elementor-element-17e6e13 e-con-full e-flex e-con e-child\" data-id=\"17e6e13\" data-element_type=\"container\" data-e-type=\"container\">\n\t\t\t\t<div class=\"elementor-element elementor-element-c99cd5b elementor-widget-mobile__width-inherit elementor-widget elementor-widget-aux_modern_heading\" data-id=\"c99cd5b\" data-element_type=\"widget\" data-e-type=\"widget\" data-widget_type=\"aux_modern_heading.default\">\n\t\t\t\t<div class=\"elementor-widget-container\">\n\t\t\t\t\t<section class=\"aux-widget-modern-heading\">\n            <div class=\"aux-widget-inner\"><h2 class=\"aux-modern-heading-primary\">Supports imprim\u00e9s &amp; signal\u00e9tique\n<\/h2><div class=\"aux-modern-heading-divider\"><\/div><div class=\"aux-modern-heading-description\"><p data-start=\"1091\" data-end=\"1398\">Flyers, affiches, panneaux, roll-ups, covering v\u00e9hicule, totems\u2026 Je m\u2019occupe de la cr\u00e9ation de tous vos supports imprim\u00e9s.<br data-start=\"1213\" data-end=\"1216\" \/>De plus, gr\u00e2ce \u00e0 mes partenariats avec des imprimeurs locaux en Moselle, vous b\u00e9n\u00e9ficiez d\u2019un accompagnement complet, de la cr\u00e9ation \u00e0 l\u2019impression, sans stress ni mauvaise surprise.<\/p><\/div><\/div>\n        <\/section>\t\t\t\t<\/div>\n\t\t\t\t<\/div>\n\t\t\t\t<\/div>\n\t\t\t\t\t<\/div>\n\t\t\t\t<\/div>\n\t\t<div class=\"aux-parallax-section elementor-element elementor-element-b3bc49a e-flex e-con-boxed e-con e-parent\" data-id=\"b3bc49a\" data-element_type=\"container\" data-e-type=\"container\">\n\t\t\t\t\t<div class=\"e-con-inner\">\n\t\t<div class=\"elementor-element elementor-element-4c0c5d2 e-con-full e-flex e-con e-child\" data-id=\"4c0c5d2\" data-element_type=\"container\" data-e-type=\"container\">\n\t\t\t\t<div class=\"elementor-element elementor-element-ec3bacd elementor-widget-mobile__width-inherit elementor-widget elementor-widget-aux_modern_heading\" data-id=\"ec3bacd\" data-element_type=\"widget\" data-e-type=\"widget\" data-widget_type=\"aux_modern_heading.default\">\n\t\t\t\t<div class=\"elementor-widget-container\">\n\t\t\t\t\t<section class=\"aux-widget-modern-heading\">\n            <div class=\"aux-widget-inner\"><h2 class=\"aux-modern-heading-primary\">Communication digitale &amp; r\u00e9seaux sociaux\n<\/h2><div class=\"aux-modern-heading-divider\"><\/div><div class=\"aux-modern-heading-description\"><p style=\"text-align: center\">Aujourd\u2019hui, une pr\u00e9sence digitale forte est indispensable.<br data-start=\"1510\" data-end=\"1513\" \/>Je vous aide \u00e0 cr\u00e9er des visuels pour vos r\u00e9seaux sociaux, vos banni\u00e8res en ligne, vos newsletters ou m\u00eame vos visuels publicitaires. De plus, je peux vous accompagner dans la mise en place d\u2019une strat\u00e9gie de contenu coh\u00e9rente et align\u00e9e avec votre image.<\/p><\/div><\/div>\n        <\/section>\t\t\t\t<\/div>\n\t\t\t\t<\/div>\n\t\t\t\t<\/div>\n\t\t<div class=\"elementor-element elementor-element-c1c5ecc e-con-full e-flex e-con e-child\" data-id=\"c1c5ecc\" data-element_type=\"container\" data-e-type=\"container\">\n\t\t\t\t<div class=\"elementor-element elementor-element-9853ad1 elementor-widget-mobile__width-inherit elementor-widget elementor-widget-aux_modern_heading\" data-id=\"9853ad1\" data-element_type=\"widget\" data-e-type=\"widget\" data-widget_type=\"aux_modern_heading.default\">\n\t\t\t\t<div class=\"elementor-widget-container\">\n\t\t\t\t\t<section class=\"aux-widget-modern-heading\">\n            <div class=\"aux-widget-inner\"><h2 class=\"aux-modern-heading-primary\">Design sur-mesure &amp; projets sp\u00e9ciaux<\/h2><div class=\"aux-modern-heading-divider\"><\/div><div class=\"aux-modern-heading-description\"><p data-start=\"1091\" data-end=\"1398\">Faire-parts, illustrations, stickers, CV design, textile, vitrines\u2026 Chaque projet est unique.<br data-start=\"1910\" data-end=\"1913\" \/>Je m\u2019adapte \u00e0 vos besoins pour vous proposer des cr\u00e9ations graphiques originales et impactantes, quel que soit le support ou le secteur.<\/p><\/div><\/div>\n        <\/section>\t\t\t\t<\/div>\n\t\t\t\t<\/div>\n\t\t\t\t<\/div>\n\t\t<div class=\"elementor-element elementor-element-b3736da e-con-full e-flex e-con e-child\" data-id=\"b3736da\" data-element_type=\"container\" data-e-type=\"container\">\n\t\t\t\t<div class=\"elementor-element elementor-element-e0458eb elementor-widget elementor-widget-aux_image\" data-id=\"e0458eb\" data-element_type=\"widget\" data-e-type=\"widget\" data-widget_type=\"aux_image.default\">\n\t\t\t\t<div class=\"elementor-widget-container\">\n\t\t\t\t\t<section class=\"widget-container aux-widget-image aux-alignnone aux-parent-au6a3553d3\">\n    <div class=\"aux-media-hint-frame \">\n        <div class=\"aux-media-image \" >\n        \n            \n\n            \n            <img decoding=\"async\" width=\"1024\" height=\"1024\" src=\"https:\/\/www.neskagraphicdesigner.com\/wp-content\/uploads\/2025\/07\/Hand-Holding-Tote-Bag-Mockup-copie-1024x1024.jpg\" class=\"aux-attachment aux-featured-image aux-attachment-id-902\" alt=\"Une main de femme tient un sac style sac de course, beige avec un logo en son centre.\" srcset=\"https:\/\/www.neskagraphicdesigner.com\/wp-content\/uploads\/2025\/07\/Hand-Holding-Tote-Bag-Mockup-copie-150x150.jpg 150w,https:\/\/www.neskagraphicdesigner.com\/wp-content\/uploads\/2025\/07\/Hand-Holding-Tote-Bag-Mockup-copie-300x300.jpg 300w,https:\/\/www.neskagraphicdesigner.com\/wp-content\/uploads\/2025\/07\/Hand-Holding-Tote-Bag-Mockup-copie-768x768.jpg 768w,https:\/\/www.neskagraphicdesigner.com\/wp-content\/uploads\/2025\/07\/Hand-Holding-Tote-Bag-Mockup-copie-1024x1024.jpg 1024w,https:\/\/www.neskagraphicdesigner.com\/wp-content\/uploads\/2025\/07\/Hand-Holding-Tote-Bag-Mockup-copie-1024x1024.jpg 1024w\" data-ratio=\"1\" data-original-w=\"1707\" sizes=\"(max-width:479px) 480px,(max-width:767px) 768px,(max-width:1023px) 1024px,1024px\" \/>            \n                <\/div>\n    <\/div>\n\n<\/section><!-- widget-container -->\t\t\t\t<\/div>\n\t\t\t\t<\/div>\n\t\t\t\t<\/div>\n\t\t\t\t\t<\/div>\n\t\t\t\t<\/div>\n\t\t<div class=\"aux-parallax-section elementor-element elementor-element-ccf16f4 e-flex e-con-boxed e-con e-parent\" data-id=\"ccf16f4\" data-element_type=\"container\" data-e-type=\"container\">\n\t\t\t\t\t<div class=\"e-con-inner\">\n\t\t<div class=\"elementor-element elementor-element-763a3d9 e-con-full e-flex e-con e-child\" data-id=\"763a3d9\" data-element_type=\"container\" data-e-type=\"container\">\n\t\t\t\t<div class=\"elementor-element elementor-element-a7cf04a elementor-widget elementor-widget-spacer\" data-id=\"a7cf04a\" data-element_type=\"widget\" data-e-type=\"widget\" data-widget_type=\"spacer.default\">\n\t\t\t\t<div class=\"elementor-widget-container\">\n\t\t\t\t\t\t\t<div class=\"elementor-spacer\">\n\t\t\t<div class=\"elementor-spacer-inner\"><\/div>\n\t\t<\/div>\n\t\t\t\t\t\t<\/div>\n\t\t\t\t<\/div>\n\t\t\t\t<\/div>\n\t\t\t\t<div class=\"elementor-element elementor-element-a9e5913 elementor-widget-mobile__width-inherit elementor-widget elementor-widget-aux_modern_heading\" data-id=\"a9e5913\" data-element_type=\"widget\" data-e-type=\"widget\" data-widget_type=\"aux_modern_heading.default\">\n\t\t\t\t<div class=\"elementor-widget-container\">\n\t\t\t\t\t<section class=\"aux-widget-modern-heading\">\n            <div class=\"aux-widget-inner\"><h2 class=\"aux-modern-heading-primary\">Envie d\u2019en discuter ?<\/h2><div class=\"aux-modern-heading-divider\"><\/div><div class=\"aux-modern-heading-description\"><p>En r\u00e9sum\u00e9, je suis graphiste professionnelle en Moselle, et je vous accompagne dans tous vos projets de communication visuelle, du premier croquis \u00e0 l\u2019impression finale.<\/p><\/div><\/div>\n        <\/section>\t\t\t\t<\/div>\n\t\t\t\t<\/div>\n\t\t\t\t\t<\/div>\n\t\t\t\t<\/div>\n\t\t<div class=\"aux-parallax-section elementor-element elementor-element-15311ce e-con-full e-flex e-con e-parent\" data-id=\"15311ce\" data-element_type=\"container\" data-e-type=\"container\">\n\t\t<div class=\"elementor-element elementor-element-20dc42b e-con-full e-flex e-con e-child\" data-id=\"20dc42b\" data-element_type=\"container\" data-e-type=\"container\">\n\t\t\t\t<div class=\"elementor-element elementor-element-4928f60 elementor-widget__width-auto aux-appear-watch-animation aux-slide-from-left elementor-widget-mobile__width-initial elementor-widget elementor-widget-aux_modern_button\" data-id=\"4928f60\" data-element_type=\"widget\" data-e-type=\"widget\" data-widget_type=\"aux_modern_button.default\">\n\t\t\t\t<div class=\"elementor-widget-container\">\n\t\t\t\t\t    <div class=\"aux-modern-button-wrapper aux-modern-button-align-right\" >\n                    <a class=\"aux-modern-button aux-black aux-modern-button-md aux-modern-button-normal aux-modern-button-default aux-icon-\" href=\"https:\/\/www.neskagraphicdesigner.com\/index.php\/neska-graphiste\/\">\n                <div class=\"aux-overlay\"><\/div>\n                                    <div class=\"aux-icon \">\n                                            <\/div>\n                                <div class=\"aux-text\">\n<span class=\"aux-text-before\">A PROPOS DE MOI<\/span>                <\/div>\n            <\/a>\n            \n    <\/div>\n\n    \t\t\t\t<\/div>\n\t\t\t\t<\/div>\n\t\t\t\t<\/div>\n\t\t\t\t<\/div>\n\t\t<div class=\"aux-parallax-section elementor-element elementor-element-a0b8434 e-con-full e-flex e-con e-parent\" data-id=\"a0b8434\" data-element_type=\"container\" data-e-type=\"container\" data-settings=\"{&quot;background_background&quot;:&quot;classic&quot;}\">\n\t\t\t\t<div class=\"elementor-element elementor-element-16d66ea elementor-widget-mobile__width-initial elementor-widget__width-initial elementor-widget elementor-widget-aux_modern_heading\" data-id=\"16d66ea\" data-element_type=\"widget\" data-e-type=\"widget\" data-widget_type=\"aux_modern_heading.default\">\n\t\t\t\t<div class=\"elementor-widget-container\">\n\t\t\t\t\t<section class=\"aux-widget-modern-heading\">\n            <div class=\"aux-widget-inner\"><h4 class=\"aux-modern-heading-primary\">Retrouvez quelques-unes de mes cr\u00e9ations en d\u00e9couvrant mon Portfolio num\u00e9rique<\/h4><div class=\"aux-modern-heading-divider\"><\/div><\/div>\n        <\/section>\t\t\t\t<\/div>\n\t\t\t\t<\/div>\n\t\t\t\t<div class=\"elementor-element elementor-element-14cf535 elementor-widget__width-initial aux-appear-watch-animation aux-slide-from-left elementor-widget-mobile__width-initial elementor-widget-tablet__width-initial elementor-widget elementor-widget-aux_modern_button\" data-id=\"14cf535\" data-element_type=\"widget\" data-e-type=\"widget\" data-widget_type=\"aux_modern_button.default\">\n\t\t\t\t<div class=\"elementor-widget-container\">\n\t\t\t\t\t    <div class=\"aux-modern-button-wrapper aux-modern-button-align-right\" >\n                    <a class=\"aux-modern-button aux-black aux-modern-button-md aux-modern-button-normal aux-modern-button-default aux-icon-\" href=\"https:\/\/neskagraphicdesigner.myportfolio.com\/\">\n                <div class=\"aux-overlay\"><\/div>\n                                    <div class=\"aux-icon \">\n                                            <\/div>\n                                <div class=\"aux-text\">\n<span class=\"aux-text-before\">Portfolio<\/span>                <\/div>\n            <\/a>\n            \n    <\/div>\n\n    \t\t\t\t<\/div>\n\t\t\t\t<\/div>\n\t\t\t\t<\/div>\n\t\t<div class=\"aux-parallax-section elementor-element elementor-element-42a992f e-flex e-con-boxed e-con e-parent\" data-id=\"42a992f\" data-element_type=\"container\" data-e-type=\"container\">\n\t\t\t\t\t<div class=\"e-con-inner\">\n\t\t\t\t<div class=\"elementor-element elementor-element-266249f elementor-widget elementor-widget-spacer\" data-id=\"266249f\" data-element_type=\"widget\" data-e-type=\"widget\" data-widget_type=\"spacer.default\">\n\t\t\t\t<div class=\"elementor-widget-container\">\n\t\t\t\t\t\t\t<div class=\"elementor-spacer\">\n\t\t\t<div class=\"elementor-spacer-inner\"><\/div>\n\t\t<\/div>\n\t\t\t\t\t\t<\/div>\n\t\t\t\t<\/div>\n\t\t\t\t<div class=\"elementor-element elementor-element-071711c elementor-widget-mobile__width-initial elementor-widget elementor-widget-aux_modern_heading\" data-id=\"071711c\" data-element_type=\"widget\" data-e-type=\"widget\" data-widget_type=\"aux_modern_heading.default\">\n\t\t\t\t<div class=\"elementor-widget-container\">\n\t\t\t\t\t<section class=\"aux-widget-modern-heading\">\n            <div class=\"aux-widget-inner\"><h2 class=\"aux-modern-heading-primary\">OSEZ \u00caTRE VOUS \u2013 Ma cr\u00e9ation offerte, rien que pour vous<\/h2><div class=\"aux-modern-heading-divider\"><\/div><\/div>\n        <\/section>\t\t\t\t<\/div>\n\t\t\t\t<\/div>\n\t\t\t\t\t<\/div>\n\t\t\t\t<\/div>\n\t\t<div class=\"aux-parallax-section elementor-element elementor-element-f0b4d32 e-flex e-con-boxed e-con e-parent\" data-id=\"f0b4d32\" data-element_type=\"container\" data-e-type=\"container\">\n\t\t\t\t\t<div class=\"e-con-inner\">\n\t\t<div class=\"elementor-element elementor-element-a8c742d e-con-full e-flex e-con e-child\" data-id=\"a8c742d\" data-element_type=\"container\" data-e-type=\"container\" data-settings=\"{&quot;background_background&quot;:&quot;classic&quot;}\">\n\t\t\t\t<div class=\"elementor-element elementor-element-932d1d2 elementor-widget elementor-widget-aux_image\" data-id=\"932d1d2\" data-element_type=\"widget\" data-e-type=\"widget\" data-widget_type=\"aux_image.default\">\n\t\t\t\t<div class=\"elementor-widget-container\">\n\t\t\t\t\t<section class=\"widget-container aux-widget-image aux-alignnone aux-parent-au638dfc67\">\n    <div class=\"aux-media-hint-frame \">\n        <div class=\"aux-media-image aux-hover-active aux-media-frame aux-lightbox-frame\" >\n                    <a class=\"aux-lightbox-btn\" href=\"https:\/\/www.neskagraphicdesigner.com\/wp-content\/uploads\/2025\/07\/510396225_596556906825014_7736794749134534909_n.jpg\" data-elementor-open-lightbox=\"no\" data-original-width=\"1448\" data-original-height=\"2000\" data-caption=\"510396225_596556906825014_7736794749134534909_n\" target=\"_self\"  >\n        \n            \n\n                            <div class='aux-hover-scale-circle-plus'>\n                    <span class='aux-symbol-plus'><\/span>\n                    <span class='aux-symbol-circle'><\/span>\n                <\/div>\n            \n                                <div class=\"aux-frame-mask aux-frame-darken\">\n                        <img loading=\"lazy\" decoding=\"async\" width=\"1448\" height=\"2000\" src=\"https:\/\/www.neskagraphicdesigner.com\/wp-content\/uploads\/2025\/07\/510396225_596556906825014_7736794749134534909_n.jpg\" class=\"aux-attachment aux-featured-image aux-attachment-id-543\" alt=\"Ceci est une affiche, con\u00e7u par Neska, graphiste professionnelle en Moselle. Cela repr\u00e9sente une citation de confiance en soi.\" data-ratio=\"0.72\" data-original-w=\"1448\" \/>                    <\/div>\n                            \n                    <\/a>\n                <\/div>\n    <\/div>\n\n<\/section><!-- widget-container -->\t\t\t\t<\/div>\n\t\t\t\t<\/div>\n\t\t\t\t<\/div>\n\t\t<div class=\"elementor-element elementor-element-1cd9d08 e-con-full e-flex e-con e-child\" data-id=\"1cd9d08\" data-element_type=\"container\" data-e-type=\"container\">\n\t\t<div class=\"elementor-element elementor-element-0e608b7 e-con-full e-flex e-con e-child\" data-id=\"0e608b7\" data-element_type=\"container\" data-e-type=\"container\">\n\t\t\t\t<div class=\"elementor-element elementor-element-24c6f66 elementor-widget-mobile__width-initial elementor-widget__width-initial elementor-widget elementor-widget-aux_modern_heading\" data-id=\"24c6f66\" data-element_type=\"widget\" data-e-type=\"widget\" data-widget_type=\"aux_modern_heading.default\">\n\t\t\t\t<div class=\"elementor-widget-container\">\n\t\t\t\t\t<section class=\"aux-widget-modern-heading\">\n            <div class=\"aux-widget-inner\"><h2 class=\"aux-modern-heading-primary\">T\u00e9l\u00e9chargez gratuitement cette affiche offerte<\/h2><div class=\"aux-modern-heading-divider\"><\/div><\/div>\n        <\/section>\t\t\t\t<\/div>\n\t\t\t\t<\/div>\n\t\t\t\t<\/div>\n\t\t<div class=\"elementor-element elementor-element-8028452 e-con-full e-flex e-con e-child\" data-id=\"8028452\" data-element_type=\"container\" data-e-type=\"container\">\n\t\t\t\t<div class=\"elementor-element elementor-element-18cbef8 elementor-mobile-align-center elementor-widget elementor-widget-bdt-advanced-button\" data-id=\"18cbef8\" data-element_type=\"widget\" data-e-type=\"widget\" data-widget_type=\"bdt-advanced-button.default\">\n\t\t\t\t<div class=\"elementor-widget-container\">\n\t\t\t\t\t\t\t<div class=\"bdt-ep-button-wrapper\">\n\t\t\t<a href=\"https:\/\/www.neskagraphicdesigner.com\/wp-content\/uploads\/2025\/07\/OSER-PAR-NESKA.pdf\" target=\"_blank\" rel=\"nofollow\" class=\"bdt-ep-button bdt-ep-button-effect-a bdt-ep-button-size-lg elementor-animation-buzz-out\">\n\t\t\t\t\t\t<div class=\"bdt-ep-button-content-wrapper bdt-flex bdt-flex-middle bdt-flex-center  \" data-text=\"RECUPERER MON AFFICHE\">\n\t\t\t\t\t\t\t<div class=\"bdt-ep-button-icon bdt-flex-center bdt-flex-align-left\">\n\t\t\t\t\t<div class=\"bdt-ep-button-icon-inner\">\n\n\t\t\t\t\t\t<i aria-hidden=\"true\" class=\"fa-fw fas fa-hand-holding-heart\"><\/i>\n\t\t\t\t\t<\/div>\n\t\t\t\t<\/div>\n\t\t\t\n\t\t\t<div class=\"bdt-ep-button-text\">\n\n\t\t\t\t<span class=\"avdbtn-text\">\n\t\t\t\t\tRECUPERER MON AFFICHE\t\t\t\t<\/span>\n\n\t\t\t\t\t\t\t<\/div>\n\n\t\t\t\n\t\t<\/div>\n\t\t\t\t\t<\/a>\n\t\t<\/div>\n\t\t\t\t\t\t<\/div>\n\t\t\t\t<\/div>\n\t\t\t\t<\/div>\n\t\t<div class=\"elementor-element elementor-element-23f0ae3 e-con-full e-flex e-con e-child\" data-id=\"23f0ae3\" data-element_type=\"container\" data-e-type=\"container\">\n\t\t\t\t<div class=\"elementor-element elementor-element-31ebbc6 elementor-widget elementor-widget-aux_modern_heading\" data-id=\"31ebbc6\" data-element_type=\"widget\" data-e-type=\"widget\" data-widget_type=\"aux_modern_heading.default\">\n\t\t\t\t<div class=\"elementor-widget-container\">\n\t\t\t\t\t<section class=\"aux-widget-modern-heading\">\n            <div class=\"aux-widget-inner\"><h2 class=\"aux-modern-heading-primary\"><\/h2><div class=\"aux-modern-heading-divider\"><\/div><div class=\"aux-modern-heading-description\"><p data-start=\"100\" data-end=\"403\">Enfin, pour vous remercier de votre visite, je vous offre une affiche exclusive illustr\u00e9e d'une citation que j\u2019ai \u00e9crite.<\/p><p>En cons\u00e9quence, un mot fort, \u00e0 afficher chez soi ou \u00e0 garder pr\u00e8s de soi, comme un rappel doux et puissant de ce que vous \u00eates capable de devenir.<\/p><\/div><\/div>\n        <\/section>\t\t\t\t<\/div>\n\t\t\t\t<\/div>\n\t\t\t\t<\/div>\n\t\t\t\t<\/div>\n\t\t\t\t\t<\/div>\n\t\t\t\t<\/div>\n\t\t\t\t<\/div>\n\t\t","protected":false},"excerpt":{"rendered":"<p>D&rsquo;une id\u00e9e jusqu&rsquo;\u00e0 l&rsquo;impression laissez vous guider. Linkedin Instagram Behance Prestations \u2013 Graphiste professionnelle en Moselle | Neska Graphic Designer Vous cherchez une graphiste professionnelle en Moselle pour vous accompagner dans la cr\u00e9ation de votre identit\u00e9 visuelle et de tous vos supports de communication ? Je vous propose des prestations sur-mesure, pens\u00e9es pour r\u00e9v\u00e9ler votre [&hellip;]<\/p>\n","protected":false},"author":1,"featured_media":0,"parent":0,"menu_order":0,"comment_status":"closed","ping_status":"closed","template":"elementor_theme","meta":{"footnotes":""},"class_list":["post-426","page","type-page","status-publish","hentry"],"yoast_head":"<!-- This site is optimized with the Yoast SEO plugin v27.4 - https:\/\/yoast.com\/product\/yoast-seo-wordpress\/ -->\n<title>Graphiste professionnelle en Moselle | Prestations \u2013 Neska<\/title>\n<meta name=\"description\" content=\"Graphiste professionnelle en Moselle, je propose des prestations sur-mesure : identit\u00e9 visuelle, r\u00e9seaux sociaux, signal\u00e9tique &amp; plus encore.\" \/>\n<meta name=\"robots\" content=\"index, follow, max-snippet:-1, max-image-preview:large, max-video-preview:-1\" \/>\n<link rel=\"canonical\" href=\"https:\/\/www.neskagraphicdesigner.com\/index.php\/prestations-graphiste-professionnelle-en-moselle\/\" \/>\n<meta property=\"og:locale\" content=\"fr_FR\" \/>\n<meta property=\"og:type\" content=\"article\" \/>\n<meta property=\"og:title\" content=\"Graphiste professionnelle en Moselle | Prestations \u2013 Neska\" \/>\n<meta property=\"og:description\" content=\"Graphiste professionnelle en Moselle, je propose des prestations sur-mesure : identit\u00e9 visuelle, r\u00e9seaux sociaux, signal\u00e9tique &amp; plus encore.\" \/>\n<meta property=\"og:url\" content=\"https:\/\/www.neskagraphicdesigner.com\/index.php\/prestations-graphiste-professionnelle-en-moselle\/\" \/>\n<meta property=\"og:site_name\" content=\"Neska Graphic Designer\" \/>\n<meta property=\"article:modified_time\" content=\"2025-07-09T20:26:41+00:00\" \/>\n<meta property=\"og:image\" content=\"https:\/\/www.neskagraphicdesigner.com\/wp-content\/uploads\/2025\/07\/510312922_595625173207063_1073984546081805178_n.jpg\" \/>\n<meta name=\"twitter:card\" content=\"summary_large_image\" \/>\n<meta name=\"twitter:label1\" content=\"Dur\u00e9e de lecture estim\u00e9e\" \/>\n\t<meta name=\"twitter:data1\" content=\"3 minutes\" \/>\n<script type=\"application\/ld+json\" class=\"yoast-schema-graph\">{\"@context\":\"https:\\\/\\\/schema.org\",\"@graph\":[{\"@type\":\"WebPage\",\"@id\":\"https:\\\/\\\/www.neskagraphicdesigner.com\\\/index.php\\\/prestations-graphiste-professionnelle-en-moselle\\\/\",\"url\":\"https:\\\/\\\/www.neskagraphicdesigner.com\\\/index.php\\\/prestations-graphiste-professionnelle-en-moselle\\\/\",\"name\":\"Graphiste professionnelle en Moselle | Prestations \u2013 Neska\",\"isPartOf\":{\"@id\":\"https:\\\/\\\/www.neskagraphicdesigner.com\\\/#website\"},\"primaryImageOfPage\":{\"@id\":\"https:\\\/\\\/www.neskagraphicdesigner.com\\\/index.php\\\/prestations-graphiste-professionnelle-en-moselle\\\/#primaryimage\"},\"image\":{\"@id\":\"https:\\\/\\\/www.neskagraphicdesigner.com\\\/index.php\\\/prestations-graphiste-professionnelle-en-moselle\\\/#primaryimage\"},\"thumbnailUrl\":\"https:\\\/\\\/www.neskagraphicdesigner.com\\\/wp-content\\\/uploads\\\/2025\\\/07\\\/510312922_595625173207063_1073984546081805178_n.jpg\",\"datePublished\":\"2025-07-03T19:30:01+00:00\",\"dateModified\":\"2025-07-09T20:26:41+00:00\",\"description\":\"Graphiste professionnelle en Moselle, je propose des prestations sur-mesure : identit\u00e9 visuelle, r\u00e9seaux sociaux, signal\u00e9tique & plus encore.\",\"breadcrumb\":{\"@id\":\"https:\\\/\\\/www.neskagraphicdesigner.com\\\/index.php\\\/prestations-graphiste-professionnelle-en-moselle\\\/#breadcrumb\"},\"inLanguage\":\"fr-FR\",\"potentialAction\":[{\"@type\":\"ReadAction\",\"target\":[\"https:\\\/\\\/www.neskagraphicdesigner.com\\\/index.php\\\/prestations-graphiste-professionnelle-en-moselle\\\/\"]}]},{\"@type\":\"ImageObject\",\"inLanguage\":\"fr-FR\",\"@id\":\"https:\\\/\\\/www.neskagraphicdesigner.com\\\/index.php\\\/prestations-graphiste-professionnelle-en-moselle\\\/#primaryimage\",\"url\":\"https:\\\/\\\/www.neskagraphicdesigner.com\\\/wp-content\\\/uploads\\\/2025\\\/07\\\/510312922_595625173207063_1073984546081805178_n.jpg\",\"contentUrl\":\"https:\\\/\\\/www.neskagraphicdesigner.com\\\/wp-content\\\/uploads\\\/2025\\\/07\\\/510312922_595625173207063_1073984546081805178_n.jpg\",\"width\":2000,\"height\":1448,\"caption\":\"Ceci est un Roll-up r\u00e9alis\u00e9 par Neska, graphiste professionnelle en Moselle\"},{\"@type\":\"BreadcrumbList\",\"@id\":\"https:\\\/\\\/www.neskagraphicdesigner.com\\\/index.php\\\/prestations-graphiste-professionnelle-en-moselle\\\/#breadcrumb\",\"itemListElement\":[{\"@type\":\"ListItem\",\"position\":1,\"name\":\"Accueil\",\"item\":\"https:\\\/\\\/www.neskagraphicdesigner.com\\\/\"},{\"@type\":\"ListItem\",\"position\":2,\"name\":\"PRESTATIONS\"}]},{\"@type\":\"WebSite\",\"@id\":\"https:\\\/\\\/www.neskagraphicdesigner.com\\\/#website\",\"url\":\"https:\\\/\\\/www.neskagraphicdesigner.com\\\/\",\"name\":\"Neska Graphic Designer\",\"description\":\"Cr\u00e9ations puissantes pour marques audacieuses\",\"publisher\":{\"@id\":\"https:\\\/\\\/www.neskagraphicdesigner.com\\\/#organization\"},\"potentialAction\":[{\"@type\":\"SearchAction\",\"target\":{\"@type\":\"EntryPoint\",\"urlTemplate\":\"https:\\\/\\\/www.neskagraphicdesigner.com\\\/?s={search_term_string}\"},\"query-input\":{\"@type\":\"PropertyValueSpecification\",\"valueRequired\":true,\"valueName\":\"search_term_string\"}}],\"inLanguage\":\"fr-FR\"},{\"@type\":\"Organization\",\"@id\":\"https:\\\/\\\/www.neskagraphicdesigner.com\\\/#organization\",\"name\":\"Neska Graphic Designer\",\"url\":\"https:\\\/\\\/www.neskagraphicdesigner.com\\\/\",\"logo\":{\"@type\":\"ImageObject\",\"inLanguage\":\"fr-FR\",\"@id\":\"https:\\\/\\\/www.neskagraphicdesigner.com\\\/#\\\/schema\\\/logo\\\/image\\\/\",\"url\":\"https:\\\/\\\/www.neskagraphicdesigner.com\\\/wp-content\\\/uploads\\\/2025\\\/07\\\/514469777_1430193564887611_8918043362756778719_n.jpg\",\"contentUrl\":\"https:\\\/\\\/www.neskagraphicdesigner.com\\\/wp-content\\\/uploads\\\/2025\\\/07\\\/514469777_1430193564887611_8918043362756778719_n.jpg\",\"width\":800,\"height\":400,\"caption\":\"Neska Graphic Designer\"},\"image\":{\"@id\":\"https:\\\/\\\/www.neskagraphicdesigner.com\\\/#\\\/schema\\\/logo\\\/image\\\/\"}}]}<\/script>\n<!-- \/ Yoast SEO plugin. -->","yoast_head_json":{"title":"Graphiste professionnelle en Moselle | Prestations \u2013 Neska","description":"Graphiste professionnelle en Moselle, je propose des prestations sur-mesure : identit\u00e9 visuelle, r\u00e9seaux sociaux, signal\u00e9tique & plus encore.","robots":{"index":"index","follow":"follow","max-snippet":"max-snippet:-1","max-image-preview":"max-image-preview:large","max-video-preview":"max-video-preview:-1"},"canonical":"https:\/\/www.neskagraphicdesigner.com\/index.php\/prestations-graphiste-professionnelle-en-moselle\/","og_locale":"fr_FR","og_type":"article","og_title":"Graphiste professionnelle en Moselle | Prestations \u2013 Neska","og_description":"Graphiste professionnelle en Moselle, je propose des prestations sur-mesure : identit\u00e9 visuelle, r\u00e9seaux sociaux, signal\u00e9tique & plus encore.","og_url":"https:\/\/www.neskagraphicdesigner.com\/index.php\/prestations-graphiste-professionnelle-en-moselle\/","og_site_name":"Neska Graphic Designer","article_modified_time":"2025-07-09T20:26:41+00:00","og_image":[{"url":"https:\/\/www.neskagraphicdesigner.com\/wp-content\/uploads\/2025\/07\/510312922_595625173207063_1073984546081805178_n.jpg","type":"","width":"","height":""}],"twitter_card":"summary_large_image","twitter_misc":{"Dur\u00e9e de lecture estim\u00e9e":"3 minutes"},"schema":{"@context":"https:\/\/schema.org","@graph":[{"@type":"WebPage","@id":"https:\/\/www.neskagraphicdesigner.com\/index.php\/prestations-graphiste-professionnelle-en-moselle\/","url":"https:\/\/www.neskagraphicdesigner.com\/index.php\/prestations-graphiste-professionnelle-en-moselle\/","name":"Graphiste professionnelle en Moselle | Prestations \u2013 Neska","isPartOf":{"@id":"https:\/\/www.neskagraphicdesigner.com\/#website"},"primaryImageOfPage":{"@id":"https:\/\/www.neskagraphicdesigner.com\/index.php\/prestations-graphiste-professionnelle-en-moselle\/#primaryimage"},"image":{"@id":"https:\/\/www.neskagraphicdesigner.com\/index.php\/prestations-graphiste-professionnelle-en-moselle\/#primaryimage"},"thumbnailUrl":"https:\/\/www.neskagraphicdesigner.com\/wp-content\/uploads\/2025\/07\/510312922_595625173207063_1073984546081805178_n.jpg","datePublished":"2025-07-03T19:30:01+00:00","dateModified":"2025-07-09T20:26:41+00:00","description":"Graphiste professionnelle en Moselle, je propose des prestations sur-mesure : identit\u00e9 visuelle, r\u00e9seaux sociaux, signal\u00e9tique & plus encore.","breadcrumb":{"@id":"https:\/\/www.neskagraphicdesigner.com\/index.php\/prestations-graphiste-professionnelle-en-moselle\/#breadcrumb"},"inLanguage":"fr-FR","potentialAction":[{"@type":"ReadAction","target":["https:\/\/www.neskagraphicdesigner.com\/index.php\/prestations-graphiste-professionnelle-en-moselle\/"]}]},{"@type":"ImageObject","inLanguage":"fr-FR","@id":"https:\/\/www.neskagraphicdesigner.com\/index.php\/prestations-graphiste-professionnelle-en-moselle\/#primaryimage","url":"https:\/\/www.neskagraphicdesigner.com\/wp-content\/uploads\/2025\/07\/510312922_595625173207063_1073984546081805178_n.jpg","contentUrl":"https:\/\/www.neskagraphicdesigner.com\/wp-content\/uploads\/2025\/07\/510312922_595625173207063_1073984546081805178_n.jpg","width":2000,"height":1448,"caption":"Ceci est un Roll-up r\u00e9alis\u00e9 par Neska, graphiste professionnelle en Moselle"},{"@type":"BreadcrumbList","@id":"https:\/\/www.neskagraphicdesigner.com\/index.php\/prestations-graphiste-professionnelle-en-moselle\/#breadcrumb","itemListElement":[{"@type":"ListItem","position":1,"name":"Accueil","item":"https:\/\/www.neskagraphicdesigner.com\/"},{"@type":"ListItem","position":2,"name":"PRESTATIONS"}]},{"@type":"WebSite","@id":"https:\/\/www.neskagraphicdesigner.com\/#website","url":"https:\/\/www.neskagraphicdesigner.com\/","name":"Neska Graphic Designer","description":"Cr\u00e9ations puissantes pour marques audacieuses","publisher":{"@id":"https:\/\/www.neskagraphicdesigner.com\/#organization"},"potentialAction":[{"@type":"SearchAction","target":{"@type":"EntryPoint","urlTemplate":"https:\/\/www.neskagraphicdesigner.com\/?s={search_term_string}"},"query-input":{"@type":"PropertyValueSpecification","valueRequired":true,"valueName":"search_term_string"}}],"inLanguage":"fr-FR"},{"@type":"Organization","@id":"https:\/\/www.neskagraphicdesigner.com\/#organization","name":"Neska Graphic Designer","url":"https:\/\/www.neskagraphicdesigner.com\/","logo":{"@type":"ImageObject","inLanguage":"fr-FR","@id":"https:\/\/www.neskagraphicdesigner.com\/#\/schema\/logo\/image\/","url":"https:\/\/www.neskagraphicdesigner.com\/wp-content\/uploads\/2025\/07\/514469777_1430193564887611_8918043362756778719_n.jpg","contentUrl":"https:\/\/www.neskagraphicdesigner.com\/wp-content\/uploads\/2025\/07\/514469777_1430193564887611_8918043362756778719_n.jpg","width":800,"height":400,"caption":"Neska Graphic Designer"},"image":{"@id":"https:\/\/www.neskagraphicdesigner.com\/#\/schema\/logo\/image\/"}}]}},"_links":{"self":[{"href":"https:\/\/www.neskagraphicdesigner.com\/index.php\/wp-json\/wp\/v2\/pages\/426","targetHints":{"allow":["GET"]}}],"collection":[{"href":"https:\/\/www.neskagraphicdesigner.com\/index.php\/wp-json\/wp\/v2\/pages"}],"about":[{"href":"https:\/\/www.neskagraphicdesigner.com\/index.php\/wp-json\/wp\/v2\/types\/page"}],"author":[{"embeddable":true,"href":"https:\/\/www.neskagraphicdesigner.com\/index.php\/wp-json\/wp\/v2\/users\/1"}],"replies":[{"embeddable":true,"href":"https:\/\/www.neskagraphicdesigner.com\/index.php\/wp-json\/wp\/v2\/comments?post=426"}],"version-history":[{"count":236,"href":"https:\/\/www.neskagraphicdesigner.com\/index.php\/wp-json\/wp\/v2\/pages\/426\/revisions"}],"predecessor-version":[{"id":1683,"href":"https:\/\/www.neskagraphicdesigner.com\/index.php\/wp-json\/wp\/v2\/pages\/426\/revisions\/1683"}],"wp:attachment":[{"href":"https:\/\/www.neskagraphicdesigner.com\/index.php\/wp-json\/wp\/v2\/media?parent=426"}],"curies":[{"name":"wp","href":"https:\/\/api.w.org\/{rel}","templated":true}]}}