{"id":396,"date":"2025-07-02T21:49:53","date_gmt":"2025-07-02T21:49:53","guid":{"rendered":"https:\/\/www.neskagraphicdesigner.com\/?page_id=396"},"modified":"2025-07-09T16:01:07","modified_gmt":"2025-07-09T16:01:07","slug":"contact-graphiste-moselle","status":"publish","type":"page","link":"https:\/\/www.neskagraphicdesigner.com\/index.php\/contact-graphiste-moselle\/","title":{"rendered":"CONTACT"},"content":{"rendered":"\t\t<div data-elementor-type=\"wp-page\" data-elementor-id=\"396\" class=\"elementor elementor-396\">\n\t\t\t\t<div class=\"aux-parallax-section elementor-element elementor-element-8884ad1 e-con-full e-flex e-con e-parent\" data-id=\"8884ad1\" data-element_type=\"container\" data-e-type=\"container\" data-settings=\"{&quot;background_background&quot;:&quot;classic&quot;}\">\n\t\t\t\t<div class=\"elementor-element elementor-element-1c15904 elementor-widget elementor-widget-spacer\" data-id=\"1c15904\" data-element_type=\"widget\" data-e-type=\"widget\" data-widget_type=\"spacer.default\">\n\t\t\t\t<div class=\"elementor-widget-container\">\n\t\t\t\t\t\t\t<div class=\"elementor-spacer\">\n\t\t\t<div class=\"elementor-spacer-inner\"><\/div>\n\t\t<\/div>\n\t\t\t\t\t\t<\/div>\n\t\t\t\t<\/div>\n\t\t\t\t<div class=\"elementor-element elementor-element-ecad399 elementor-widget elementor-widget-aux_modern_heading\" data-id=\"ecad399\" data-element_type=\"widget\" data-e-type=\"widget\" data-widget_type=\"aux_modern_heading.default\">\n\t\t\t\t<div class=\"elementor-widget-container\">\n\t\t\t\t\t<section class=\"aux-widget-modern-heading\">\n            <div class=\"aux-widget-inner\"><h2 class=\"aux-modern-heading-primary\"><\/h2><h2 class=\"aux-modern-heading-secondary\"><span class=\"aux-head-before\">ME CONTACTER<\/span><\/h2><div class=\"aux-modern-heading-divider\"><\/div><div class=\"aux-modern-heading-description\"><p>Premier contact avec une <strong>graphiste<\/strong> de <strong>Moselle<\/strong>. Parce que <strong>votre<\/strong> <strong>image<\/strong> m\u00e9rite plus qu\u2019un tarif standard, je prends le temps <strong>d\u2019\u00e9couter<\/strong>, de <strong>comprendre<\/strong> et de chiffrer <strong>justement<\/strong>.<\/p><\/div><\/div>\n        <\/section>\t\t\t\t<\/div>\n\t\t\t\t<\/div>\n\t\t\t\t<\/div>\n\t\t<div class=\"aux-parallax-section elementor-element elementor-element-0433901 e-flex e-con-boxed e-con e-parent\" data-id=\"0433901\" data-element_type=\"container\" data-e-type=\"container\" data-settings=\"{&quot;background_background&quot;:&quot;classic&quot;}\">\n\t\t\t\t\t<div class=\"e-con-inner\">\n\t\t<div class=\"elementor-element elementor-element-90a927e e-con-full e-flex e-con e-child\" data-id=\"90a927e\" data-element_type=\"container\" data-e-type=\"container\">\n\t\t\t\t<div class=\"elementor-element elementor-element-436faaa elementor-widget__width-initial elementor-widget elementor-widget-aux_contact_form\" data-id=\"436faaa\" data-element_type=\"widget\" data-e-type=\"widget\" data-widget_type=\"aux_contact_form.default\">\n\t\t\t\t<div class=\"elementor-widget-container\">\n\t\t\t\t\t<section class=\"widget-container aux-widget-contact-form aux-parent-aue0bda64b\">            <div class=\"aux-col-wrapper aux-no-gutter\">\n            <!-- @TODO - The output for element here -->\n\n            \n            \n            <form action=\"https:\/\/www.neskagraphicdesigner.com\/index.php\/contact-graphiste-moselle\/\" id=\"contactForm\" class=\"aux-contact-form\" method=\"post\" >\n                <input type=\"text\"  name=\"cName\"    id=\"cName\"    placeholder=\"Name\" required >\n                <input type=\"email\" name=\"cEmail\"   id=\"cEmail\"   placeholder=\"E-Mail\" required >\n                <input type=\"text\"  name=\"cURL\"     id=\"cURL\"     placeholder=\"Website\" >\n                <textarea           name=\"cComment\" id=\"cComment\" placeholder=\"Message\" required><\/textarea>\n                <input type=\"submit\" id=\"submit\" class=\"submit\"  value=\"Submit\" >\n\n                \n                <input type=\"hidden\" name=\"formSubmitted\" id=\"formSubmitted\" value=\"true\" \/>\n            <\/form>\n\n            \n\n            <\/div><!-- aux-col-wrapper -->\n    <\/section><!-- widget-container -->\t\t\t\t<\/div>\n\t\t\t\t<\/div>\n\t\t\t\t<\/div>\n\t\t<div class=\"elementor-element elementor-element-d32ab3b e-con-full e-flex e-con e-child\" data-id=\"d32ab3b\" data-element_type=\"container\" data-e-type=\"container\">\n\t\t\t\t<div class=\"elementor-element elementor-element-0552da6 elementor-widget__width-initial elementor-widget elementor-widget-aux_modern_heading\" data-id=\"0552da6\" data-element_type=\"widget\" data-e-type=\"widget\" data-widget_type=\"aux_modern_heading.default\">\n\t\t\t\t<div class=\"elementor-widget-container\">\n\t\t\t\t\t<section class=\"aux-widget-modern-heading\">\n            <div class=\"aux-widget-inner\"><h2 class=\"aux-modern-heading-primary\">Chaque image raconte une histoire.<\/h2><div class=\"aux-modern-heading-divider\"><\/div><div class=\"aux-modern-heading-description\"><p>La v\u00f4tre m\u00e9rite d\u2019\u00eatre <strong>forte<\/strong>, <strong>claire<\/strong> et <strong>audacieuse<\/strong>.<br \/>Contactez-moi, et ensemble, donnons vie \u00e0 une<strong> identit\u00e9 visuelle<\/strong> qui vous <strong>distingue<\/strong> et vous <strong>\u00e9l\u00e8ve<\/strong>.<br \/><strong>Pr\u00e9cise<\/strong>, <strong>percutante<\/strong>, et surtout pens\u00e9e<strong> pour vous<\/strong>.<\/p><\/div><\/div>\n        <\/section>\t\t\t\t<\/div>\n\t\t\t\t<\/div>\n\t\t\t\t<\/div>\n\t\t\t\t\t<\/div>\n\t\t\t\t<\/div>\n\t\t<div class=\"aux-parallax-section elementor-element elementor-element-dd29bc5 e-con-full e-flex e-con e-parent\" data-id=\"dd29bc5\" data-element_type=\"container\" data-e-type=\"container\">\n\t\t<div class=\"elementor-element elementor-element-d12c65c e-con-full e-flex e-con e-child\" data-id=\"d12c65c\" data-element_type=\"container\" data-e-type=\"container\">\n\t\t\t\t<div class=\"elementor-element elementor-element-40f7f26 elementor-widget elementor-widget-aux_image\" data-id=\"40f7f26\" data-element_type=\"widget\" data-e-type=\"widget\" data-widget_type=\"aux_image.default\">\n\t\t\t\t<div class=\"elementor-widget-container\">\n\t\t\t\t\t<section class=\"widget-container aux-widget-image aux-alignnone aux-parent-au5deb453b\">\n    <div class=\"aux-media-hint-frame \">\n        <div class=\"aux-media-image \" >\n        \n            \n\n            \n            <img fetchpriority=\"high\" decoding=\"async\" width=\"1024\" height=\"896\" src=\"https:\/\/www.neskagraphicdesigner.com\/wp-content\/uploads\/2025\/07\/511620148_1237029191209114_3146633590397042489_n-1024x896.jpg\" class=\"aux-attachment aux-featured-image aux-attachment-id-359\" alt=\"Contact graphiste Moselle - Neska Graphic Designer \u00e0 Yutz\" srcset=\"https:\/\/www.neskagraphicdesigner.com\/wp-content\/uploads\/2025\/07\/511620148_1237029191209114_3146633590397042489_n-150x150.jpg 150w,https:\/\/www.neskagraphicdesigner.com\/wp-content\/uploads\/2025\/07\/511620148_1237029191209114_3146633590397042489_n-300x300.jpg 300w,https:\/\/www.neskagraphicdesigner.com\/wp-content\/uploads\/2025\/07\/511620148_1237029191209114_3146633590397042489_n-768x768.jpg 768w,https:\/\/www.neskagraphicdesigner.com\/wp-content\/uploads\/2025\/07\/511620148_1237029191209114_3146633590397042489_n-1024x896.jpg 1024w,https:\/\/www.neskagraphicdesigner.com\/wp-content\/uploads\/2025\/07\/511620148_1237029191209114_3146633590397042489_n-1024x896.jpg 1024w\" data-ratio=\"1\" data-original-w=\"1344\" sizes=\"(max-width:479px) 480px,(max-width:767px) 768px,(max-width:1023px) 1024px,1024px\" \/>            \n                <\/div>\n    <\/div>\n\n<\/section><!-- widget-container -->\t\t\t\t<\/div>\n\t\t\t\t<\/div>\n\t\t\t\t<\/div>\n\t\t<div class=\"elementor-element elementor-element-5158c44 e-con-full e-flex e-con e-child\" data-id=\"5158c44\" data-element_type=\"container\" data-e-type=\"container\">\n\t\t\t\t<div class=\"elementor-element elementor-element-5d64482 elementor-widget-mobile__width-initial elementor-widget elementor-widget-aux_modern_heading\" data-id=\"5d64482\" data-element_type=\"widget\" data-e-type=\"widget\" data-widget_type=\"aux_modern_heading.default\">\n\t\t\t\t<div class=\"elementor-widget-container\">\n\t\t\t\t\t<section class=\"aux-widget-modern-heading\">\n            <div class=\"aux-widget-inner\"><h2 class=\"aux-modern-heading-primary\"><\/h2><h2 class=\"aux-modern-heading-secondary\"><span class=\"aux-head-before\">Pourquoi contacter Neska Graphic Designer<\/span><\/h2><div class=\"aux-modern-heading-divider\"><\/div><div class=\"aux-modern-heading-description\"><p data-start=\"1453\" data-end=\"1614\"><strong data-start=\"1453\" data-end=\"1482\">Contact graphiste Moselle<\/strong> \u2013 Neska Graphic Designer vous accompagne pour la cr\u00e9ation de <strong>logos<\/strong>, <strong>identit\u00e9s visuelles<\/strong> et <strong>visuels<\/strong> <strong>sur mesure<\/strong> \u00e0 <strong>Yutz<\/strong> et partout dans le <strong>monde<\/strong>.<\/p><p><strong>Bienvenue !<\/strong> Ici, vous \u00eates en lien direct avec <strong>Neska Graphic Designer<\/strong>, votre partenaire cr\u00e9atif bas\u00e9 \u00e0 <strong>Yutz<\/strong>, sp\u00e9cialis\u00e9 en design graphique pour les pros et les entrepreneurs.<\/p><\/div><\/div>\n        <\/section>\t\t\t\t<\/div>\n\t\t\t\t<\/div>\n\t\t\t\t<div class=\"elementor-element elementor-element-7a04546 elementor-widget elementor-widget-aux_modern_button\" data-id=\"7a04546\" data-element_type=\"widget\" data-e-type=\"widget\" data-widget_type=\"aux_modern_button.default\">\n\t\t\t\t<div class=\"elementor-widget-container\">\n\t\t\t\t\t    <div class=\"aux-modern-button-wrapper aux-modern-button-align-left\" >\n                    <a class=\"aux-modern-button aux-caution aux-modern-button-lg aux-modern-button-round aux-modern-button-default aux-icon-\" href=\"https:\/\/www.neskagraphicdesigner.com\/index.php\/neska-graphiste\/\">\n                <div class=\"aux-overlay\"><\/div>\n                                    <div class=\"aux-icon \">\n                                            <\/div>\n                                <div class=\"aux-text\">\n<span class=\"aux-text-before\">A PROPOS DE MOI<\/span>                <\/div>\n            <\/a>\n            \n    <\/div>\n\n    \t\t\t\t<\/div>\n\t\t\t\t<\/div>\n\t\t\t\t<\/div>\n\t\t<div class=\"elementor-element elementor-element-cb19ee7 e-con-full e-flex e-con e-child\" data-id=\"cb19ee7\" data-element_type=\"container\" data-e-type=\"container\">\n\t\t\t\t<div class=\"elementor-element elementor-element-9db1a43 elementor-widget-mobile__width-initial elementor-widget elementor-widget-aux_modern_heading\" data-id=\"9db1a43\" data-element_type=\"widget\" data-e-type=\"widget\" data-widget_type=\"aux_modern_heading.default\">\n\t\t\t\t<div class=\"elementor-widget-container\">\n\t\t\t\t\t<section class=\"aux-widget-modern-heading\">\n            <div class=\"aux-widget-inner\"><h2 class=\"aux-modern-heading-primary\">POURQUOI ME CONTACTER  ?<\/h2><h2 class=\"aux-modern-heading-secondary\"><span class=\"aux-head-before\">D'abord parce que je mets du c\u0153ur, de la pr\u00e9cision et de la modernit\u00e9 dans chaque cr\u00e9ation.<\/span><\/h2><div class=\"aux-modern-heading-divider\"><\/div><div class=\"aux-modern-heading-description\"><p data-start=\"999\" data-end=\"1317\">Donc que vous ayez besoin d\u2019un <strong data-start=\"1111\" data-end=\"1119\">logo<\/strong>, d\u2019une <strong data-start=\"1127\" data-end=\"1147\">charte graphique<\/strong>, d\u2019un <strong data-start=\"1154\" data-end=\"1189\">visuel pour vos r\u00e9seaux sociaux<\/strong>, d\u2019un <strong data-start=\"1196\" data-end=\"1205\">flyer<\/strong>, d\u2019un <strong data-start=\"1212\" data-end=\"1234\">menu de restaurant<\/strong> ou m\u00eame d\u2019un <strong data-start=\"1248\" data-end=\"1260\">covering<\/strong>, je m\u2019adapte \u00e0 vos envies et \u00e0 votre secteur d\u2019activit\u00e9.<\/p>\n<p data-start=\"1319\" data-end=\"1467\"><strong data-start=\"1322\" data-end=\"1339\">Ensuite, situ\u00e9e \u00e0 Yutz<\/strong>, j\u2019interviens dans toute la <strong data-start=\"1368\" data-end=\"1379\">Moselle<\/strong>, au <strong data-start=\"1384\" data-end=\"1398\">Luxembourg<\/strong> et dans toute la <strong data-start=\"1416\" data-end=\"1426\">France<\/strong> gr\u00e2ce \u00e0 des \u00e9changes fluides \u00e0 distance.<\/p><\/div><\/div>\n        <\/section>\t\t\t\t<\/div>\n\t\t\t\t<\/div>\n\t\t\t\t<\/div>\n\t\t\t\t<\/div>\n\t\t<div class=\"aux-parallax-section elementor-element elementor-element-6ca8c43 e-con-full e-flex e-con e-parent\" data-id=\"6ca8c43\" data-element_type=\"container\" data-e-type=\"container\">\n\t\t<div class=\"elementor-element elementor-element-2252310 e-con-full e-flex e-con e-child\" data-id=\"2252310\" data-element_type=\"container\" data-e-type=\"container\">\n\t\t\t\t<div class=\"elementor-element elementor-element-6b2aa0b elementor-widget-mobile__width-initial elementor-widget elementor-widget-aux_modern_heading\" data-id=\"6b2aa0b\" data-element_type=\"widget\" data-e-type=\"widget\" data-widget_type=\"aux_modern_heading.default\">\n\t\t\t\t<div class=\"elementor-widget-container\">\n\t\t\t\t\t<section class=\"aux-widget-modern-heading\">\n            <div class=\"aux-widget-inner\"><h2 class=\"aux-modern-heading-primary\">Une approche sur-mesure,<\/h2><h3 class=\"aux-modern-heading-secondary\"><span class=\"aux-head-before\">de l'id\u00e9e au rendu final.<\/span><\/h3><div class=\"aux-modern-heading-divider\"><\/div><div class=\"aux-modern-heading-description\"><p><strong>Chaque projet<\/strong> est une <strong>collaboration<\/strong>. Donc en tant que <strong>graphiste<\/strong> freelance en Moselle, je prends le temps <strong>d\u2019\u00e9couter<\/strong>, de <strong>comprendre<\/strong> vos besoins, et de vous <strong>proposer<\/strong> des <strong>solutions<\/strong> visuelles align\u00e9es \u00e0 <strong>votre image<\/strong> de marque.<\/p><\/div><\/div>\n        <\/section>\t\t\t\t<\/div>\n\t\t\t\t<\/div>\n\t\t\t\t<\/div>\n\t\t<div class=\"elementor-element elementor-element-ace8e5a e-con-full e-flex e-con e-child\" data-id=\"ace8e5a\" data-element_type=\"container\" data-e-type=\"container\">\n\t\t\t\t<div class=\"elementor-element elementor-element-94a6387 elementor-widget-mobile__width-initial elementor-widget elementor-widget-aux_modern_heading\" data-id=\"94a6387\" data-element_type=\"widget\" data-e-type=\"widget\" data-widget_type=\"aux_modern_heading.default\">\n\t\t\t\t<div class=\"elementor-widget-container\">\n\t\t\t\t\t<section class=\"aux-widget-modern-heading\">\n            <div class=\"aux-widget-inner\"><h2 class=\"aux-modern-heading-primary\"><\/h2><div class=\"aux-modern-heading-divider\"><\/div><div class=\"aux-modern-heading-description\"><p>Par cons\u00e9quent, que vous soyez <strong>une<\/strong> <strong>entreprise locale<\/strong>, <strong>un ind\u00e9pendant<\/strong>, <strong>un artisan<\/strong> ou <strong>une marque<\/strong> en <strong>plein essor<\/strong> :<\/p><p><strong>Mon objectif<\/strong> est le m\u00eame : donner de la <strong>force<\/strong> \u00e0 votre <strong>communication visuelle<\/strong>.<\/p><p>Alors, parlons-en et <strong>cr\u00e9ons<\/strong> ensemble <strong>quelque chose d\u2019unique<\/strong>.<\/p><\/div><\/div>\n        <\/section>\t\t\t\t<\/div>\n\t\t\t\t<\/div>\n\t\t\t\t<\/div>\n\t\t\t\t<\/div>\n\t\t<div class=\"aux-parallax-section elementor-element elementor-element-97c6524 e-con-full e-flex e-con e-parent\" data-id=\"97c6524\" data-element_type=\"container\" data-e-type=\"container\">\n\t\t<div class=\"elementor-element elementor-element-f49ca9a e-flex e-con-boxed e-con e-child\" data-id=\"f49ca9a\" data-element_type=\"container\" data-e-type=\"container\">\n\t\t\t\t\t<div class=\"e-con-inner\">\n\t\t\t\t<div class=\"elementor-element elementor-element-d70b1ef elementor-widget-mobile__width-initial elementor-widget elementor-widget-aux_modern_heading\" data-id=\"d70b1ef\" data-element_type=\"widget\" data-e-type=\"widget\" data-widget_type=\"aux_modern_heading.default\">\n\t\t\t\t<div class=\"elementor-widget-container\">\n\t\t\t\t\t<section class=\"aux-widget-modern-heading\">\n            <div class=\"aux-widget-inner\"><h2 class=\"aux-modern-heading-primary\">COMMENT ME JOINDRE ?<\/h2><h3 class=\"aux-modern-heading-secondary\"><span class=\"aux-head-before\">Vous pouvez me contacter directement :<\/span><\/h3><div class=\"aux-modern-heading-divider\"><\/div><div class=\"aux-modern-heading-description\"><ul style=\"text-align: left\"><li>Pour commencer par mail : <strong>contact@neskagraphicdesigner.com<\/strong><\/li><li>Ou bien par t\u00e9l\u00e9phone :<strong>\u00a006 64 62 79 28<\/strong><\/li><\/ul><ul><li style=\"text-align: left\">Egalement gr\u00e2ce au <strong>formulaire<\/strong> de contact <strong>ci-dessus<\/strong><\/li><\/ul><p>Pour r\u00e9sumer, <strong>un premier \u00e9change<\/strong>, et on cr\u00e9e ensemble. Chez <strong>Neska Graphic Designer<\/strong>, je privil\u00e9gie les \u00e9changes humains, les projets bien pens\u00e9s et les visuels qui ont du sens. Votre message sera trait\u00e9 <strong>rapidement<\/strong>, avec <strong>attention<\/strong> et <strong>professionnalisme<\/strong>.<\/p><p>Rendez vous sur ma page <strong>\u00c0 propos<\/strong> pour mieux me conna\u00eetre<\/p><\/div><\/div>\n        <\/section>\t\t\t\t<\/div>\n\t\t\t\t<\/div>\n\t\t\t\t\t<\/div>\n\t\t\t\t<\/div>\n\t\t\t\t<\/div>\n\t\t<div class=\"aux-parallax-section elementor-element elementor-element-f11f412 e-flex e-con-boxed e-con e-parent\" data-id=\"f11f412\" data-element_type=\"container\" data-e-type=\"container\">\n\t\t\t\t\t<div class=\"e-con-inner\">\n\t\t<div class=\"elementor-element elementor-element-de2b895 e-con-full e-flex e-con e-child\" data-id=\"de2b895\" data-element_type=\"container\" data-e-type=\"container\">\n\t\t\t\t<div class=\"elementor-element elementor-element-bb72e51 elementor-widget-mobile__width-initial elementor-widget elementor-widget-aux_modern_heading\" data-id=\"bb72e51\" data-element_type=\"widget\" data-e-type=\"widget\" data-widget_type=\"aux_modern_heading.default\">\n\t\t\t\t<div class=\"elementor-widget-container\">\n\t\t\t\t\t<section class=\"aux-widget-modern-heading\">\n            <div class=\"aux-widget-inner\"><h2 class=\"aux-modern-heading-primary\"> Liens utiles :<\/h2><div class=\"aux-modern-heading-divider\"><\/div><\/div>\n        <\/section>\t\t\t\t<\/div>\n\t\t\t\t<\/div>\n\t\t<div class=\"elementor-element elementor-element-9d27de4 e-con-full e-flex e-con e-child\" data-id=\"9d27de4\" data-element_type=\"container\" data-e-type=\"container\">\n\t\t<div class=\"elementor-element elementor-element-cb33ed2 e-con-full e-flex e-con e-child\" data-id=\"cb33ed2\" data-element_type=\"container\" data-e-type=\"container\">\n\t\t<div class=\"elementor-element elementor-element-5fb2f01 e-con-full e-flex e-con e-child\" data-id=\"5fb2f01\" data-element_type=\"container\" data-e-type=\"container\">\n\t\t\t\t<div class=\"elementor-element elementor-element-5a5ec19 elementor-widget elementor-widget-aux_modern_button\" data-id=\"5a5ec19\" data-element_type=\"widget\" data-e-type=\"widget\" data-widget_type=\"aux_modern_button.default\">\n\t\t\t\t<div class=\"elementor-widget-container\">\n\t\t\t\t\t    <div class=\"aux-modern-button-wrapper aux-modern-button-align-left\" >\n                    <a class=\"aux-modern-button aux-caution aux-modern-button-lg aux-modern-button-round aux-modern-button-default aux-icon-\" href=\"https:\/\/www.neskagraphicdesigner.com\/index.php\/prestations-graphiste-professionnelle-en-moselle\/\">\n                <div class=\"aux-overlay\"><\/div>\n                                    <div class=\"aux-icon \">\n                                            <\/div>\n                                <div class=\"aux-text\">\n<span class=\"aux-text-before\">MES PRESTATIONS<\/span>                <\/div>\n            <\/a>\n            \n    <\/div>\n\n    \t\t\t\t<\/div>\n\t\t\t\t<\/div>\n\t\t\t\t<\/div>\n\t\t<div class=\"elementor-element elementor-element-38510e7 e-con-full e-flex e-con e-child\" data-id=\"38510e7\" data-element_type=\"container\" data-e-type=\"container\">\n\t\t\t\t<div class=\"elementor-element elementor-element-e38e0f0 elementor-widget-mobile__width-initial elementor-widget elementor-widget-aux_modern_button\" data-id=\"e38e0f0\" data-element_type=\"widget\" data-e-type=\"widget\" data-widget_type=\"aux_modern_button.default\">\n\t\t\t\t<div class=\"elementor-widget-container\">\n\t\t\t\t\t    <div class=\"aux-modern-button-wrapper aux-modern-button-align-center\" >\n                    <a class=\"aux-modern-button aux-caution aux-modern-button-lg aux-modern-button-round aux-modern-button-default aux-icon-\" href=\"https:\/\/neskagraphicdesigner.myportfolio.com\/\">\n                <div class=\"aux-overlay\"><\/div>\n                                    <div class=\"aux-icon \">\n                                            <\/div>\n                                <div class=\"aux-text\">\n<span class=\"aux-text-before\">MON PORTFOLIO<\/span>                <\/div>\n            <\/a>\n            \n    <\/div>\n\n    \t\t\t\t<\/div>\n\t\t\t\t<\/div>\n\t\t\t\t<\/div>\n\t\t<div class=\"elementor-element elementor-element-e5654a7 e-con-full e-flex e-con e-child\" data-id=\"e5654a7\" data-element_type=\"container\" data-e-type=\"container\">\n\t\t\t\t<div class=\"elementor-element elementor-element-76fcb4e elementor-widget elementor-widget-aux_modern_button\" data-id=\"76fcb4e\" data-element_type=\"widget\" data-e-type=\"widget\" data-widget_type=\"aux_modern_button.default\">\n\t\t\t\t<div class=\"elementor-widget-container\">\n\t\t\t\t\t    <div class=\"aux-modern-button-wrapper aux-modern-button-align-right\" >\n                    <a class=\"aux-modern-button aux-caution aux-modern-button-lg aux-modern-button-round aux-modern-button-default aux-icon-\" href=\"https:\/\/www.neskagraphicdesigner.com\/index.php\/imprimeurs-du-nord-est\/\">\n                <div class=\"aux-overlay\"><\/div>\n                                    <div class=\"aux-icon \">\n                                            <\/div>\n                                <div class=\"aux-text\">\n<span class=\"aux-text-before\">MES PARTENAIRES<\/span>                <\/div>\n            <\/a>\n            \n    <\/div>\n\n    \t\t\t\t<\/div>\n\t\t\t\t<\/div>\n\t\t\t\t<\/div>\n\t\t\t\t<\/div>\n\t\t\t\t<\/div>\n\t\t\t\t<\/div>\n\t\t\t\t\t<\/div>\n\t\t\t\t<\/div>\n\t\t<div class=\"aux-parallax-section elementor-element elementor-element-15d1bd4 e-flex e-con-boxed e-con e-parent\" data-id=\"15d1bd4\" data-element_type=\"container\" data-e-type=\"container\">\n\t\t\t\t\t<div class=\"e-con-inner\">\n\t\t\t\t<div class=\"elementor-element elementor-element-8d13358 elementor-widget elementor-widget-spacer\" data-id=\"8d13358\" data-element_type=\"widget\" data-e-type=\"widget\" data-widget_type=\"spacer.default\">\n\t\t\t\t<div class=\"elementor-widget-container\">\n\t\t\t\t\t\t\t<div class=\"elementor-spacer\">\n\t\t\t<div class=\"elementor-spacer-inner\"><\/div>\n\t\t<\/div>\n\t\t\t\t\t\t<\/div>\n\t\t\t\t<\/div>\n\t\t\t\t\t<\/div>\n\t\t\t\t<\/div>\n\t\t<div class=\"aux-parallax-section elementor-element elementor-element-9ba8f1b e-flex e-con-boxed e-con e-parent\" data-id=\"9ba8f1b\" data-element_type=\"container\" data-e-type=\"container\">\n\t\t\t\t\t<div class=\"e-con-inner\">\n\t\t\t\t<div class=\"elementor-element elementor-element-bc41973 elementor-widget elementor-widget-google_maps\" data-id=\"bc41973\" data-element_type=\"widget\" data-e-type=\"widget\" data-widget_type=\"google_maps.default\">\n\t\t\t\t<div class=\"elementor-widget-container\">\n\t\t\t\t\t\t\t<div class=\"elementor-custom-embed\">\n\t\t\t<iframe loading=\"lazy\"\n\t\t\t\t\tsrc=\"https:\/\/maps.google.com\/maps?q=24%20Avenue%20des%20Nations%2057970%20Yutz&#038;t=m&#038;z=14&#038;output=embed&#038;iwloc=near\"\n\t\t\t\t\ttitle=\"24 Avenue des Nations 57970 Yutz\"\n\t\t\t\t\taria-label=\"24 Avenue des Nations 57970 Yutz\"\n\t\t\t><\/iframe>\n\t\t<\/div>\n\t\t\t\t\t\t<\/div>\n\t\t\t\t<\/div>\n\t\t\t\t\t<\/div>\n\t\t\t\t<\/div>\n\t\t<div class=\"aux-parallax-section elementor-element elementor-element-a17a4ed e-con-full e-flex e-con e-parent\" data-id=\"a17a4ed\" data-element_type=\"container\" data-e-type=\"container\">\n\t\t<div class=\"elementor-element elementor-element-82a1511 e-con-full e-flex e-con e-child\" data-id=\"82a1511\" data-element_type=\"container\" data-e-type=\"container\">\n\t\t\t\t<div class=\"elementor-element elementor-element-49b622e elementor-widget-mobile__width-initial elementor-widget elementor-widget-aux_modern_heading\" data-id=\"49b622e\" data-element_type=\"widget\" data-e-type=\"widget\" data-widget_type=\"aux_modern_heading.default\">\n\t\t\t\t<div class=\"elementor-widget-container\">\n\t\t\t\t\t<section class=\"aux-widget-modern-heading\">\n            <div class=\"aux-widget-inner\"><h2 class=\"aux-modern-heading-primary\"><\/h2><div class=\"aux-modern-heading-divider\"><\/div><div class=\"aux-modern-heading-description\"><p><strong data-start=\"1453\" data-end=\"1482\">Contact graphiste Moselle<\/strong><\/p><\/div><\/div>\n        <\/section>\t\t\t\t<\/div>\n\t\t\t\t<\/div>\n\t\t\t\t<\/div>\n\t\t\t\t<\/div>\n\t\t\t\t<\/div>\n\t\t","protected":false},"excerpt":{"rendered":"<p>ME CONTACTER Premier contact avec une graphiste de Moselle. Parce que votre image m\u00e9rite plus qu\u2019un tarif standard, je prends le temps d\u2019\u00e9couter, de comprendre et de chiffrer justement. Chaque image raconte une histoire. La v\u00f4tre m\u00e9rite d\u2019\u00eatre forte, claire et audacieuse.Contactez-moi, et ensemble, donnons vie \u00e0 une identit\u00e9 visuelle qui vous distingue et vous [&hellip;]<\/p>\n","protected":false},"author":1,"featured_media":0,"parent":0,"menu_order":0,"comment_status":"closed","ping_status":"closed","template":"elementor_theme","meta":{"footnotes":""},"class_list":["post-396","page","type-page","status-publish","hentry"],"yoast_head":"<!-- This site is optimized with the Yoast SEO plugin v27.4 - https:\/\/yoast.com\/product\/yoast-seo-wordpress\/ -->\n<title>Contact graphiste Moselle \u2013 Graphiste freelance Yutz | Neska<\/title>\n<meta name=\"description\" content=\"Contact graphiste Moselle \u2013 Neska Graphic Designer vous accompagne pour la cr\u00e9ation de visuels sur mesure \u00e0 Yutz ou partout dans le Monde.\" \/>\n<meta name=\"robots\" content=\"index, follow, max-snippet:-1, max-image-preview:large, max-video-preview:-1\" \/>\n<link rel=\"canonical\" href=\"https:\/\/www.neskagraphicdesigner.com\/index.php\/contact-graphiste-moselle\/\" \/>\n<meta property=\"og:locale\" content=\"fr_FR\" \/>\n<meta property=\"og:type\" content=\"article\" \/>\n<meta property=\"og:title\" content=\"Contact graphiste Moselle \u2013 Graphiste freelance Yutz | Neska\" \/>\n<meta property=\"og:description\" content=\"Contact graphiste Moselle \u2013 Neska Graphic Designer vous accompagne pour la cr\u00e9ation de visuels sur mesure \u00e0 Yutz ou partout dans le Monde.\" \/>\n<meta property=\"og:url\" content=\"https:\/\/www.neskagraphicdesigner.com\/index.php\/contact-graphiste-moselle\/\" \/>\n<meta property=\"og:site_name\" content=\"Neska Graphic Designer\" \/>\n<meta property=\"article:modified_time\" content=\"2025-07-09T16:01:07+00:00\" \/>\n<meta property=\"og:image\" content=\"https:\/\/www.neskagraphicdesigner.com\/wp-content\/uploads\/2025\/07\/511620148_1237029191209114_3146633590397042489_n-1024x896.jpg\" \/>\n<meta name=\"twitter:card\" content=\"summary_large_image\" \/>\n<meta name=\"twitter:label1\" content=\"Dur\u00e9e de lecture estim\u00e9e\" \/>\n\t<meta name=\"twitter:data1\" content=\"3 minutes\" \/>\n<script type=\"application\/ld+json\" class=\"yoast-schema-graph\">{\"@context\":\"https:\\\/\\\/schema.org\",\"@graph\":[{\"@type\":\"WebPage\",\"@id\":\"https:\\\/\\\/www.neskagraphicdesigner.com\\\/index.php\\\/contact-graphiste-moselle\\\/\",\"url\":\"https:\\\/\\\/www.neskagraphicdesigner.com\\\/index.php\\\/contact-graphiste-moselle\\\/\",\"name\":\"Contact graphiste Moselle \u2013 Graphiste freelance Yutz | Neska\",\"isPartOf\":{\"@id\":\"https:\\\/\\\/www.neskagraphicdesigner.com\\\/#website\"},\"primaryImageOfPage\":{\"@id\":\"https:\\\/\\\/www.neskagraphicdesigner.com\\\/index.php\\\/contact-graphiste-moselle\\\/#primaryimage\"},\"image\":{\"@id\":\"https:\\\/\\\/www.neskagraphicdesigner.com\\\/index.php\\\/contact-graphiste-moselle\\\/#primaryimage\"},\"thumbnailUrl\":\"https:\\\/\\\/www.neskagraphicdesigner.com\\\/wp-content\\\/uploads\\\/2025\\\/07\\\/511620148_1237029191209114_3146633590397042489_n-1024x896.jpg\",\"datePublished\":\"2025-07-02T21:49:53+00:00\",\"dateModified\":\"2025-07-09T16:01:07+00:00\",\"description\":\"Contact graphiste Moselle \u2013 Neska Graphic Designer vous accompagne pour la cr\u00e9ation de visuels sur mesure \u00e0 Yutz ou partout dans le Monde.\",\"breadcrumb\":{\"@id\":\"https:\\\/\\\/www.neskagraphicdesigner.com\\\/index.php\\\/contact-graphiste-moselle\\\/#breadcrumb\"},\"inLanguage\":\"fr-FR\",\"potentialAction\":[{\"@type\":\"ReadAction\",\"target\":[\"https:\\\/\\\/www.neskagraphicdesigner.com\\\/index.php\\\/contact-graphiste-moselle\\\/\"]}]},{\"@type\":\"ImageObject\",\"inLanguage\":\"fr-FR\",\"@id\":\"https:\\\/\\\/www.neskagraphicdesigner.com\\\/index.php\\\/contact-graphiste-moselle\\\/#primaryimage\",\"url\":\"https:\\\/\\\/www.neskagraphicdesigner.com\\\/wp-content\\\/uploads\\\/2025\\\/07\\\/511620148_1237029191209114_3146633590397042489_n.jpg\",\"contentUrl\":\"https:\\\/\\\/www.neskagraphicdesigner.com\\\/wp-content\\\/uploads\\\/2025\\\/07\\\/511620148_1237029191209114_3146633590397042489_n.jpg\",\"width\":1344,\"height\":896,\"caption\":\"Contact graphiste Moselle - Neska Graphic Designer \u00e0 Yutz\"},{\"@type\":\"BreadcrumbList\",\"@id\":\"https:\\\/\\\/www.neskagraphicdesigner.com\\\/index.php\\\/contact-graphiste-moselle\\\/#breadcrumb\",\"itemListElement\":[{\"@type\":\"ListItem\",\"position\":1,\"name\":\"Accueil\",\"item\":\"https:\\\/\\\/www.neskagraphicdesigner.com\\\/\"},{\"@type\":\"ListItem\",\"position\":2,\"name\":\"CONTACT\"}]},{\"@type\":\"WebSite\",\"@id\":\"https:\\\/\\\/www.neskagraphicdesigner.com\\\/#website\",\"url\":\"https:\\\/\\\/www.neskagraphicdesigner.com\\\/\",\"name\":\"Neska Graphic Designer\",\"description\":\"Cr\u00e9ations puissantes pour marques audacieuses\",\"publisher\":{\"@id\":\"https:\\\/\\\/www.neskagraphicdesigner.com\\\/#organization\"},\"potentialAction\":[{\"@type\":\"SearchAction\",\"target\":{\"@type\":\"EntryPoint\",\"urlTemplate\":\"https:\\\/\\\/www.neskagraphicdesigner.com\\\/?s={search_term_string}\"},\"query-input\":{\"@type\":\"PropertyValueSpecification\",\"valueRequired\":true,\"valueName\":\"search_term_string\"}}],\"inLanguage\":\"fr-FR\"},{\"@type\":\"Organization\",\"@id\":\"https:\\\/\\\/www.neskagraphicdesigner.com\\\/#organization\",\"name\":\"Neska Graphic Designer\",\"url\":\"https:\\\/\\\/www.neskagraphicdesigner.com\\\/\",\"logo\":{\"@type\":\"ImageObject\",\"inLanguage\":\"fr-FR\",\"@id\":\"https:\\\/\\\/www.neskagraphicdesigner.com\\\/#\\\/schema\\\/logo\\\/image\\\/\",\"url\":\"https:\\\/\\\/www.neskagraphicdesigner.com\\\/wp-content\\\/uploads\\\/2025\\\/07\\\/514469777_1430193564887611_8918043362756778719_n.jpg\",\"contentUrl\":\"https:\\\/\\\/www.neskagraphicdesigner.com\\\/wp-content\\\/uploads\\\/2025\\\/07\\\/514469777_1430193564887611_8918043362756778719_n.jpg\",\"width\":800,\"height\":400,\"caption\":\"Neska Graphic Designer\"},\"image\":{\"@id\":\"https:\\\/\\\/www.neskagraphicdesigner.com\\\/#\\\/schema\\\/logo\\\/image\\\/\"}}]}<\/script>\n<!-- \/ Yoast SEO plugin. -->","yoast_head_json":{"title":"Contact graphiste Moselle \u2013 Graphiste freelance Yutz | Neska","description":"Contact graphiste Moselle \u2013 Neska Graphic Designer vous accompagne pour la cr\u00e9ation de visuels sur mesure \u00e0 Yutz ou partout dans le Monde.","robots":{"index":"index","follow":"follow","max-snippet":"max-snippet:-1","max-image-preview":"max-image-preview:large","max-video-preview":"max-video-preview:-1"},"canonical":"https:\/\/www.neskagraphicdesigner.com\/index.php\/contact-graphiste-moselle\/","og_locale":"fr_FR","og_type":"article","og_title":"Contact graphiste Moselle \u2013 Graphiste freelance Yutz | Neska","og_description":"Contact graphiste Moselle \u2013 Neska Graphic Designer vous accompagne pour la cr\u00e9ation de visuels sur mesure \u00e0 Yutz ou partout dans le Monde.","og_url":"https:\/\/www.neskagraphicdesigner.com\/index.php\/contact-graphiste-moselle\/","og_site_name":"Neska Graphic Designer","article_modified_time":"2025-07-09T16:01:07+00:00","og_image":[{"url":"https:\/\/www.neskagraphicdesigner.com\/wp-content\/uploads\/2025\/07\/511620148_1237029191209114_3146633590397042489_n-1024x896.jpg","type":"","width":"","height":""}],"twitter_card":"summary_large_image","twitter_misc":{"Dur\u00e9e de lecture estim\u00e9e":"3 minutes"},"schema":{"@context":"https:\/\/schema.org","@graph":[{"@type":"WebPage","@id":"https:\/\/www.neskagraphicdesigner.com\/index.php\/contact-graphiste-moselle\/","url":"https:\/\/www.neskagraphicdesigner.com\/index.php\/contact-graphiste-moselle\/","name":"Contact graphiste Moselle \u2013 Graphiste freelance Yutz | Neska","isPartOf":{"@id":"https:\/\/www.neskagraphicdesigner.com\/#website"},"primaryImageOfPage":{"@id":"https:\/\/www.neskagraphicdesigner.com\/index.php\/contact-graphiste-moselle\/#primaryimage"},"image":{"@id":"https:\/\/www.neskagraphicdesigner.com\/index.php\/contact-graphiste-moselle\/#primaryimage"},"thumbnailUrl":"https:\/\/www.neskagraphicdesigner.com\/wp-content\/uploads\/2025\/07\/511620148_1237029191209114_3146633590397042489_n-1024x896.jpg","datePublished":"2025-07-02T21:49:53+00:00","dateModified":"2025-07-09T16:01:07+00:00","description":"Contact graphiste Moselle \u2013 Neska Graphic Designer vous accompagne pour la cr\u00e9ation de visuels sur mesure \u00e0 Yutz ou partout dans le Monde.","breadcrumb":{"@id":"https:\/\/www.neskagraphicdesigner.com\/index.php\/contact-graphiste-moselle\/#breadcrumb"},"inLanguage":"fr-FR","potentialAction":[{"@type":"ReadAction","target":["https:\/\/www.neskagraphicdesigner.com\/index.php\/contact-graphiste-moselle\/"]}]},{"@type":"ImageObject","inLanguage":"fr-FR","@id":"https:\/\/www.neskagraphicdesigner.com\/index.php\/contact-graphiste-moselle\/#primaryimage","url":"https:\/\/www.neskagraphicdesigner.com\/wp-content\/uploads\/2025\/07\/511620148_1237029191209114_3146633590397042489_n.jpg","contentUrl":"https:\/\/www.neskagraphicdesigner.com\/wp-content\/uploads\/2025\/07\/511620148_1237029191209114_3146633590397042489_n.jpg","width":1344,"height":896,"caption":"Contact graphiste Moselle - Neska Graphic Designer \u00e0 Yutz"},{"@type":"BreadcrumbList","@id":"https:\/\/www.neskagraphicdesigner.com\/index.php\/contact-graphiste-moselle\/#breadcrumb","itemListElement":[{"@type":"ListItem","position":1,"name":"Accueil","item":"https:\/\/www.neskagraphicdesigner.com\/"},{"@type":"ListItem","position":2,"name":"CONTACT"}]},{"@type":"WebSite","@id":"https:\/\/www.neskagraphicdesigner.com\/#website","url":"https:\/\/www.neskagraphicdesigner.com\/","name":"Neska Graphic Designer","description":"Cr\u00e9ations puissantes pour marques audacieuses","publisher":{"@id":"https:\/\/www.neskagraphicdesigner.com\/#organization"},"potentialAction":[{"@type":"SearchAction","target":{"@type":"EntryPoint","urlTemplate":"https:\/\/www.neskagraphicdesigner.com\/?s={search_term_string}"},"query-input":{"@type":"PropertyValueSpecification","valueRequired":true,"valueName":"search_term_string"}}],"inLanguage":"fr-FR"},{"@type":"Organization","@id":"https:\/\/www.neskagraphicdesigner.com\/#organization","name":"Neska Graphic Designer","url":"https:\/\/www.neskagraphicdesigner.com\/","logo":{"@type":"ImageObject","inLanguage":"fr-FR","@id":"https:\/\/www.neskagraphicdesigner.com\/#\/schema\/logo\/image\/","url":"https:\/\/www.neskagraphicdesigner.com\/wp-content\/uploads\/2025\/07\/514469777_1430193564887611_8918043362756778719_n.jpg","contentUrl":"https:\/\/www.neskagraphicdesigner.com\/wp-content\/uploads\/2025\/07\/514469777_1430193564887611_8918043362756778719_n.jpg","width":800,"height":400,"caption":"Neska Graphic Designer"},"image":{"@id":"https:\/\/www.neskagraphicdesigner.com\/#\/schema\/logo\/image\/"}}]}},"_links":{"self":[{"href":"https:\/\/www.neskagraphicdesigner.com\/index.php\/wp-json\/wp\/v2\/pages\/396","targetHints":{"allow":["GET"]}}],"collection":[{"href":"https:\/\/www.neskagraphicdesigner.com\/index.php\/wp-json\/wp\/v2\/pages"}],"about":[{"href":"https:\/\/www.neskagraphicdesigner.com\/index.php\/wp-json\/wp\/v2\/types\/page"}],"author":[{"embeddable":true,"href":"https:\/\/www.neskagraphicdesigner.com\/index.php\/wp-json\/wp\/v2\/users\/1"}],"replies":[{"embeddable":true,"href":"https:\/\/www.neskagraphicdesigner.com\/index.php\/wp-json\/wp\/v2\/comments?post=396"}],"version-history":[{"count":139,"href":"https:\/\/www.neskagraphicdesigner.com\/index.php\/wp-json\/wp\/v2\/pages\/396\/revisions"}],"predecessor-version":[{"id":1848,"href":"https:\/\/www.neskagraphicdesigner.com\/index.php\/wp-json\/wp\/v2\/pages\/396\/revisions\/1848"}],"wp:attachment":[{"href":"https:\/\/www.neskagraphicdesigner.com\/index.php\/wp-json\/wp\/v2\/media?parent=396"}],"curies":[{"name":"wp","href":"https:\/\/api.w.org\/{rel}","templated":true}]}}