{"id":1830,"date":"2025-07-12T07:00:47","date_gmt":"2025-07-12T07:00:47","guid":{"rendered":"https:\/\/www.neskagraphicdesigner.com\/?page_id=1830"},"modified":"2025-07-12T07:03:03","modified_gmt":"2025-07-12T07:03:03","slug":"politique-de-confidentialite","status":"publish","type":"page","link":"https:\/\/www.neskagraphicdesigner.com\/index.php\/politique-de-confidentialite\/","title":{"rendered":"Politique de confidentialit\u00e9"},"content":{"rendered":"\t\t<div data-elementor-type=\"wp-page\" data-elementor-id=\"1830\" class=\"elementor elementor-1830\">\n\t\t\t\t<div class=\"aux-parallax-section elementor-element elementor-element-cc8147c e-flex e-con-boxed e-con e-parent\" data-id=\"cc8147c\" data-element_type=\"container\" data-e-type=\"container\">\n\t\t\t\t\t<div class=\"e-con-inner\">\n\t\t\t\t<div class=\"elementor-element elementor-element-dfe726d elementor-widget elementor-widget-spacer\" data-id=\"dfe726d\" data-element_type=\"widget\" data-e-type=\"widget\" data-widget_type=\"spacer.default\">\n\t\t\t\t<div class=\"elementor-widget-container\">\n\t\t\t\t\t\t\t<div class=\"elementor-spacer\">\n\t\t\t<div class=\"elementor-spacer-inner\"><\/div>\n\t\t<\/div>\n\t\t\t\t\t\t<\/div>\n\t\t\t\t<\/div>\n\t\t\t\t<div class=\"elementor-element elementor-element-94d6620 elementor-widget elementor-widget-aux_modern_heading\" data-id=\"94d6620\" data-element_type=\"widget\" data-e-type=\"widget\" data-widget_type=\"aux_modern_heading.default\">\n\t\t\t\t<div class=\"elementor-widget-container\">\n\t\t\t\t\t<section class=\"aux-widget-modern-heading\">\n            <div class=\"aux-widget-inner\"><h2 class=\"aux-modern-heading-primary\"><\/h2><div class=\"aux-modern-heading-divider\"><\/div><div class=\"aux-modern-heading-description\"><p>Politique de confidentialit\u00e9<br \/>Derni\u00e8re mise \u00e0 jour : 30 mai 2025<br \/>Votre confidentialit\u00e9 est une priorit\u00e9 pour Neska Graphic Designer. Cette politique vise \u00e0<br \/>vous informer de la mani\u00e8re dont vos donn\u00e9es sont collect\u00e9es, utilis\u00e9es et prot\u00e9g\u00e9es.<\/p><p>1. Donn\u00e9es collect\u00e9es<br \/>Nous collectons les donn\u00e9es suivantes : - Nom, pr\u00e9nom, coordonn\u00e9es (email, t\u00e9l\u00e9phone) <br \/>Informations professionnelles li\u00e9es \u00e0 votre projet - Donn\u00e9es de navigation sur notre site<br \/>(via cookies)<\/p><p>2. Finalit\u00e9 de la collecte<br \/>Les donn\u00e9es sont collect\u00e9es uniquement pour : - La gestion de vos demandes et commandes <br \/>La facturation et la livraison des prestations - L\u2019am\u00e9lioration de nos services - Le suivi<br \/>de la relation client<\/p><p>3. Cookies<br \/>Des cookies peuvent \u00eatre utilis\u00e9s pour am\u00e9liorer votre exp\u00e9rience de navigation. Vous<br \/>pouvez les accepter ou les refuser \u00e0 tout moment via les param\u00e8tres de votre navigateur.<\/p><p>4. Conservation des donn\u00e9es<br \/>Les donn\u00e9es sont conserv\u00e9es pendant la dur\u00e9e n\u00e9cessaire \u00e0 la r\u00e9alisation des prestations,<br \/>puis archiv\u00e9es ou supprim\u00e9es selon les obligations l\u00e9gales.<\/p><p>5. S\u00e9curit\u00e9<br \/>Nous mettons en \u0153uvre toutes les mesures techniques et organisationnelles n\u00e9cessaires \u00e0 la<br \/>protection de vos donn\u00e9es personnelles.<\/p><p>6. Vos droits<br \/>Conform\u00e9ment au RGPD, vous disposez d\u2019un droit d\u2019acc\u00e8s, de rectification, d\u2019opposition ou<br \/>de suppression de vos donn\u00e9es. Demande \u00e0 adresser \u00e0 : contact@neskagraphicdesigner.com<\/p><\/div><\/div>\n        <\/section>\t\t\t\t<\/div>\n\t\t\t\t<\/div>\n\t\t\t\t\t<\/div>\n\t\t\t\t<\/div>\n\t\t\t\t<\/div>\n\t\t","protected":false},"excerpt":{"rendered":"<p>Politique de confidentialit\u00e9Derni\u00e8re mise \u00e0 jour : 30 mai 2025Votre confidentialit\u00e9 est une priorit\u00e9 pour Neska Graphic Designer. Cette politique vise \u00e0vous informer de la mani\u00e8re dont vos donn\u00e9es sont collect\u00e9es, utilis\u00e9es et prot\u00e9g\u00e9es. 1. Donn\u00e9es collect\u00e9esNous collectons les donn\u00e9es suivantes : &#8211; Nom, pr\u00e9nom, coordonn\u00e9es (email, t\u00e9l\u00e9phone) Informations professionnelles li\u00e9es \u00e0 votre projet &#8211; [&hellip;]<\/p>\n","protected":false},"author":1,"featured_media":0,"parent":0,"menu_order":0,"comment_status":"closed","ping_status":"closed","template":"","meta":{"footnotes":""},"class_list":["post-1830","page","type-page","status-publish","hentry"],"yoast_head":"<!-- This site is optimized with the Yoast SEO plugin v27.4 - https:\/\/yoast.com\/product\/yoast-seo-wordpress\/ -->\n<title>Politique de confidentialit\u00e9 - Neska Graphic Designer<\/title>\n<meta name=\"robots\" content=\"index, follow, max-snippet:-1, max-image-preview:large, max-video-preview:-1\" \/>\n<link rel=\"canonical\" href=\"https:\/\/www.neskagraphicdesigner.com\/index.php\/politique-de-confidentialite\/\" \/>\n<meta property=\"og:locale\" content=\"fr_FR\" \/>\n<meta property=\"og:type\" content=\"article\" \/>\n<meta property=\"og:title\" content=\"Politique de confidentialit\u00e9 - Neska Graphic Designer\" \/>\n<meta property=\"og:description\" content=\"Politique de confidentialit\u00e9Derni\u00e8re mise \u00e0 jour : 30 mai 2025Votre confidentialit\u00e9 est une priorit\u00e9 pour Neska Graphic Designer. Cette politique vise \u00e0vous informer de la mani\u00e8re dont vos donn\u00e9es sont collect\u00e9es, utilis\u00e9es et prot\u00e9g\u00e9es. 1. Donn\u00e9es collect\u00e9esNous collectons les donn\u00e9es suivantes : &#8211; Nom, pr\u00e9nom, coordonn\u00e9es (email, t\u00e9l\u00e9phone) Informations professionnelles li\u00e9es \u00e0 votre projet &#8211; [&hellip;]\" \/>\n<meta property=\"og:url\" content=\"https:\/\/www.neskagraphicdesigner.com\/index.php\/politique-de-confidentialite\/\" \/>\n<meta property=\"og:site_name\" content=\"Neska Graphic Designer\" \/>\n<meta property=\"article:modified_time\" content=\"2025-07-12T07:03:03+00:00\" \/>\n<meta name=\"twitter:card\" content=\"summary_large_image\" \/>\n<meta name=\"twitter:label1\" content=\"Dur\u00e9e de lecture estim\u00e9e\" \/>\n\t<meta name=\"twitter:data1\" content=\"2 minutes\" \/>\n<script type=\"application\/ld+json\" class=\"yoast-schema-graph\">{\"@context\":\"https:\\\/\\\/schema.org\",\"@graph\":[{\"@type\":\"WebPage\",\"@id\":\"https:\\\/\\\/www.neskagraphicdesigner.com\\\/index.php\\\/politique-de-confidentialite\\\/\",\"url\":\"https:\\\/\\\/www.neskagraphicdesigner.com\\\/index.php\\\/politique-de-confidentialite\\\/\",\"name\":\"Politique de confidentialit\u00e9 - Neska Graphic Designer\",\"isPartOf\":{\"@id\":\"https:\\\/\\\/www.neskagraphicdesigner.com\\\/#website\"},\"datePublished\":\"2025-07-12T07:00:47+00:00\",\"dateModified\":\"2025-07-12T07:03:03+00:00\",\"breadcrumb\":{\"@id\":\"https:\\\/\\\/www.neskagraphicdesigner.com\\\/index.php\\\/politique-de-confidentialite\\\/#breadcrumb\"},\"inLanguage\":\"fr-FR\",\"potentialAction\":[{\"@type\":\"ReadAction\",\"target\":[\"https:\\\/\\\/www.neskagraphicdesigner.com\\\/index.php\\\/politique-de-confidentialite\\\/\"]}]},{\"@type\":\"BreadcrumbList\",\"@id\":\"https:\\\/\\\/www.neskagraphicdesigner.com\\\/index.php\\\/politique-de-confidentialite\\\/#breadcrumb\",\"itemListElement\":[{\"@type\":\"ListItem\",\"position\":1,\"name\":\"Accueil\",\"item\":\"https:\\\/\\\/www.neskagraphicdesigner.com\\\/\"},{\"@type\":\"ListItem\",\"position\":2,\"name\":\"Politique de confidentialit\u00e9\"}]},{\"@type\":\"WebSite\",\"@id\":\"https:\\\/\\\/www.neskagraphicdesigner.com\\\/#website\",\"url\":\"https:\\\/\\\/www.neskagraphicdesigner.com\\\/\",\"name\":\"Neska Graphic Designer\",\"description\":\"Cr\u00e9ations puissantes pour marques audacieuses\",\"publisher\":{\"@id\":\"https:\\\/\\\/www.neskagraphicdesigner.com\\\/#organization\"},\"potentialAction\":[{\"@type\":\"SearchAction\",\"target\":{\"@type\":\"EntryPoint\",\"urlTemplate\":\"https:\\\/\\\/www.neskagraphicdesigner.com\\\/?s={search_term_string}\"},\"query-input\":{\"@type\":\"PropertyValueSpecification\",\"valueRequired\":true,\"valueName\":\"search_term_string\"}}],\"inLanguage\":\"fr-FR\"},{\"@type\":\"Organization\",\"@id\":\"https:\\\/\\\/www.neskagraphicdesigner.com\\\/#organization\",\"name\":\"Neska Graphic Designer\",\"url\":\"https:\\\/\\\/www.neskagraphicdesigner.com\\\/\",\"logo\":{\"@type\":\"ImageObject\",\"inLanguage\":\"fr-FR\",\"@id\":\"https:\\\/\\\/www.neskagraphicdesigner.com\\\/#\\\/schema\\\/logo\\\/image\\\/\",\"url\":\"https:\\\/\\\/www.neskagraphicdesigner.com\\\/wp-content\\\/uploads\\\/2025\\\/07\\\/514469777_1430193564887611_8918043362756778719_n.jpg\",\"contentUrl\":\"https:\\\/\\\/www.neskagraphicdesigner.com\\\/wp-content\\\/uploads\\\/2025\\\/07\\\/514469777_1430193564887611_8918043362756778719_n.jpg\",\"width\":800,\"height\":400,\"caption\":\"Neska Graphic Designer\"},\"image\":{\"@id\":\"https:\\\/\\\/www.neskagraphicdesigner.com\\\/#\\\/schema\\\/logo\\\/image\\\/\"}}]}<\/script>\n<!-- \/ Yoast SEO plugin. -->","yoast_head_json":{"title":"Politique de confidentialit\u00e9 - Neska Graphic Designer","robots":{"index":"index","follow":"follow","max-snippet":"max-snippet:-1","max-image-preview":"max-image-preview:large","max-video-preview":"max-video-preview:-1"},"canonical":"https:\/\/www.neskagraphicdesigner.com\/index.php\/politique-de-confidentialite\/","og_locale":"fr_FR","og_type":"article","og_title":"Politique de confidentialit\u00e9 - Neska Graphic Designer","og_description":"Politique de confidentialit\u00e9Derni\u00e8re mise \u00e0 jour : 30 mai 2025Votre confidentialit\u00e9 est une priorit\u00e9 pour Neska Graphic Designer. Cette politique vise \u00e0vous informer de la mani\u00e8re dont vos donn\u00e9es sont collect\u00e9es, utilis\u00e9es et prot\u00e9g\u00e9es. 1. Donn\u00e9es collect\u00e9esNous collectons les donn\u00e9es suivantes : &#8211; Nom, pr\u00e9nom, coordonn\u00e9es (email, t\u00e9l\u00e9phone) Informations professionnelles li\u00e9es \u00e0 votre projet &#8211; [&hellip;]","og_url":"https:\/\/www.neskagraphicdesigner.com\/index.php\/politique-de-confidentialite\/","og_site_name":"Neska Graphic Designer","article_modified_time":"2025-07-12T07:03:03+00:00","twitter_card":"summary_large_image","twitter_misc":{"Dur\u00e9e de lecture estim\u00e9e":"2 minutes"},"schema":{"@context":"https:\/\/schema.org","@graph":[{"@type":"WebPage","@id":"https:\/\/www.neskagraphicdesigner.com\/index.php\/politique-de-confidentialite\/","url":"https:\/\/www.neskagraphicdesigner.com\/index.php\/politique-de-confidentialite\/","name":"Politique de confidentialit\u00e9 - Neska Graphic Designer","isPartOf":{"@id":"https:\/\/www.neskagraphicdesigner.com\/#website"},"datePublished":"2025-07-12T07:00:47+00:00","dateModified":"2025-07-12T07:03:03+00:00","breadcrumb":{"@id":"https:\/\/www.neskagraphicdesigner.com\/index.php\/politique-de-confidentialite\/#breadcrumb"},"inLanguage":"fr-FR","potentialAction":[{"@type":"ReadAction","target":["https:\/\/www.neskagraphicdesigner.com\/index.php\/politique-de-confidentialite\/"]}]},{"@type":"BreadcrumbList","@id":"https:\/\/www.neskagraphicdesigner.com\/index.php\/politique-de-confidentialite\/#breadcrumb","itemListElement":[{"@type":"ListItem","position":1,"name":"Accueil","item":"https:\/\/www.neskagraphicdesigner.com\/"},{"@type":"ListItem","position":2,"name":"Politique de confidentialit\u00e9"}]},{"@type":"WebSite","@id":"https:\/\/www.neskagraphicdesigner.com\/#website","url":"https:\/\/www.neskagraphicdesigner.com\/","name":"Neska Graphic Designer","description":"Cr\u00e9ations puissantes pour marques audacieuses","publisher":{"@id":"https:\/\/www.neskagraphicdesigner.com\/#organization"},"potentialAction":[{"@type":"SearchAction","target":{"@type":"EntryPoint","urlTemplate":"https:\/\/www.neskagraphicdesigner.com\/?s={search_term_string}"},"query-input":{"@type":"PropertyValueSpecification","valueRequired":true,"valueName":"search_term_string"}}],"inLanguage":"fr-FR"},{"@type":"Organization","@id":"https:\/\/www.neskagraphicdesigner.com\/#organization","name":"Neska Graphic Designer","url":"https:\/\/www.neskagraphicdesigner.com\/","logo":{"@type":"ImageObject","inLanguage":"fr-FR","@id":"https:\/\/www.neskagraphicdesigner.com\/#\/schema\/logo\/image\/","url":"https:\/\/www.neskagraphicdesigner.com\/wp-content\/uploads\/2025\/07\/514469777_1430193564887611_8918043362756778719_n.jpg","contentUrl":"https:\/\/www.neskagraphicdesigner.com\/wp-content\/uploads\/2025\/07\/514469777_1430193564887611_8918043362756778719_n.jpg","width":800,"height":400,"caption":"Neska Graphic Designer"},"image":{"@id":"https:\/\/www.neskagraphicdesigner.com\/#\/schema\/logo\/image\/"}}]}},"_links":{"self":[{"href":"https:\/\/www.neskagraphicdesigner.com\/index.php\/wp-json\/wp\/v2\/pages\/1830","targetHints":{"allow":["GET"]}}],"collection":[{"href":"https:\/\/www.neskagraphicdesigner.com\/index.php\/wp-json\/wp\/v2\/pages"}],"about":[{"href":"https:\/\/www.neskagraphicdesigner.com\/index.php\/wp-json\/wp\/v2\/types\/page"}],"author":[{"embeddable":true,"href":"https:\/\/www.neskagraphicdesigner.com\/index.php\/wp-json\/wp\/v2\/users\/1"}],"replies":[{"embeddable":true,"href":"https:\/\/www.neskagraphicdesigner.com\/index.php\/wp-json\/wp\/v2\/comments?post=1830"}],"version-history":[{"count":7,"href":"https:\/\/www.neskagraphicdesigner.com\/index.php\/wp-json\/wp\/v2\/pages\/1830\/revisions"}],"predecessor-version":[{"id":1837,"href":"https:\/\/www.neskagraphicdesigner.com\/index.php\/wp-json\/wp\/v2\/pages\/1830\/revisions\/1837"}],"wp:attachment":[{"href":"https:\/\/www.neskagraphicdesigner.com\/index.php\/wp-json\/wp\/v2\/media?parent=1830"}],"curies":[{"name":"wp","href":"https:\/\/api.w.org\/{rel}","templated":true}]}}